{"id":4962,"date":"2023-10-29T14:11:28","date_gmt":"2023-10-29T13:11:28","guid":{"rendered":"https:\/\/foreldreutvalgene.no\/fug\/?post_type=note&#038;p=4962"},"modified":"2025-05-13T09:26:13","modified_gmt":"2025-05-13T07:26:13","slug":"laeringsanalyse","status":"publish","type":"note","link":"https:\/\/foreldreutvalgene.no\/fug\/notater\/laeringsanalyse\/","title":{"rendered":"L\u00e6ringsanalyse"},"content":{"rendered":"\n<figure class=\"wp-block-image size-large is-resized is-style-rounded\"><img loading=\"lazy\" decoding=\"async\" width=\"1024\" height=\"682\" src=\"https:\/\/foreldreutvalgene.no\/fug\/wp-content\/uploads\/sites\/3\/2021\/06\/fug-glade-ungdom-inne-1024x682.jpg\" alt=\"\" class=\"wp-image-613\" style=\"width:744px;height:495px\" srcset=\"https:\/\/foreldreutvalgene.no\/fug\/wp-content\/uploads\/sites\/3\/2021\/06\/fug-glade-ungdom-inne-1024x682.jpg 1024w, https:\/\/foreldreutvalgene.no\/fug\/wp-content\/uploads\/sites\/3\/2021\/06\/fug-glade-ungdom-inne-300x200.jpg 300w, https:\/\/foreldreutvalgene.no\/fug\/wp-content\/uploads\/sites\/3\/2021\/06\/fug-glade-ungdom-inne-768x512.jpg 768w, https:\/\/foreldreutvalgene.no\/fug\/wp-content\/uploads\/sites\/3\/2021\/06\/fug-glade-ungdom-inne-1536x1024.jpg 1536w, https:\/\/foreldreutvalgene.no\/fug\/wp-content\/uploads\/sites\/3\/2021\/06\/fug-glade-ungdom-inne-620x413.jpg 620w, https:\/\/foreldreutvalgene.no\/fug\/wp-content\/uploads\/sites\/3\/2021\/06\/fug-glade-ungdom-inne-120x80.jpg 120w, https:\/\/foreldreutvalgene.no\/fug\/wp-content\/uploads\/sites\/3\/2021\/06\/fug-glade-ungdom-inne-320x213.jpg 320w, https:\/\/foreldreutvalgene.no\/fug\/wp-content\/uploads\/sites\/3\/2021\/06\/fug-glade-ungdom-inne-1440x960.jpg 1440w, https:\/\/foreldreutvalgene.no\/fug\/wp-content\/uploads\/sites\/3\/2021\/06\/fug-glade-ungdom-inne.jpg 1862w\" sizes=\"auto, (max-width: 1024px) 100vw, 1024px\" \/><\/figure>\n\n\n\n<p>Biletet syner ei ung jente som sit i eit klasserom med ei datamaskin framfor seg.<\/p>\n\n\n\n<p><strong>Rapporten fr\u00e5 ei regjeringsoppnemd ekspertgruppe, sett til \u00e5 utgreie grunnlaget for bruka av elev- og studentdata for \u00e5 fremje l\u00e6ring, blei overrekt til kunnskapsminister Tonje Brenna den 6. juni 2023. Ekspertgruppa blei stifta 10. september 2021.<\/strong> <strong>Rapporten blei lagt ut p\u00e5 h\u00f8yring.<\/strong><\/p>\n\n\n\n<p>FUG har gjeve svar p\u00e5 h\u00f8yringa. H\u00f8yringsfrista gjekk ut 29. oktober.<\/p>\n\n\n\n<p><a href=\"https:\/\/laringsanalyse.no\/nyheter\/lenke-til-nou-202319-laering-hvor-ble-det-av-deg-i-alt-mylderet-bruk-av-elev-og-studentdata-for-a-fremme-laering\/\">Heile rapporten kan du lese p\u00e5 denne sida.<\/a><\/p>\n\n\n\n<h2 class=\"wp-block-heading\" id=\"h-ikkje-eit-sporsmal-om-anten-eller\">Ikkje eit sp\u00f8rsm\u00e5l om anten, eller<\/h2>\n\n\n\n<p>Ekspertgruppa syner at digital l\u00e6ringsanalyse kan v\u00e6re eit nyttig bidrag inn i den norske skolen. Det er ein f\u00f8resetnad at ein tek det i bruk med sterkt medvit om kva rammene for bruka er. FUG er opptekne av at ein av desse f\u00f8resetnadane er at ein legg godt til rette for at elevar og foreldre blir involverte i prosessane kring innf\u00f8ringa og bruka av teknologi for digital l\u00e6ringsanalyse i skolane. D\u00e5 er det ikkje eit sp\u00f8rsm\u00e5l om ein skal eller ikkje skal nytte l\u00e6ringsanalyse, men korleis.<\/p>\n\n\n\n<p><a href=\"https:\/\/foreldreutvalgene.no\/fug\/notater\/digital-laeringsanalyse\/\">FUG har \u00f2g f\u00e5tt h\u00f8ve til \u00e5 gje innspel direkte til ekspertgruppa tidlegare i prosessen. Her kan du sj\u00e5 kva FUG hadde \u00e5 seie d\u00e5.<\/a><\/p>\n\n\n\n<p>Heile h\u00f8yringssvaret til FUG kan du laste ned nedst p\u00e5 sida.<\/p>\n","protected":false},"author":9,"template":"","notecategory":[32],"class_list":["post-4962","note","type-note","status-publish","hentry","notecategory-hoeringsinnspill"],"acf":[],"yoast_head":"<!-- This site is optimized with the Yoast SEO Premium plugin v27.4 (Yoast SEO v27.4) - https:\/\/yoast.com\/product\/yoast-seo-premium-wordpress\/ -->\n<title>L\u00e6ringsanalyse - Foreldreutvalget for grunnoppl\u00e6ringen<\/title>\n<meta name=\"description\" content=\"FUG meiner det er viktig med samarbeid mellom skolar, l\u00e6rarar, elever og foreldre ved innf\u00f8ring av l\u00e6ringsanalyseverkt\u00f8y.\" \/>\n<meta name=\"robots\" content=\"index, follow, max-snippet:-1, max-image-preview:large, max-video-preview:-1\" \/>\n<link rel=\"canonical\" href=\"https:\/\/foreldreutvalgene.no\/fug\/notater\/laeringsanalyse\/\" \/>\n<meta property=\"og:locale\" content=\"nb_NO\" \/>\n<meta property=\"og:type\" content=\"article\" \/>\n<meta property=\"og:title\" content=\"L\u00e6ringsanalyse\" \/>\n<meta property=\"og:description\" content=\"FUG meiner det er viktig med samarbeid mellom skolar, l\u00e6rarar, elever og foreldre ved innf\u00f8ring av l\u00e6ringsanalyseverkt\u00f8y.\" \/>\n<meta property=\"og:url\" content=\"https:\/\/foreldreutvalgene.no\/fug\/notater\/laeringsanalyse\/\" \/>\n<meta property=\"og:site_name\" content=\"Foreldreutvalget for grunnoppl\u00e6ringen\" \/>\n<meta property=\"article:modified_time\" content=\"2025-05-13T07:26:13+00:00\" \/>\n<meta property=\"og:image\" content=\"https:\/\/foreldreutvalgene.no\/fug\/wp-content\/uploads\/sites\/3\/2021\/06\/fug-glade-ungdom-inne-1024x682.jpg\" \/>\n<meta name=\"twitter:card\" content=\"summary_large_image\" \/>\n<meta name=\"twitter:label1\" content=\"Ansl. lesetid\" \/>\n\t<meta name=\"twitter:data1\" content=\"2 minutter\" \/>\n<script type=\"application\/ld+json\" class=\"yoast-schema-graph\">{\"@context\":\"https:\\\/\\\/schema.org\",\"@graph\":[{\"@type\":\"WebPage\",\"@id\":\"https:\\\/\\\/foreldreutvalgene.no\\\/fug\\\/notater\\\/laeringsanalyse\\\/\",\"url\":\"https:\\\/\\\/foreldreutvalgene.no\\\/fug\\\/notater\\\/laeringsanalyse\\\/\",\"name\":\"L\u00e6ringsanalyse - Foreldreutvalget for grunnoppl\u00e6ringen\",\"isPartOf\":{\"@id\":\"https:\\\/\\\/foreldreutvalgene.no\\\/fug\\\/#website\"},\"primaryImageOfPage\":{\"@id\":\"https:\\\/\\\/foreldreutvalgene.no\\\/fug\\\/notater\\\/laeringsanalyse\\\/#primaryimage\"},\"image\":{\"@id\":\"https:\\\/\\\/foreldreutvalgene.no\\\/fug\\\/notater\\\/laeringsanalyse\\\/#primaryimage\"},\"thumbnailUrl\":\"https:\\\/\\\/foreldreutvalgene.no\\\/fug\\\/wp-content\\\/uploads\\\/sites\\\/3\\\/2021\\\/06\\\/fug-glade-ungdom-inne-1024x682.jpg\",\"datePublished\":\"2023-10-29T13:11:28+00:00\",\"dateModified\":\"2025-05-13T07:26:13+00:00\",\"description\":\"FUG meiner det er viktig med samarbeid mellom skolar, l\u00e6rarar, elever og foreldre ved innf\u00f8ring av l\u00e6ringsanalyseverkt\u00f8y.\",\"breadcrumb\":{\"@id\":\"https:\\\/\\\/foreldreutvalgene.no\\\/fug\\\/notater\\\/laeringsanalyse\\\/#breadcrumb\"},\"inLanguage\":\"nb-NO\",\"potentialAction\":[{\"@type\":\"ReadAction\",\"target\":[\"https:\\\/\\\/foreldreutvalgene.no\\\/fug\\\/notater\\\/laeringsanalyse\\\/\"]}]},{\"@type\":\"ImageObject\",\"inLanguage\":\"nb-NO\",\"@id\":\"https:\\\/\\\/foreldreutvalgene.no\\\/fug\\\/notater\\\/laeringsanalyse\\\/#primaryimage\",\"url\":\"https:\\\/\\\/foreldreutvalgene.no\\\/fug\\\/wp-content\\\/uploads\\\/sites\\\/3\\\/2021\\\/06\\\/fug-glade-ungdom-inne.jpg\",\"contentUrl\":\"https:\\\/\\\/foreldreutvalgene.no\\\/fug\\\/wp-content\\\/uploads\\\/sites\\\/3\\\/2021\\\/06\\\/fug-glade-ungdom-inne.jpg\",\"width\":1862,\"height\":1241},{\"@type\":\"BreadcrumbList\",\"@id\":\"https:\\\/\\\/foreldreutvalgene.no\\\/fug\\\/notater\\\/laeringsanalyse\\\/#breadcrumb\",\"itemListElement\":[{\"@type\":\"ListItem\",\"position\":1,\"name\":\"Home\",\"item\":\"https:\\\/\\\/foreldreutvalgene.no\\\/fug\\\/\"},{\"@type\":\"ListItem\",\"position\":2,\"name\":\"Notater\",\"item\":\"https:\\\/\\\/foreldreutvalgene.no\\\/fug\\\/notater\\\/\"},{\"@type\":\"ListItem\",\"position\":3,\"name\":\"L\u00e6ringsanalyse\"}]},{\"@type\":\"WebSite\",\"@id\":\"https:\\\/\\\/foreldreutvalgene.no\\\/fug\\\/#website\",\"url\":\"https:\\\/\\\/foreldreutvalgene.no\\\/fug\\\/\",\"name\":\"Foreldreutvalget for grunnoppl\u00e6ringen\",\"description\":\"\",\"publisher\":{\"@id\":\"https:\\\/\\\/foreldreutvalgene.no\\\/fug\\\/#organization\"},\"potentialAction\":[{\"@type\":\"SearchAction\",\"target\":{\"@type\":\"EntryPoint\",\"urlTemplate\":\"https:\\\/\\\/foreldreutvalgene.no\\\/fug\\\/?s={search_term_string}\"},\"query-input\":{\"@type\":\"PropertyValueSpecification\",\"valueRequired\":true,\"valueName\":\"search_term_string\"}}],\"inLanguage\":\"nb-NO\"},{\"@type\":\"Organization\",\"@id\":\"https:\\\/\\\/foreldreutvalgene.no\\\/fug\\\/#organization\",\"name\":\"Foreldreutvalget for grunnoppl\u00e6ringen\",\"url\":\"https:\\\/\\\/foreldreutvalgene.no\\\/fug\\\/\",\"logo\":{\"@type\":\"ImageObject\",\"inLanguage\":\"nb-NO\",\"@id\":\"https:\\\/\\\/foreldreutvalgene.no\\\/fug\\\/#\\\/schema\\\/logo\\\/image\\\/\",\"url\":\"https:\\\/\\\/foreldreutvalgene.no\\\/fug\\\/wp-content\\\/uploads\\\/sites\\\/3\\\/2021\\\/06\\\/footer-logo-fug-outlined.svg\",\"contentUrl\":\"https:\\\/\\\/foreldreutvalgene.no\\\/fug\\\/wp-content\\\/uploads\\\/sites\\\/3\\\/2021\\\/06\\\/footer-logo-fug-outlined.svg\",\"width\":310,\"height\":73,\"caption\":\"Foreldreutvalget for grunnoppl\u00e6ringen\"},\"image\":{\"@id\":\"https:\\\/\\\/foreldreutvalgene.no\\\/fug\\\/#\\\/schema\\\/logo\\\/image\\\/\"}}]}<\/script>\n<!-- \/ Yoast SEO Premium plugin. -->","yoast_head_json":{"title":"L\u00e6ringsanalyse - Foreldreutvalget for grunnoppl\u00e6ringen","description":"FUG meiner det er viktig med samarbeid mellom skolar, l\u00e6rarar, elever og foreldre ved innf\u00f8ring av l\u00e6ringsanalyseverkt\u00f8y.","robots":{"index":"index","follow":"follow","max-snippet":"max-snippet:-1","max-image-preview":"max-image-preview:large","max-video-preview":"max-video-preview:-1"},"canonical":"https:\/\/foreldreutvalgene.no\/fug\/notater\/laeringsanalyse\/","og_locale":"nb_NO","og_type":"article","og_title":"L\u00e6ringsanalyse","og_description":"FUG meiner det er viktig med samarbeid mellom skolar, l\u00e6rarar, elever og foreldre ved innf\u00f8ring av l\u00e6ringsanalyseverkt\u00f8y.","og_url":"https:\/\/foreldreutvalgene.no\/fug\/notater\/laeringsanalyse\/","og_site_name":"Foreldreutvalget for grunnoppl\u00e6ringen","article_modified_time":"2025-05-13T07:26:13+00:00","og_image":[{"url":"https:\/\/foreldreutvalgene.no\/fug\/wp-content\/uploads\/sites\/3\/2021\/06\/fug-glade-ungdom-inne-1024x682.jpg","type":"","width":"","height":""}],"twitter_card":"summary_large_image","twitter_misc":{"Ansl. lesetid":"2 minutter"},"schema":{"@context":"https:\/\/schema.org","@graph":[{"@type":"WebPage","@id":"https:\/\/foreldreutvalgene.no\/fug\/notater\/laeringsanalyse\/","url":"https:\/\/foreldreutvalgene.no\/fug\/notater\/laeringsanalyse\/","name":"L\u00e6ringsanalyse - Foreldreutvalget for grunnoppl\u00e6ringen","isPartOf":{"@id":"https:\/\/foreldreutvalgene.no\/fug\/#website"},"primaryImageOfPage":{"@id":"https:\/\/foreldreutvalgene.no\/fug\/notater\/laeringsanalyse\/#primaryimage"},"image":{"@id":"https:\/\/foreldreutvalgene.no\/fug\/notater\/laeringsanalyse\/#primaryimage"},"thumbnailUrl":"https:\/\/foreldreutvalgene.no\/fug\/wp-content\/uploads\/sites\/3\/2021\/06\/fug-glade-ungdom-inne-1024x682.jpg","datePublished":"2023-10-29T13:11:28+00:00","dateModified":"2025-05-13T07:26:13+00:00","description":"FUG meiner det er viktig med samarbeid mellom skolar, l\u00e6rarar, elever og foreldre ved innf\u00f8ring av l\u00e6ringsanalyseverkt\u00f8y.","breadcrumb":{"@id":"https:\/\/foreldreutvalgene.no\/fug\/notater\/laeringsanalyse\/#breadcrumb"},"inLanguage":"nb-NO","potentialAction":[{"@type":"ReadAction","target":["https:\/\/foreldreutvalgene.no\/fug\/notater\/laeringsanalyse\/"]}]},{"@type":"ImageObject","inLanguage":"nb-NO","@id":"https:\/\/foreldreutvalgene.no\/fug\/notater\/laeringsanalyse\/#primaryimage","url":"https:\/\/foreldreutvalgene.no\/fug\/wp-content\/uploads\/sites\/3\/2021\/06\/fug-glade-ungdom-inne.jpg","contentUrl":"https:\/\/foreldreutvalgene.no\/fug\/wp-content\/uploads\/sites\/3\/2021\/06\/fug-glade-ungdom-inne.jpg","width":1862,"height":1241},{"@type":"BreadcrumbList","@id":"https:\/\/foreldreutvalgene.no\/fug\/notater\/laeringsanalyse\/#breadcrumb","itemListElement":[{"@type":"ListItem","position":1,"name":"Home","item":"https:\/\/foreldreutvalgene.no\/fug\/"},{"@type":"ListItem","position":2,"name":"Notater","item":"https:\/\/foreldreutvalgene.no\/fug\/notater\/"},{"@type":"ListItem","position":3,"name":"L\u00e6ringsanalyse"}]},{"@type":"WebSite","@id":"https:\/\/foreldreutvalgene.no\/fug\/#website","url":"https:\/\/foreldreutvalgene.no\/fug\/","name":"Foreldreutvalget for grunnoppl\u00e6ringen","description":"","publisher":{"@id":"https:\/\/foreldreutvalgene.no\/fug\/#organization"},"potentialAction":[{"@type":"SearchAction","target":{"@type":"EntryPoint","urlTemplate":"https:\/\/foreldreutvalgene.no\/fug\/?s={search_term_string}"},"query-input":{"@type":"PropertyValueSpecification","valueRequired":true,"valueName":"search_term_string"}}],"inLanguage":"nb-NO"},{"@type":"Organization","@id":"https:\/\/foreldreutvalgene.no\/fug\/#organization","name":"Foreldreutvalget for grunnoppl\u00e6ringen","url":"https:\/\/foreldreutvalgene.no\/fug\/","logo":{"@type":"ImageObject","inLanguage":"nb-NO","@id":"https:\/\/foreldreutvalgene.no\/fug\/#\/schema\/logo\/image\/","url":"https:\/\/foreldreutvalgene.no\/fug\/wp-content\/uploads\/sites\/3\/2021\/06\/footer-logo-fug-outlined.svg","contentUrl":"https:\/\/foreldreutvalgene.no\/fug\/wp-content\/uploads\/sites\/3\/2021\/06\/footer-logo-fug-outlined.svg","width":310,"height":73,"caption":"Foreldreutvalget for grunnoppl\u00e6ringen"},"image":{"@id":"https:\/\/foreldreutvalgene.no\/fug\/#\/schema\/logo\/image\/"}}]}},"_links":{"self":[{"href":"https:\/\/foreldreutvalgene.no\/fug\/wp-json\/wp\/v2\/note\/4962","targetHints":{"allow":["GET"]}}],"collection":[{"href":"https:\/\/foreldreutvalgene.no\/fug\/wp-json\/wp\/v2\/note"}],"about":[{"href":"https:\/\/foreldreutvalgene.no\/fug\/wp-json\/wp\/v2\/types\/note"}],"author":[{"embeddable":true,"href":"https:\/\/foreldreutvalgene.no\/fug\/wp-json\/wp\/v2\/users\/9"}],"version-history":[{"count":4,"href":"https:\/\/foreldreutvalgene.no\/fug\/wp-json\/wp\/v2\/note\/4962\/revisions"}],"predecessor-version":[{"id":11980,"href":"https:\/\/foreldreutvalgene.no\/fug\/wp-json\/wp\/v2\/note\/4962\/revisions\/11980"}],"wp:attachment":[{"href":"https:\/\/foreldreutvalgene.no\/fug\/wp-json\/wp\/v2\/media?parent=4962"}],"wp:term":[{"taxonomy":"notecategory","embeddable":true,"href":"https:\/\/foreldreutvalgene.no\/fug\/wp-json\/wp\/v2\/notecategory?post=4962"}],"curies":[{"name":"wp","href":"https:\/\/api.w.org\/{rel}","templated":true}]}}