{"id":4335,"date":"2023-04-27T10:28:37","date_gmt":"2023-04-27T08:28:37","guid":{"rendered":"https:\/\/foreldreutvalgene.no\/fug\/?post_type=note&#038;p=4335"},"modified":"2025-05-13T09:14:06","modified_gmt":"2025-05-13T07:14:06","slug":"komitehoyring-ny-folkehelsemelding","status":"publish","type":"note","link":"https:\/\/foreldreutvalgene.no\/fug\/notater\/komitehoyring-ny-folkehelsemelding\/","title":{"rendered":"Komit\u00e9h\u00f8yring &#8211; ny folkehelsemelding"},"content":{"rendered":"\n<figure class=\"wp-block-image size-large is-style-rounded\"><img loading=\"lazy\" decoding=\"async\" width=\"1024\" height=\"683\" src=\"https:\/\/foreldreutvalgene.no\/fug\/wp-content\/uploads\/sites\/3\/2021\/12\/klasserom-1024x683.jpg\" alt=\"Norsk klasserom, covid-smitte, lufting\" class=\"wp-image-2065\" srcset=\"https:\/\/foreldreutvalgene.no\/fug\/wp-content\/uploads\/sites\/3\/2021\/12\/klasserom-1024x683.jpg 1024w, https:\/\/foreldreutvalgene.no\/fug\/wp-content\/uploads\/sites\/3\/2021\/12\/klasserom-300x200.jpg 300w, https:\/\/foreldreutvalgene.no\/fug\/wp-content\/uploads\/sites\/3\/2021\/12\/klasserom-768x512.jpg 768w, https:\/\/foreldreutvalgene.no\/fug\/wp-content\/uploads\/sites\/3\/2021\/12\/klasserom-1536x1024.jpg 1536w, https:\/\/foreldreutvalgene.no\/fug\/wp-content\/uploads\/sites\/3\/2021\/12\/klasserom-620x413.jpg 620w, https:\/\/foreldreutvalgene.no\/fug\/wp-content\/uploads\/sites\/3\/2021\/12\/klasserom-120x80.jpg 120w, https:\/\/foreldreutvalgene.no\/fug\/wp-content\/uploads\/sites\/3\/2021\/12\/klasserom-320x213.jpg 320w, https:\/\/foreldreutvalgene.no\/fug\/wp-content\/uploads\/sites\/3\/2021\/12\/klasserom-1440x960.jpg 1440w, https:\/\/foreldreutvalgene.no\/fug\/wp-content\/uploads\/sites\/3\/2021\/12\/klasserom.jpg 1920w\" sizes=\"auto, (max-width: 1024px) 100vw, 1024px\" \/><figcaption class=\"wp-element-caption\">Biletet syner eit klasserom<\/figcaption><\/figure>\n\n\n\n<p><strong>Den 25. april heldt Helse- og omsorgskomit\u00e9en p\u00e5 Stortinget open h\u00f8yring knytt til den neste folkehelsemeldinga. FUG hadde ikkje h\u00f8ve til \u00e5 m\u00f8te denne dagen, men vi stod saman med Norsk Forum for betre innemilj\u00f8 for barn (NFBIB) som heldt innlegget og Elevorganisasjonen (EO) om eit felles innspel.<\/strong><\/p>\n\n\n\n<p>FUG har hatt eit tett samarbeid med NFBIB gjennom fleire \u00e5r. Den siste tida har vi saman engasjert oss for \u00e5 peike p\u00e5 kor viktig det er at ein f\u00e5r eit uavhengig tilsyn som skal se til at kommunane fylgjer krava i forskrift om milj\u00f8retta helsevern i skolar og barnehagar. I dag er det slik at dette tilsynsansvaret ligg p\u00e5 kommunane sj\u00f8lv. Situasjonen ute p\u00e5 norske skolar &#8211; 4 av 10 skolar tilfredsstiller ikkje krava til inneklima i forskrifta &#8211; syner at tilsynsordninga ikkje er god nok. <a href=\"https:\/\/www.helsetilsynet.no\/publikasjoner\/rapport-fra-helsetilsynet\/2020\/barns-helse-er-folkehelse\/\">Dette er det \u00f2g peika p\u00e5 i ein rapport fr\u00e5 helsedirektoratet med tittelen: &laquo;Barns helse er folkehelse. <\/a>Barnas arbeidsmilj\u00f8 sikres ikke gjennom kommunenes tilsyn&raquo;<\/p>\n\n\n\n<p><a href=\"https:\/\/www.regjeringen.no\/no\/dokumenter\/innspill-til-neste-folkehelsemelding\/id2902781\/?uid=297bb30a-76b4-4c18-be61-7f418fec934f\">FUG har tidlegare sendt skriftleg innspel til arbeidet med folkehelsemeldinga.<\/a><\/p>\n\n\n\n<p><a href=\"https:\/\/www.stortinget.no\/no\/Hva-skjer-pa-Stortinget\/videoarkiv\/Arkiv-TV-sendinger\/?h=10004830&amp;dateid=10005122&amp;msid=119\">P\u00e5 denne sida kan du sj\u00e5 kva Marianne Bjerke og Jan Vilhelm Bakke fr\u00e5 NFBIB sa i h\u00f8yringa<\/a>. Innlegget startar 14 minutt og 40 sekund ut i opptaket.<\/p>\n\n\n\n<h2 class=\"wp-block-heading\" id=\"h-bukken-og-havresekken\">Bukken og havresekken<\/h2>\n\n\n\n<p>I innlegget som er st\u00f8tta av b\u00e5de FUG og EO, peika Bjerke og Bakke p\u00e5 at grunnlaget for god folkehelse leggjast i barne\u00e5ra. D\u00e5 er eit godt inneklima i skolane sv\u00e6rt viktig. S\u00e6rleg to ting m\u00e5 vere p\u00e5 plass for \u00e5 f\u00e5 til dette. Det eine er at kommunestyra m\u00e5 vedta forpliktande vedlikehaldsplanar. Det andre er at det m\u00e5 etablerast eit uavhengig tilsyn. Systemet slik det er i dag, minner mange stader om ei ny forteljing om bukken som vart sett til \u00e5 passe p\u00e5 havresekken.<\/p>\n","protected":false},"author":9,"template":"","notecategory":[32],"class_list":["post-4335","note","type-note","status-publish","hentry","notecategory-hoeringsinnspill"],"acf":[],"yoast_head":"<!-- This site is optimized with the Yoast SEO Premium plugin v27.4 (Yoast SEO v27.4) - https:\/\/yoast.com\/product\/yoast-seo-premium-wordpress\/ -->\n<title>Komit\u00e9h\u00f8yring - ny folkehelsemelding - Foreldreutvalget for grunnoppl\u00e6ringen<\/title>\n<meta name=\"description\" content=\"FUG st\u00e5r saman med NFBIB og EO om kravet om ei ny og uavhengig tilsynsordning i forskrifta om milj\u00f8retta helsevern i barnehagar og skolar.\" \/>\n<meta name=\"robots\" content=\"index, follow, max-snippet:-1, max-image-preview:large, max-video-preview:-1\" \/>\n<link rel=\"canonical\" href=\"https:\/\/foreldreutvalgene.no\/fug\/notater\/komitehoyring-ny-folkehelsemelding\/\" \/>\n<meta property=\"og:locale\" content=\"nb_NO\" \/>\n<meta property=\"og:type\" content=\"article\" \/>\n<meta property=\"og:title\" content=\"Komit\u00e9h\u00f8yring - ny folkehelsemelding\" \/>\n<meta property=\"og:description\" content=\"FUG st\u00e5r saman med NFBIB og EO om kravet om ei ny og uavhengig tilsynsordning i forskrifta om milj\u00f8retta helsevern i barnehagar og skolar.\" \/>\n<meta property=\"og:url\" content=\"https:\/\/foreldreutvalgene.no\/fug\/notater\/komitehoyring-ny-folkehelsemelding\/\" \/>\n<meta property=\"og:site_name\" content=\"Foreldreutvalget for grunnoppl\u00e6ringen\" \/>\n<meta property=\"article:modified_time\" content=\"2025-05-13T07:14:06+00:00\" \/>\n<meta property=\"og:image\" content=\"https:\/\/foreldreutvalgene.no\/fug\/wp-content\/uploads\/sites\/3\/2021\/12\/klasserom-1024x683.jpg\" \/>\n<meta name=\"twitter:card\" content=\"summary_large_image\" \/>\n<meta name=\"twitter:label1\" content=\"Ansl. lesetid\" \/>\n\t<meta name=\"twitter:data1\" content=\"2 minutter\" \/>\n<script type=\"application\/ld+json\" class=\"yoast-schema-graph\">{\"@context\":\"https:\\\/\\\/schema.org\",\"@graph\":[{\"@type\":\"WebPage\",\"@id\":\"https:\\\/\\\/foreldreutvalgene.no\\\/fug\\\/notater\\\/komitehoyring-ny-folkehelsemelding\\\/\",\"url\":\"https:\\\/\\\/foreldreutvalgene.no\\\/fug\\\/notater\\\/komitehoyring-ny-folkehelsemelding\\\/\",\"name\":\"Komit\u00e9h\u00f8yring - ny folkehelsemelding - Foreldreutvalget for grunnoppl\u00e6ringen\",\"isPartOf\":{\"@id\":\"https:\\\/\\\/foreldreutvalgene.no\\\/fug\\\/#website\"},\"primaryImageOfPage\":{\"@id\":\"https:\\\/\\\/foreldreutvalgene.no\\\/fug\\\/notater\\\/komitehoyring-ny-folkehelsemelding\\\/#primaryimage\"},\"image\":{\"@id\":\"https:\\\/\\\/foreldreutvalgene.no\\\/fug\\\/notater\\\/komitehoyring-ny-folkehelsemelding\\\/#primaryimage\"},\"thumbnailUrl\":\"https:\\\/\\\/foreldreutvalgene.no\\\/fug\\\/wp-content\\\/uploads\\\/sites\\\/3\\\/2021\\\/12\\\/klasserom-1024x683.jpg\",\"datePublished\":\"2023-04-27T08:28:37+00:00\",\"dateModified\":\"2025-05-13T07:14:06+00:00\",\"description\":\"FUG st\u00e5r saman med NFBIB og EO om kravet om ei ny og uavhengig tilsynsordning i forskrifta om milj\u00f8retta helsevern i barnehagar og skolar.\",\"breadcrumb\":{\"@id\":\"https:\\\/\\\/foreldreutvalgene.no\\\/fug\\\/notater\\\/komitehoyring-ny-folkehelsemelding\\\/#breadcrumb\"},\"inLanguage\":\"nb-NO\",\"potentialAction\":[{\"@type\":\"ReadAction\",\"target\":[\"https:\\\/\\\/foreldreutvalgene.no\\\/fug\\\/notater\\\/komitehoyring-ny-folkehelsemelding\\\/\"]}]},{\"@type\":\"ImageObject\",\"inLanguage\":\"nb-NO\",\"@id\":\"https:\\\/\\\/foreldreutvalgene.no\\\/fug\\\/notater\\\/komitehoyring-ny-folkehelsemelding\\\/#primaryimage\",\"url\":\"https:\\\/\\\/foreldreutvalgene.no\\\/fug\\\/wp-content\\\/uploads\\\/sites\\\/3\\\/2021\\\/12\\\/klasserom.jpg\",\"contentUrl\":\"https:\\\/\\\/foreldreutvalgene.no\\\/fug\\\/wp-content\\\/uploads\\\/sites\\\/3\\\/2021\\\/12\\\/klasserom.jpg\",\"width\":1920,\"height\":1280,\"caption\":\"Norsk klasserom, covid-smitte, lufting\"},{\"@type\":\"BreadcrumbList\",\"@id\":\"https:\\\/\\\/foreldreutvalgene.no\\\/fug\\\/notater\\\/komitehoyring-ny-folkehelsemelding\\\/#breadcrumb\",\"itemListElement\":[{\"@type\":\"ListItem\",\"position\":1,\"name\":\"Home\",\"item\":\"https:\\\/\\\/foreldreutvalgene.no\\\/fug\\\/\"},{\"@type\":\"ListItem\",\"position\":2,\"name\":\"Notater\",\"item\":\"https:\\\/\\\/foreldreutvalgene.no\\\/fug\\\/notater\\\/\"},{\"@type\":\"ListItem\",\"position\":3,\"name\":\"Komit\u00e9h\u00f8yring &#8211; ny folkehelsemelding\"}]},{\"@type\":\"WebSite\",\"@id\":\"https:\\\/\\\/foreldreutvalgene.no\\\/fug\\\/#website\",\"url\":\"https:\\\/\\\/foreldreutvalgene.no\\\/fug\\\/\",\"name\":\"Foreldreutvalget for grunnoppl\u00e6ringen\",\"description\":\"\",\"publisher\":{\"@id\":\"https:\\\/\\\/foreldreutvalgene.no\\\/fug\\\/#organization\"},\"potentialAction\":[{\"@type\":\"SearchAction\",\"target\":{\"@type\":\"EntryPoint\",\"urlTemplate\":\"https:\\\/\\\/foreldreutvalgene.no\\\/fug\\\/?s={search_term_string}\"},\"query-input\":{\"@type\":\"PropertyValueSpecification\",\"valueRequired\":true,\"valueName\":\"search_term_string\"}}],\"inLanguage\":\"nb-NO\"},{\"@type\":\"Organization\",\"@id\":\"https:\\\/\\\/foreldreutvalgene.no\\\/fug\\\/#organization\",\"name\":\"Foreldreutvalget for grunnoppl\u00e6ringen\",\"url\":\"https:\\\/\\\/foreldreutvalgene.no\\\/fug\\\/\",\"logo\":{\"@type\":\"ImageObject\",\"inLanguage\":\"nb-NO\",\"@id\":\"https:\\\/\\\/foreldreutvalgene.no\\\/fug\\\/#\\\/schema\\\/logo\\\/image\\\/\",\"url\":\"https:\\\/\\\/foreldreutvalgene.no\\\/fug\\\/wp-content\\\/uploads\\\/sites\\\/3\\\/2021\\\/06\\\/footer-logo-fug-outlined.svg\",\"contentUrl\":\"https:\\\/\\\/foreldreutvalgene.no\\\/fug\\\/wp-content\\\/uploads\\\/sites\\\/3\\\/2021\\\/06\\\/footer-logo-fug-outlined.svg\",\"width\":310,\"height\":73,\"caption\":\"Foreldreutvalget for grunnoppl\u00e6ringen\"},\"image\":{\"@id\":\"https:\\\/\\\/foreldreutvalgene.no\\\/fug\\\/#\\\/schema\\\/logo\\\/image\\\/\"}}]}<\/script>\n<!-- \/ Yoast SEO Premium plugin. -->","yoast_head_json":{"title":"Komit\u00e9h\u00f8yring - ny folkehelsemelding - Foreldreutvalget for grunnoppl\u00e6ringen","description":"FUG st\u00e5r saman med NFBIB og EO om kravet om ei ny og uavhengig tilsynsordning i forskrifta om milj\u00f8retta helsevern i barnehagar og skolar.","robots":{"index":"index","follow":"follow","max-snippet":"max-snippet:-1","max-image-preview":"max-image-preview:large","max-video-preview":"max-video-preview:-1"},"canonical":"https:\/\/foreldreutvalgene.no\/fug\/notater\/komitehoyring-ny-folkehelsemelding\/","og_locale":"nb_NO","og_type":"article","og_title":"Komit\u00e9h\u00f8yring - ny folkehelsemelding","og_description":"FUG st\u00e5r saman med NFBIB og EO om kravet om ei ny og uavhengig tilsynsordning i forskrifta om milj\u00f8retta helsevern i barnehagar og skolar.","og_url":"https:\/\/foreldreutvalgene.no\/fug\/notater\/komitehoyring-ny-folkehelsemelding\/","og_site_name":"Foreldreutvalget for grunnoppl\u00e6ringen","article_modified_time":"2025-05-13T07:14:06+00:00","og_image":[{"url":"https:\/\/foreldreutvalgene.no\/fug\/wp-content\/uploads\/sites\/3\/2021\/12\/klasserom-1024x683.jpg","type":"","width":"","height":""}],"twitter_card":"summary_large_image","twitter_misc":{"Ansl. lesetid":"2 minutter"},"schema":{"@context":"https:\/\/schema.org","@graph":[{"@type":"WebPage","@id":"https:\/\/foreldreutvalgene.no\/fug\/notater\/komitehoyring-ny-folkehelsemelding\/","url":"https:\/\/foreldreutvalgene.no\/fug\/notater\/komitehoyring-ny-folkehelsemelding\/","name":"Komit\u00e9h\u00f8yring - ny folkehelsemelding - Foreldreutvalget for grunnoppl\u00e6ringen","isPartOf":{"@id":"https:\/\/foreldreutvalgene.no\/fug\/#website"},"primaryImageOfPage":{"@id":"https:\/\/foreldreutvalgene.no\/fug\/notater\/komitehoyring-ny-folkehelsemelding\/#primaryimage"},"image":{"@id":"https:\/\/foreldreutvalgene.no\/fug\/notater\/komitehoyring-ny-folkehelsemelding\/#primaryimage"},"thumbnailUrl":"https:\/\/foreldreutvalgene.no\/fug\/wp-content\/uploads\/sites\/3\/2021\/12\/klasserom-1024x683.jpg","datePublished":"2023-04-27T08:28:37+00:00","dateModified":"2025-05-13T07:14:06+00:00","description":"FUG st\u00e5r saman med NFBIB og EO om kravet om ei ny og uavhengig tilsynsordning i forskrifta om milj\u00f8retta helsevern i barnehagar og skolar.","breadcrumb":{"@id":"https:\/\/foreldreutvalgene.no\/fug\/notater\/komitehoyring-ny-folkehelsemelding\/#breadcrumb"},"inLanguage":"nb-NO","potentialAction":[{"@type":"ReadAction","target":["https:\/\/foreldreutvalgene.no\/fug\/notater\/komitehoyring-ny-folkehelsemelding\/"]}]},{"@type":"ImageObject","inLanguage":"nb-NO","@id":"https:\/\/foreldreutvalgene.no\/fug\/notater\/komitehoyring-ny-folkehelsemelding\/#primaryimage","url":"https:\/\/foreldreutvalgene.no\/fug\/wp-content\/uploads\/sites\/3\/2021\/12\/klasserom.jpg","contentUrl":"https:\/\/foreldreutvalgene.no\/fug\/wp-content\/uploads\/sites\/3\/2021\/12\/klasserom.jpg","width":1920,"height":1280,"caption":"Norsk klasserom, covid-smitte, lufting"},{"@type":"BreadcrumbList","@id":"https:\/\/foreldreutvalgene.no\/fug\/notater\/komitehoyring-ny-folkehelsemelding\/#breadcrumb","itemListElement":[{"@type":"ListItem","position":1,"name":"Home","item":"https:\/\/foreldreutvalgene.no\/fug\/"},{"@type":"ListItem","position":2,"name":"Notater","item":"https:\/\/foreldreutvalgene.no\/fug\/notater\/"},{"@type":"ListItem","position":3,"name":"Komit\u00e9h\u00f8yring &#8211; ny folkehelsemelding"}]},{"@type":"WebSite","@id":"https:\/\/foreldreutvalgene.no\/fug\/#website","url":"https:\/\/foreldreutvalgene.no\/fug\/","name":"Foreldreutvalget for grunnoppl\u00e6ringen","description":"","publisher":{"@id":"https:\/\/foreldreutvalgene.no\/fug\/#organization"},"potentialAction":[{"@type":"SearchAction","target":{"@type":"EntryPoint","urlTemplate":"https:\/\/foreldreutvalgene.no\/fug\/?s={search_term_string}"},"query-input":{"@type":"PropertyValueSpecification","valueRequired":true,"valueName":"search_term_string"}}],"inLanguage":"nb-NO"},{"@type":"Organization","@id":"https:\/\/foreldreutvalgene.no\/fug\/#organization","name":"Foreldreutvalget for grunnoppl\u00e6ringen","url":"https:\/\/foreldreutvalgene.no\/fug\/","logo":{"@type":"ImageObject","inLanguage":"nb-NO","@id":"https:\/\/foreldreutvalgene.no\/fug\/#\/schema\/logo\/image\/","url":"https:\/\/foreldreutvalgene.no\/fug\/wp-content\/uploads\/sites\/3\/2021\/06\/footer-logo-fug-outlined.svg","contentUrl":"https:\/\/foreldreutvalgene.no\/fug\/wp-content\/uploads\/sites\/3\/2021\/06\/footer-logo-fug-outlined.svg","width":310,"height":73,"caption":"Foreldreutvalget for grunnoppl\u00e6ringen"},"image":{"@id":"https:\/\/foreldreutvalgene.no\/fug\/#\/schema\/logo\/image\/"}}]}},"_links":{"self":[{"href":"https:\/\/foreldreutvalgene.no\/fug\/wp-json\/wp\/v2\/note\/4335","targetHints":{"allow":["GET"]}}],"collection":[{"href":"https:\/\/foreldreutvalgene.no\/fug\/wp-json\/wp\/v2\/note"}],"about":[{"href":"https:\/\/foreldreutvalgene.no\/fug\/wp-json\/wp\/v2\/types\/note"}],"author":[{"embeddable":true,"href":"https:\/\/foreldreutvalgene.no\/fug\/wp-json\/wp\/v2\/users\/9"}],"version-history":[{"count":2,"href":"https:\/\/foreldreutvalgene.no\/fug\/wp-json\/wp\/v2\/note\/4335\/revisions"}],"predecessor-version":[{"id":11974,"href":"https:\/\/foreldreutvalgene.no\/fug\/wp-json\/wp\/v2\/note\/4335\/revisions\/11974"}],"wp:attachment":[{"href":"https:\/\/foreldreutvalgene.no\/fug\/wp-json\/wp\/v2\/media?parent=4335"}],"wp:term":[{"taxonomy":"notecategory","embeddable":true,"href":"https:\/\/foreldreutvalgene.no\/fug\/wp-json\/wp\/v2\/notecategory?post=4335"}],"curies":[{"name":"wp","href":"https:\/\/api.w.org\/{rel}","templated":true}]}}