{"id":4147,"date":"2023-02-28T13:22:23","date_gmt":"2023-02-28T12:22:23","guid":{"rendered":"https:\/\/foreldreutvalgene.no\/fug\/?post_type=note&#038;p=4147"},"modified":"2025-05-13T09:00:13","modified_gmt":"2025-05-13T07:00:13","slug":"karriereutvikling-i-barnehage-og-skole","status":"publish","type":"note","link":"https:\/\/foreldreutvalgene.no\/fug\/notater\/karriereutvikling-i-barnehage-og-skole\/","title":{"rendered":"Karriereutvikling i barnehage og skole"},"content":{"rendered":"\n<figure class=\"wp-block-image size-full is-style-rounded\"><img loading=\"lazy\" decoding=\"async\" width=\"793\" height=\"594\" src=\"https:\/\/foreldreutvalgene.no\/fug\/wp-content\/uploads\/sites\/3\/2023\/02\/bilde-av-Med-videre-betydning.png\" alt=\"\" class=\"wp-image-4148\" srcset=\"https:\/\/foreldreutvalgene.no\/fug\/wp-content\/uploads\/sites\/3\/2023\/02\/bilde-av-Med-videre-betydning.png 793w, https:\/\/foreldreutvalgene.no\/fug\/wp-content\/uploads\/sites\/3\/2023\/02\/bilde-av-Med-videre-betydning-300x225.png 300w, https:\/\/foreldreutvalgene.no\/fug\/wp-content\/uploads\/sites\/3\/2023\/02\/bilde-av-Med-videre-betydning-768x575.png 768w, https:\/\/foreldreutvalgene.no\/fug\/wp-content\/uploads\/sites\/3\/2023\/02\/bilde-av-Med-videre-betydning-620x464.png 620w, https:\/\/foreldreutvalgene.no\/fug\/wp-content\/uploads\/sites\/3\/2023\/02\/bilde-av-Med-videre-betydning-120x90.png 120w, https:\/\/foreldreutvalgene.no\/fug\/wp-content\/uploads\/sites\/3\/2023\/02\/bilde-av-Med-videre-betydning-320x240.png 320w\" sizes=\"auto, (max-width: 793px) 100vw, 793px\" \/><figcaption class=\"wp-element-caption\">Biletet syner eit utsnitt av framsida p\u00e5 NOU 2022: 13<\/figcaption><\/figure>\n\n\n\n<p><strong>I NOU 2022: 13 Med videre betydning har eit utval leia av professor S\u00f8lvi Mausethagen greia ut og kome med forslag til ei heilskapeleg ordning for kompetanse- og karriereutvikling i barnehagar og skolar. FUG har svara p\u00e5 h\u00f8yringa.<\/strong><\/p>\n\n\n\n<p>Utvalet vart nedsett i september 2021 og skulle vurdere og foresl\u00e5 ulike modellar for etter- og vidareutdanning for alle tilsette i barnehage, grunnskole, vidareg\u00e5ande oppl\u00e6ring, kulturskole, oppl\u00e6ring s\u00e6rskilt organisert for vaksne, og i fag- og yrkesoppl\u00e6ringa i b\u00e5de skole og bedrift. M\u00e5let for modellane skal vere \u00e5 bidra til utvikling av god kompetanse hos tilsette i alle barnehagar og skolar for \u00e5 fremje l\u00e6ring og danning hos barn og elevar. Utgreiinga og h\u00f8yringa skal vere eit grunnlag for det vidare arbeidet til departementet med \u00e5 vurdere innretninga av eit framtidig system for etter- og vidareutdanning for alle tilsette i barnehage- og oppl\u00e6ringssektoren, som etter planen skal vere p\u00e5 plass i 2025.<\/p>\n\n\n\n<p><a href=\"http:\/\/chrome-extension:\/\/efaidnbmnnnibpcajpcglclefindmkaj\/https:\/\/www.regjeringen.no\/contentassets\/4845f96e887444c98d7a102f1b00bca1\/no\/pdfs\/nou202220220013000dddpdfs.pdf\">P\u00e5 denne sida finn du heile utgreiinga.<\/a><\/p>\n\n\n\n<h2 class=\"wp-block-heading\" id=\"h-mangelfull-laerarutdanning\">Mangelfull l\u00e6rarutdanning<\/h2>\n\n\n\n<p>FUG er opptekne av at l\u00e6rarutdanninga er mangelfull n\u00e5r det gjeld \u00e5 ruste studentane til m\u00f8tet med samarbeid med foreldra i praksis. Vi trur at l\u00f8ysinga som er sett fram om ei rett til eit introduksjons\u00e5r for nyutdanna l\u00e6rarar vil hjelpe til med \u00e5 tette hola i utdanninga n\u00e5r ferske l\u00e6rarar kjem ut i arbeid.<\/p>\n\n\n\n<p>Du kan laste ned heile h\u00f8yringssvaret nedst p\u00e5 sida.<\/p>\n","protected":false},"author":9,"template":"","notecategory":[32],"class_list":["post-4147","note","type-note","status-publish","hentry","notecategory-hoeringsinnspill"],"acf":[],"yoast_head":"<!-- This site is optimized with the Yoast SEO Premium plugin v27.4 (Yoast SEO v27.4) - https:\/\/yoast.com\/product\/yoast-seo-premium-wordpress\/ -->\n<title>Karriereutvikling i barnehage og skole - Foreldreutvalget for grunnoppl\u00e6ringen<\/title>\n<meta name=\"description\" content=\"FUG er opptekne av at l\u00e6rarutdanninga er mangelfull n\u00e5r det gjeld \u00e5 ruste studentane til m\u00f8tet med samarbeid med foreldra i praksis\" \/>\n<meta name=\"robots\" content=\"index, follow, max-snippet:-1, max-image-preview:large, max-video-preview:-1\" \/>\n<link rel=\"canonical\" href=\"https:\/\/foreldreutvalgene.no\/fug\/notater\/karriereutvikling-i-barnehage-og-skole\/\" \/>\n<meta property=\"og:locale\" content=\"nb_NO\" \/>\n<meta property=\"og:type\" content=\"article\" \/>\n<meta property=\"og:title\" content=\"Karriereutvikling i barnehage og skole\" \/>\n<meta property=\"og:description\" content=\"FUG er opptekne av at l\u00e6rarutdanninga er mangelfull n\u00e5r det gjeld \u00e5 ruste studentane til m\u00f8tet med samarbeid med foreldra i praksis\" \/>\n<meta property=\"og:url\" content=\"https:\/\/foreldreutvalgene.no\/fug\/notater\/karriereutvikling-i-barnehage-og-skole\/\" \/>\n<meta property=\"og:site_name\" content=\"Foreldreutvalget for grunnoppl\u00e6ringen\" \/>\n<meta property=\"article:modified_time\" content=\"2025-05-13T07:00:13+00:00\" \/>\n<meta property=\"og:image\" content=\"https:\/\/foreldreutvalgene.no\/fug\/wp-content\/uploads\/sites\/3\/2023\/02\/bilde-av-Med-videre-betydning.png\" \/>\n<meta name=\"twitter:card\" content=\"summary_large_image\" \/>\n<meta name=\"twitter:label1\" content=\"Ansl. lesetid\" \/>\n\t<meta name=\"twitter:data1\" content=\"2 minutter\" \/>\n<script type=\"application\/ld+json\" class=\"yoast-schema-graph\">{\"@context\":\"https:\\\/\\\/schema.org\",\"@graph\":[{\"@type\":\"WebPage\",\"@id\":\"https:\\\/\\\/foreldreutvalgene.no\\\/fug\\\/notater\\\/karriereutvikling-i-barnehage-og-skole\\\/\",\"url\":\"https:\\\/\\\/foreldreutvalgene.no\\\/fug\\\/notater\\\/karriereutvikling-i-barnehage-og-skole\\\/\",\"name\":\"Karriereutvikling i barnehage og skole - Foreldreutvalget for grunnoppl\u00e6ringen\",\"isPartOf\":{\"@id\":\"https:\\\/\\\/foreldreutvalgene.no\\\/fug\\\/#website\"},\"primaryImageOfPage\":{\"@id\":\"https:\\\/\\\/foreldreutvalgene.no\\\/fug\\\/notater\\\/karriereutvikling-i-barnehage-og-skole\\\/#primaryimage\"},\"image\":{\"@id\":\"https:\\\/\\\/foreldreutvalgene.no\\\/fug\\\/notater\\\/karriereutvikling-i-barnehage-og-skole\\\/#primaryimage\"},\"thumbnailUrl\":\"https:\\\/\\\/foreldreutvalgene.no\\\/fug\\\/wp-content\\\/uploads\\\/sites\\\/3\\\/2023\\\/02\\\/bilde-av-Med-videre-betydning.png\",\"datePublished\":\"2023-02-28T12:22:23+00:00\",\"dateModified\":\"2025-05-13T07:00:13+00:00\",\"description\":\"FUG er opptekne av at l\u00e6rarutdanninga er mangelfull n\u00e5r det gjeld \u00e5 ruste studentane til m\u00f8tet med samarbeid med foreldra i praksis\",\"breadcrumb\":{\"@id\":\"https:\\\/\\\/foreldreutvalgene.no\\\/fug\\\/notater\\\/karriereutvikling-i-barnehage-og-skole\\\/#breadcrumb\"},\"inLanguage\":\"nb-NO\",\"potentialAction\":[{\"@type\":\"ReadAction\",\"target\":[\"https:\\\/\\\/foreldreutvalgene.no\\\/fug\\\/notater\\\/karriereutvikling-i-barnehage-og-skole\\\/\"]}]},{\"@type\":\"ImageObject\",\"inLanguage\":\"nb-NO\",\"@id\":\"https:\\\/\\\/foreldreutvalgene.no\\\/fug\\\/notater\\\/karriereutvikling-i-barnehage-og-skole\\\/#primaryimage\",\"url\":\"https:\\\/\\\/foreldreutvalgene.no\\\/fug\\\/wp-content\\\/uploads\\\/sites\\\/3\\\/2023\\\/02\\\/bilde-av-Med-videre-betydning.png\",\"contentUrl\":\"https:\\\/\\\/foreldreutvalgene.no\\\/fug\\\/wp-content\\\/uploads\\\/sites\\\/3\\\/2023\\\/02\\\/bilde-av-Med-videre-betydning.png\",\"width\":793,\"height\":594},{\"@type\":\"BreadcrumbList\",\"@id\":\"https:\\\/\\\/foreldreutvalgene.no\\\/fug\\\/notater\\\/karriereutvikling-i-barnehage-og-skole\\\/#breadcrumb\",\"itemListElement\":[{\"@type\":\"ListItem\",\"position\":1,\"name\":\"Home\",\"item\":\"https:\\\/\\\/foreldreutvalgene.no\\\/fug\\\/\"},{\"@type\":\"ListItem\",\"position\":2,\"name\":\"Notater\",\"item\":\"https:\\\/\\\/foreldreutvalgene.no\\\/fug\\\/notater\\\/\"},{\"@type\":\"ListItem\",\"position\":3,\"name\":\"Karriereutvikling i barnehage og skole\"}]},{\"@type\":\"WebSite\",\"@id\":\"https:\\\/\\\/foreldreutvalgene.no\\\/fug\\\/#website\",\"url\":\"https:\\\/\\\/foreldreutvalgene.no\\\/fug\\\/\",\"name\":\"Foreldreutvalget for grunnoppl\u00e6ringen\",\"description\":\"\",\"publisher\":{\"@id\":\"https:\\\/\\\/foreldreutvalgene.no\\\/fug\\\/#organization\"},\"potentialAction\":[{\"@type\":\"SearchAction\",\"target\":{\"@type\":\"EntryPoint\",\"urlTemplate\":\"https:\\\/\\\/foreldreutvalgene.no\\\/fug\\\/?s={search_term_string}\"},\"query-input\":{\"@type\":\"PropertyValueSpecification\",\"valueRequired\":true,\"valueName\":\"search_term_string\"}}],\"inLanguage\":\"nb-NO\"},{\"@type\":\"Organization\",\"@id\":\"https:\\\/\\\/foreldreutvalgene.no\\\/fug\\\/#organization\",\"name\":\"Foreldreutvalget for grunnoppl\u00e6ringen\",\"url\":\"https:\\\/\\\/foreldreutvalgene.no\\\/fug\\\/\",\"logo\":{\"@type\":\"ImageObject\",\"inLanguage\":\"nb-NO\",\"@id\":\"https:\\\/\\\/foreldreutvalgene.no\\\/fug\\\/#\\\/schema\\\/logo\\\/image\\\/\",\"url\":\"https:\\\/\\\/foreldreutvalgene.no\\\/fug\\\/wp-content\\\/uploads\\\/sites\\\/3\\\/2021\\\/06\\\/footer-logo-fug-outlined.svg\",\"contentUrl\":\"https:\\\/\\\/foreldreutvalgene.no\\\/fug\\\/wp-content\\\/uploads\\\/sites\\\/3\\\/2021\\\/06\\\/footer-logo-fug-outlined.svg\",\"width\":310,\"height\":73,\"caption\":\"Foreldreutvalget for grunnoppl\u00e6ringen\"},\"image\":{\"@id\":\"https:\\\/\\\/foreldreutvalgene.no\\\/fug\\\/#\\\/schema\\\/logo\\\/image\\\/\"}}]}<\/script>\n<!-- \/ Yoast SEO Premium plugin. -->","yoast_head_json":{"title":"Karriereutvikling i barnehage og skole - Foreldreutvalget for grunnoppl\u00e6ringen","description":"FUG er opptekne av at l\u00e6rarutdanninga er mangelfull n\u00e5r det gjeld \u00e5 ruste studentane til m\u00f8tet med samarbeid med foreldra i praksis","robots":{"index":"index","follow":"follow","max-snippet":"max-snippet:-1","max-image-preview":"max-image-preview:large","max-video-preview":"max-video-preview:-1"},"canonical":"https:\/\/foreldreutvalgene.no\/fug\/notater\/karriereutvikling-i-barnehage-og-skole\/","og_locale":"nb_NO","og_type":"article","og_title":"Karriereutvikling i barnehage og skole","og_description":"FUG er opptekne av at l\u00e6rarutdanninga er mangelfull n\u00e5r det gjeld \u00e5 ruste studentane til m\u00f8tet med samarbeid med foreldra i praksis","og_url":"https:\/\/foreldreutvalgene.no\/fug\/notater\/karriereutvikling-i-barnehage-og-skole\/","og_site_name":"Foreldreutvalget for grunnoppl\u00e6ringen","article_modified_time":"2025-05-13T07:00:13+00:00","og_image":[{"url":"https:\/\/foreldreutvalgene.no\/fug\/wp-content\/uploads\/sites\/3\/2023\/02\/bilde-av-Med-videre-betydning.png","type":"","width":"","height":""}],"twitter_card":"summary_large_image","twitter_misc":{"Ansl. lesetid":"2 minutter"},"schema":{"@context":"https:\/\/schema.org","@graph":[{"@type":"WebPage","@id":"https:\/\/foreldreutvalgene.no\/fug\/notater\/karriereutvikling-i-barnehage-og-skole\/","url":"https:\/\/foreldreutvalgene.no\/fug\/notater\/karriereutvikling-i-barnehage-og-skole\/","name":"Karriereutvikling i barnehage og skole - Foreldreutvalget for grunnoppl\u00e6ringen","isPartOf":{"@id":"https:\/\/foreldreutvalgene.no\/fug\/#website"},"primaryImageOfPage":{"@id":"https:\/\/foreldreutvalgene.no\/fug\/notater\/karriereutvikling-i-barnehage-og-skole\/#primaryimage"},"image":{"@id":"https:\/\/foreldreutvalgene.no\/fug\/notater\/karriereutvikling-i-barnehage-og-skole\/#primaryimage"},"thumbnailUrl":"https:\/\/foreldreutvalgene.no\/fug\/wp-content\/uploads\/sites\/3\/2023\/02\/bilde-av-Med-videre-betydning.png","datePublished":"2023-02-28T12:22:23+00:00","dateModified":"2025-05-13T07:00:13+00:00","description":"FUG er opptekne av at l\u00e6rarutdanninga er mangelfull n\u00e5r det gjeld \u00e5 ruste studentane til m\u00f8tet med samarbeid med foreldra i praksis","breadcrumb":{"@id":"https:\/\/foreldreutvalgene.no\/fug\/notater\/karriereutvikling-i-barnehage-og-skole\/#breadcrumb"},"inLanguage":"nb-NO","potentialAction":[{"@type":"ReadAction","target":["https:\/\/foreldreutvalgene.no\/fug\/notater\/karriereutvikling-i-barnehage-og-skole\/"]}]},{"@type":"ImageObject","inLanguage":"nb-NO","@id":"https:\/\/foreldreutvalgene.no\/fug\/notater\/karriereutvikling-i-barnehage-og-skole\/#primaryimage","url":"https:\/\/foreldreutvalgene.no\/fug\/wp-content\/uploads\/sites\/3\/2023\/02\/bilde-av-Med-videre-betydning.png","contentUrl":"https:\/\/foreldreutvalgene.no\/fug\/wp-content\/uploads\/sites\/3\/2023\/02\/bilde-av-Med-videre-betydning.png","width":793,"height":594},{"@type":"BreadcrumbList","@id":"https:\/\/foreldreutvalgene.no\/fug\/notater\/karriereutvikling-i-barnehage-og-skole\/#breadcrumb","itemListElement":[{"@type":"ListItem","position":1,"name":"Home","item":"https:\/\/foreldreutvalgene.no\/fug\/"},{"@type":"ListItem","position":2,"name":"Notater","item":"https:\/\/foreldreutvalgene.no\/fug\/notater\/"},{"@type":"ListItem","position":3,"name":"Karriereutvikling i barnehage og skole"}]},{"@type":"WebSite","@id":"https:\/\/foreldreutvalgene.no\/fug\/#website","url":"https:\/\/foreldreutvalgene.no\/fug\/","name":"Foreldreutvalget for grunnoppl\u00e6ringen","description":"","publisher":{"@id":"https:\/\/foreldreutvalgene.no\/fug\/#organization"},"potentialAction":[{"@type":"SearchAction","target":{"@type":"EntryPoint","urlTemplate":"https:\/\/foreldreutvalgene.no\/fug\/?s={search_term_string}"},"query-input":{"@type":"PropertyValueSpecification","valueRequired":true,"valueName":"search_term_string"}}],"inLanguage":"nb-NO"},{"@type":"Organization","@id":"https:\/\/foreldreutvalgene.no\/fug\/#organization","name":"Foreldreutvalget for grunnoppl\u00e6ringen","url":"https:\/\/foreldreutvalgene.no\/fug\/","logo":{"@type":"ImageObject","inLanguage":"nb-NO","@id":"https:\/\/foreldreutvalgene.no\/fug\/#\/schema\/logo\/image\/","url":"https:\/\/foreldreutvalgene.no\/fug\/wp-content\/uploads\/sites\/3\/2021\/06\/footer-logo-fug-outlined.svg","contentUrl":"https:\/\/foreldreutvalgene.no\/fug\/wp-content\/uploads\/sites\/3\/2021\/06\/footer-logo-fug-outlined.svg","width":310,"height":73,"caption":"Foreldreutvalget for grunnoppl\u00e6ringen"},"image":{"@id":"https:\/\/foreldreutvalgene.no\/fug\/#\/schema\/logo\/image\/"}}]}},"_links":{"self":[{"href":"https:\/\/foreldreutvalgene.no\/fug\/wp-json\/wp\/v2\/note\/4147","targetHints":{"allow":["GET"]}}],"collection":[{"href":"https:\/\/foreldreutvalgene.no\/fug\/wp-json\/wp\/v2\/note"}],"about":[{"href":"https:\/\/foreldreutvalgene.no\/fug\/wp-json\/wp\/v2\/types\/note"}],"author":[{"embeddable":true,"href":"https:\/\/foreldreutvalgene.no\/fug\/wp-json\/wp\/v2\/users\/9"}],"version-history":[{"count":4,"href":"https:\/\/foreldreutvalgene.no\/fug\/wp-json\/wp\/v2\/note\/4147\/revisions"}],"predecessor-version":[{"id":11972,"href":"https:\/\/foreldreutvalgene.no\/fug\/wp-json\/wp\/v2\/note\/4147\/revisions\/11972"}],"wp:attachment":[{"href":"https:\/\/foreldreutvalgene.no\/fug\/wp-json\/wp\/v2\/media?parent=4147"}],"wp:term":[{"taxonomy":"notecategory","embeddable":true,"href":"https:\/\/foreldreutvalgene.no\/fug\/wp-json\/wp\/v2\/notecategory?post=4147"}],"curies":[{"name":"wp","href":"https:\/\/api.w.org\/{rel}","templated":true}]}}