{"id":3265,"date":"2022-01-11T13:19:00","date_gmt":"2022-01-11T12:19:00","guid":{"rendered":"https:\/\/foreldreutvalgene.no\/fug\/?post_type=note&#038;p=3265"},"modified":"2025-05-13T14:17:10","modified_gmt":"2025-05-13T12:17:10","slug":"ungdomsskolereform","status":"publish","type":"note","link":"https:\/\/foreldreutvalgene.no\/fug\/notater\/ungdomsskolereform\/","title":{"rendered":"Ungdomsskolereform"},"content":{"rendered":"\n<figure class=\"wp-block-image size-large is-resized is-style-rounded\"><img loading=\"lazy\" decoding=\"async\" width=\"1024\" height=\"683\" src=\"https:\/\/foreldreutvalgene.no\/fug\/wp-content\/uploads\/sites\/3\/2022\/03\/inkludering-1024x683.jpg\" alt=\"Biletet syner to barn som formar eit hjarte med hendene sine\" class=\"wp-image-2632\" style=\"width:744px;height:496px\" srcset=\"https:\/\/foreldreutvalgene.no\/fug\/wp-content\/uploads\/sites\/3\/2022\/03\/inkludering-1024x683.jpg 1024w, https:\/\/foreldreutvalgene.no\/fug\/wp-content\/uploads\/sites\/3\/2022\/03\/inkludering-300x200.jpg 300w, https:\/\/foreldreutvalgene.no\/fug\/wp-content\/uploads\/sites\/3\/2022\/03\/inkludering-768x512.jpg 768w, https:\/\/foreldreutvalgene.no\/fug\/wp-content\/uploads\/sites\/3\/2022\/03\/inkludering-1536x1024.jpg 1536w, https:\/\/foreldreutvalgene.no\/fug\/wp-content\/uploads\/sites\/3\/2022\/03\/inkludering-620x413.jpg 620w, https:\/\/foreldreutvalgene.no\/fug\/wp-content\/uploads\/sites\/3\/2022\/03\/inkludering-120x80.jpg 120w, https:\/\/foreldreutvalgene.no\/fug\/wp-content\/uploads\/sites\/3\/2022\/03\/inkludering-320x213.jpg 320w, https:\/\/foreldreutvalgene.no\/fug\/wp-content\/uploads\/sites\/3\/2022\/03\/inkludering-1440x960.jpg 1440w, https:\/\/foreldreutvalgene.no\/fug\/wp-content\/uploads\/sites\/3\/2022\/03\/inkludering.jpg 1920w\" sizes=\"auto, (max-width: 1024px) 100vw, 1024px\" \/><figcaption class=\"wp-element-caption\">Biletet syner to barn som formar eit hjarte med hendene sine<\/figcaption><\/figure>\n\n\n\n<p><strong>FUG har gjeve innspel til Forsknings og utdanningskomiteen p\u00e5 Stortinget knytt til representantforslag om ei heilskapeleg ungdomsskolereform. Vi har peika p\u00e5 foreldre som ein viktig ressurs i styrkinga av kvaliteten i ungdomsskolen. <\/strong><\/p>\n\n\n\n<p>Representantar fr\u00e5 partiet H\u00f8gre kom i oktober 2021 med forslag om \u00e5 innf\u00f8re ei ungdomsskolereform. Det var videoh\u00f8yring 11. januar 2022.<\/p>\n\n\n\n<p><a href=\"https:\/\/www.stortinget.no\/no\/Saker-og-publikasjoner\/Saker\/Sak\/?p=86198\">Heile representantforslaget finn du p\u00e5 denne sida.<\/a><\/p>\n\n\n\n<h2 class=\"wp-block-heading\" id=\"h-deltok-i-hoyringa\">Deltok i h\u00f8yringa<\/h2>\n\n\n\n<p>Marius Chramer deltok i h\u00f8yringa og peika mellom anna p\u00e5 at det er naudsynt \u00e5 involvere foreldreerspektivet, og at begrepa &laquo;tidlig innsats&raquo; og &laquo;tett p\u00e5&raquo; er vesentlege i arbeidet med \u00e5 gjere ungdomsskolen betre og meir praktisk og motiverande. <a href=\"https:\/\/www.stortinget.no\/no\/Hva-skjer-pa-Stortinget\/Videoarkiv\/Arkiv-TV-sendinger\/?mbid=\/2022\/H264-full\/Hoeringssal2\/01\/11\/Hoeringssal2-20220111-083550.mp4&amp;msid=250&amp;dateid=10004746\">Du kan sj\u00e5 innlegget til Marius fr\u00e5 om lag 37 minutt ut i opptaket p\u00e5 denne sida.<\/a><\/p>\n\n\n\n<p>Ei skriftleg utg\u00e5ve av innspelet til FUG kan du laste ned nedst p\u00e5 sida.<\/p>\n","protected":false},"author":9,"template":"","notecategory":[32],"class_list":["post-3265","note","type-note","status-publish","hentry","notecategory-hoeringsinnspill"],"acf":[],"yoast_head":"<!-- This site is optimized with the Yoast SEO Premium plugin v27.4 (Yoast SEO v27.4) - https:\/\/yoast.com\/product\/yoast-seo-premium-wordpress\/ -->\n<title>Ungdomsskolereform - Foreldreutvalget for grunnoppl\u00e6ringen<\/title>\n<meta name=\"description\" content=\"Marius Chramer deltok i h\u00f8yringa og peika mellom anna p\u00e5 at det er naudsynt \u00e5 involvere foreldreerspektivet\" \/>\n<meta name=\"robots\" content=\"index, follow, max-snippet:-1, max-image-preview:large, max-video-preview:-1\" \/>\n<link rel=\"canonical\" href=\"https:\/\/foreldreutvalgene.no\/fug\/notater\/ungdomsskolereform\/\" \/>\n<meta property=\"og:locale\" content=\"nb_NO\" \/>\n<meta property=\"og:type\" content=\"article\" \/>\n<meta property=\"og:title\" content=\"Ungdomsskolereform\" \/>\n<meta property=\"og:description\" content=\"Marius Chramer deltok i h\u00f8yringa og peika mellom anna p\u00e5 at det er naudsynt \u00e5 involvere foreldreerspektivet\" \/>\n<meta property=\"og:url\" content=\"https:\/\/foreldreutvalgene.no\/fug\/notater\/ungdomsskolereform\/\" \/>\n<meta property=\"og:site_name\" content=\"Foreldreutvalget for grunnoppl\u00e6ringen\" \/>\n<meta property=\"article:modified_time\" content=\"2025-05-13T12:17:10+00:00\" \/>\n<meta property=\"og:image\" content=\"https:\/\/foreldreutvalgene.no\/fug\/wp-content\/uploads\/sites\/3\/2022\/03\/inkludering-1024x683.jpg\" \/>\n<meta name=\"twitter:card\" content=\"summary_large_image\" \/>\n<meta name=\"twitter:label1\" content=\"Ansl. lesetid\" \/>\n\t<meta name=\"twitter:data1\" content=\"1 minutt\" \/>\n<script type=\"application\/ld+json\" class=\"yoast-schema-graph\">{\"@context\":\"https:\\\/\\\/schema.org\",\"@graph\":[{\"@type\":\"WebPage\",\"@id\":\"https:\\\/\\\/foreldreutvalgene.no\\\/fug\\\/notater\\\/ungdomsskolereform\\\/\",\"url\":\"https:\\\/\\\/foreldreutvalgene.no\\\/fug\\\/notater\\\/ungdomsskolereform\\\/\",\"name\":\"Ungdomsskolereform - Foreldreutvalget for grunnoppl\u00e6ringen\",\"isPartOf\":{\"@id\":\"https:\\\/\\\/foreldreutvalgene.no\\\/fug\\\/#website\"},\"primaryImageOfPage\":{\"@id\":\"https:\\\/\\\/foreldreutvalgene.no\\\/fug\\\/notater\\\/ungdomsskolereform\\\/#primaryimage\"},\"image\":{\"@id\":\"https:\\\/\\\/foreldreutvalgene.no\\\/fug\\\/notater\\\/ungdomsskolereform\\\/#primaryimage\"},\"thumbnailUrl\":\"https:\\\/\\\/foreldreutvalgene.no\\\/fug\\\/wp-content\\\/uploads\\\/sites\\\/3\\\/2022\\\/03\\\/inkludering-1024x683.jpg\",\"datePublished\":\"2022-01-11T12:19:00+00:00\",\"dateModified\":\"2025-05-13T12:17:10+00:00\",\"description\":\"Marius Chramer deltok i h\u00f8yringa og peika mellom anna p\u00e5 at det er naudsynt \u00e5 involvere foreldreerspektivet\",\"breadcrumb\":{\"@id\":\"https:\\\/\\\/foreldreutvalgene.no\\\/fug\\\/notater\\\/ungdomsskolereform\\\/#breadcrumb\"},\"inLanguage\":\"nb-NO\",\"potentialAction\":[{\"@type\":\"ReadAction\",\"target\":[\"https:\\\/\\\/foreldreutvalgene.no\\\/fug\\\/notater\\\/ungdomsskolereform\\\/\"]}]},{\"@type\":\"ImageObject\",\"inLanguage\":\"nb-NO\",\"@id\":\"https:\\\/\\\/foreldreutvalgene.no\\\/fug\\\/notater\\\/ungdomsskolereform\\\/#primaryimage\",\"url\":\"https:\\\/\\\/foreldreutvalgene.no\\\/fug\\\/wp-content\\\/uploads\\\/sites\\\/3\\\/2022\\\/03\\\/inkludering.jpg\",\"contentUrl\":\"https:\\\/\\\/foreldreutvalgene.no\\\/fug\\\/wp-content\\\/uploads\\\/sites\\\/3\\\/2022\\\/03\\\/inkludering.jpg\",\"width\":1920,\"height\":1280,\"caption\":\"Biletet syner to barn som formar eit hjarte med hendene sine\"},{\"@type\":\"BreadcrumbList\",\"@id\":\"https:\\\/\\\/foreldreutvalgene.no\\\/fug\\\/notater\\\/ungdomsskolereform\\\/#breadcrumb\",\"itemListElement\":[{\"@type\":\"ListItem\",\"position\":1,\"name\":\"Home\",\"item\":\"https:\\\/\\\/foreldreutvalgene.no\\\/fug\\\/\"},{\"@type\":\"ListItem\",\"position\":2,\"name\":\"Notater\",\"item\":\"https:\\\/\\\/foreldreutvalgene.no\\\/fug\\\/notater\\\/\"},{\"@type\":\"ListItem\",\"position\":3,\"name\":\"Ungdomsskolereform\"}]},{\"@type\":\"WebSite\",\"@id\":\"https:\\\/\\\/foreldreutvalgene.no\\\/fug\\\/#website\",\"url\":\"https:\\\/\\\/foreldreutvalgene.no\\\/fug\\\/\",\"name\":\"Foreldreutvalget for grunnoppl\u00e6ringen\",\"description\":\"\",\"publisher\":{\"@id\":\"https:\\\/\\\/foreldreutvalgene.no\\\/fug\\\/#organization\"},\"potentialAction\":[{\"@type\":\"SearchAction\",\"target\":{\"@type\":\"EntryPoint\",\"urlTemplate\":\"https:\\\/\\\/foreldreutvalgene.no\\\/fug\\\/?s={search_term_string}\"},\"query-input\":{\"@type\":\"PropertyValueSpecification\",\"valueRequired\":true,\"valueName\":\"search_term_string\"}}],\"inLanguage\":\"nb-NO\"},{\"@type\":\"Organization\",\"@id\":\"https:\\\/\\\/foreldreutvalgene.no\\\/fug\\\/#organization\",\"name\":\"Foreldreutvalget for grunnoppl\u00e6ringen\",\"url\":\"https:\\\/\\\/foreldreutvalgene.no\\\/fug\\\/\",\"logo\":{\"@type\":\"ImageObject\",\"inLanguage\":\"nb-NO\",\"@id\":\"https:\\\/\\\/foreldreutvalgene.no\\\/fug\\\/#\\\/schema\\\/logo\\\/image\\\/\",\"url\":\"https:\\\/\\\/foreldreutvalgene.no\\\/fug\\\/wp-content\\\/uploads\\\/sites\\\/3\\\/2021\\\/06\\\/footer-logo-fug-outlined.svg\",\"contentUrl\":\"https:\\\/\\\/foreldreutvalgene.no\\\/fug\\\/wp-content\\\/uploads\\\/sites\\\/3\\\/2021\\\/06\\\/footer-logo-fug-outlined.svg\",\"width\":310,\"height\":73,\"caption\":\"Foreldreutvalget for grunnoppl\u00e6ringen\"},\"image\":{\"@id\":\"https:\\\/\\\/foreldreutvalgene.no\\\/fug\\\/#\\\/schema\\\/logo\\\/image\\\/\"}}]}<\/script>\n<!-- \/ Yoast SEO Premium plugin. -->","yoast_head_json":{"title":"Ungdomsskolereform - Foreldreutvalget for grunnoppl\u00e6ringen","description":"Marius Chramer deltok i h\u00f8yringa og peika mellom anna p\u00e5 at det er naudsynt \u00e5 involvere foreldreerspektivet","robots":{"index":"index","follow":"follow","max-snippet":"max-snippet:-1","max-image-preview":"max-image-preview:large","max-video-preview":"max-video-preview:-1"},"canonical":"https:\/\/foreldreutvalgene.no\/fug\/notater\/ungdomsskolereform\/","og_locale":"nb_NO","og_type":"article","og_title":"Ungdomsskolereform","og_description":"Marius Chramer deltok i h\u00f8yringa og peika mellom anna p\u00e5 at det er naudsynt \u00e5 involvere foreldreerspektivet","og_url":"https:\/\/foreldreutvalgene.no\/fug\/notater\/ungdomsskolereform\/","og_site_name":"Foreldreutvalget for grunnoppl\u00e6ringen","article_modified_time":"2025-05-13T12:17:10+00:00","og_image":[{"url":"https:\/\/foreldreutvalgene.no\/fug\/wp-content\/uploads\/sites\/3\/2022\/03\/inkludering-1024x683.jpg","type":"","width":"","height":""}],"twitter_card":"summary_large_image","twitter_misc":{"Ansl. lesetid":"1 minutt"},"schema":{"@context":"https:\/\/schema.org","@graph":[{"@type":"WebPage","@id":"https:\/\/foreldreutvalgene.no\/fug\/notater\/ungdomsskolereform\/","url":"https:\/\/foreldreutvalgene.no\/fug\/notater\/ungdomsskolereform\/","name":"Ungdomsskolereform - Foreldreutvalget for grunnoppl\u00e6ringen","isPartOf":{"@id":"https:\/\/foreldreutvalgene.no\/fug\/#website"},"primaryImageOfPage":{"@id":"https:\/\/foreldreutvalgene.no\/fug\/notater\/ungdomsskolereform\/#primaryimage"},"image":{"@id":"https:\/\/foreldreutvalgene.no\/fug\/notater\/ungdomsskolereform\/#primaryimage"},"thumbnailUrl":"https:\/\/foreldreutvalgene.no\/fug\/wp-content\/uploads\/sites\/3\/2022\/03\/inkludering-1024x683.jpg","datePublished":"2022-01-11T12:19:00+00:00","dateModified":"2025-05-13T12:17:10+00:00","description":"Marius Chramer deltok i h\u00f8yringa og peika mellom anna p\u00e5 at det er naudsynt \u00e5 involvere foreldreerspektivet","breadcrumb":{"@id":"https:\/\/foreldreutvalgene.no\/fug\/notater\/ungdomsskolereform\/#breadcrumb"},"inLanguage":"nb-NO","potentialAction":[{"@type":"ReadAction","target":["https:\/\/foreldreutvalgene.no\/fug\/notater\/ungdomsskolereform\/"]}]},{"@type":"ImageObject","inLanguage":"nb-NO","@id":"https:\/\/foreldreutvalgene.no\/fug\/notater\/ungdomsskolereform\/#primaryimage","url":"https:\/\/foreldreutvalgene.no\/fug\/wp-content\/uploads\/sites\/3\/2022\/03\/inkludering.jpg","contentUrl":"https:\/\/foreldreutvalgene.no\/fug\/wp-content\/uploads\/sites\/3\/2022\/03\/inkludering.jpg","width":1920,"height":1280,"caption":"Biletet syner to barn som formar eit hjarte med hendene sine"},{"@type":"BreadcrumbList","@id":"https:\/\/foreldreutvalgene.no\/fug\/notater\/ungdomsskolereform\/#breadcrumb","itemListElement":[{"@type":"ListItem","position":1,"name":"Home","item":"https:\/\/foreldreutvalgene.no\/fug\/"},{"@type":"ListItem","position":2,"name":"Notater","item":"https:\/\/foreldreutvalgene.no\/fug\/notater\/"},{"@type":"ListItem","position":3,"name":"Ungdomsskolereform"}]},{"@type":"WebSite","@id":"https:\/\/foreldreutvalgene.no\/fug\/#website","url":"https:\/\/foreldreutvalgene.no\/fug\/","name":"Foreldreutvalget for grunnoppl\u00e6ringen","description":"","publisher":{"@id":"https:\/\/foreldreutvalgene.no\/fug\/#organization"},"potentialAction":[{"@type":"SearchAction","target":{"@type":"EntryPoint","urlTemplate":"https:\/\/foreldreutvalgene.no\/fug\/?s={search_term_string}"},"query-input":{"@type":"PropertyValueSpecification","valueRequired":true,"valueName":"search_term_string"}}],"inLanguage":"nb-NO"},{"@type":"Organization","@id":"https:\/\/foreldreutvalgene.no\/fug\/#organization","name":"Foreldreutvalget for grunnoppl\u00e6ringen","url":"https:\/\/foreldreutvalgene.no\/fug\/","logo":{"@type":"ImageObject","inLanguage":"nb-NO","@id":"https:\/\/foreldreutvalgene.no\/fug\/#\/schema\/logo\/image\/","url":"https:\/\/foreldreutvalgene.no\/fug\/wp-content\/uploads\/sites\/3\/2021\/06\/footer-logo-fug-outlined.svg","contentUrl":"https:\/\/foreldreutvalgene.no\/fug\/wp-content\/uploads\/sites\/3\/2021\/06\/footer-logo-fug-outlined.svg","width":310,"height":73,"caption":"Foreldreutvalget for grunnoppl\u00e6ringen"},"image":{"@id":"https:\/\/foreldreutvalgene.no\/fug\/#\/schema\/logo\/image\/"}}]}},"_links":{"self":[{"href":"https:\/\/foreldreutvalgene.no\/fug\/wp-json\/wp\/v2\/note\/3265","targetHints":{"allow":["GET"]}}],"collection":[{"href":"https:\/\/foreldreutvalgene.no\/fug\/wp-json\/wp\/v2\/note"}],"about":[{"href":"https:\/\/foreldreutvalgene.no\/fug\/wp-json\/wp\/v2\/types\/note"}],"author":[{"embeddable":true,"href":"https:\/\/foreldreutvalgene.no\/fug\/wp-json\/wp\/v2\/users\/9"}],"version-history":[{"count":4,"href":"https:\/\/foreldreutvalgene.no\/fug\/wp-json\/wp\/v2\/note\/3265\/revisions"}],"predecessor-version":[{"id":12008,"href":"https:\/\/foreldreutvalgene.no\/fug\/wp-json\/wp\/v2\/note\/3265\/revisions\/12008"}],"wp:attachment":[{"href":"https:\/\/foreldreutvalgene.no\/fug\/wp-json\/wp\/v2\/media?parent=3265"}],"wp:term":[{"taxonomy":"notecategory","embeddable":true,"href":"https:\/\/foreldreutvalgene.no\/fug\/wp-json\/wp\/v2\/notecategory?post=3265"}],"curies":[{"name":"wp","href":"https:\/\/api.w.org\/{rel}","templated":true}]}}