{"id":3187,"date":"2021-02-01T14:32:00","date_gmt":"2021-02-01T13:32:00","guid":{"rendered":"https:\/\/foreldreutvalgene.no\/fug\/?post_type=note&#038;p=3187"},"modified":"2025-05-13T09:22:47","modified_gmt":"2025-05-13T07:22:47","slug":"krafttak-mot-laerarmangel","status":"publish","type":"note","link":"https:\/\/foreldreutvalgene.no\/fug\/notater\/krafttak-mot-laerarmangel\/","title":{"rendered":"Krafttak mot l\u00e6rarmangel"},"content":{"rendered":"\n<figure class=\"wp-block-image size-full is-style-rounded\"><img loading=\"lazy\" decoding=\"async\" width=\"667\" height=\"588\" src=\"https:\/\/foreldreutvalgene.no\/fug\/wp-content\/uploads\/sites\/3\/2021\/06\/utvalget-medlemmene-fug-portrett-marie-skinstad-jansen.jpg\" alt=\"Marie Skinstad-Jansen\" class=\"wp-image-2161\" srcset=\"https:\/\/foreldreutvalgene.no\/fug\/wp-content\/uploads\/sites\/3\/2021\/06\/utvalget-medlemmene-fug-portrett-marie-skinstad-jansen.jpg 667w, https:\/\/foreldreutvalgene.no\/fug\/wp-content\/uploads\/sites\/3\/2021\/06\/utvalget-medlemmene-fug-portrett-marie-skinstad-jansen-300x264.jpg 300w, https:\/\/foreldreutvalgene.no\/fug\/wp-content\/uploads\/sites\/3\/2021\/06\/utvalget-medlemmene-fug-portrett-marie-skinstad-jansen-620x547.jpg 620w, https:\/\/foreldreutvalgene.no\/fug\/wp-content\/uploads\/sites\/3\/2021\/06\/utvalget-medlemmene-fug-portrett-marie-skinstad-jansen-120x106.jpg 120w, https:\/\/foreldreutvalgene.no\/fug\/wp-content\/uploads\/sites\/3\/2021\/06\/utvalget-medlemmene-fug-portrett-marie-skinstad-jansen-320x282.jpg 320w\" sizes=\"auto, (max-width: 667px) 100vw, 667px\" \/><figcaption class=\"wp-element-caption\">Biletet syner nestleiar i FUG, Marie Skinstad-Jansen <\/figcaption><\/figure>\n\n\n\n<p><strong>FUG har gjeve innspel til forskings- og utdanningskomiteen p\u00e5 Stortinget i samband med representantforslag om eit krafttak mot<br>l\u00e6rermangel i skolen &#8211; Dokument 8:85 S (2020-2021)<\/strong>.<strong> H\u00f8yringa var ei &laquo;digital&raquo; h\u00f8yring.<\/strong><\/p>\n\n\n\n<p><a href=\"https:\/\/www.stortinget.no\/no\/Hva-skjer-pa-Stortinget\/videoarkiv\/Arkiv-TV-sendinger\/?h=10004235&amp;dateid=10004505&amp;msid=207\">Du kan sj\u00e5 bodskapen til FUG, ved nestleiar Marie Skinstad-Jansen, fr\u00e5 20 minutt og 20 sekund ut i dette opptaket.<\/a><\/p>\n\n\n\n<h2 class=\"wp-block-heading\" id=\"h-tre-punkt\">Tre punkt<\/h2>\n\n\n\n<p>Skinstad-Jansen peiker p\u00e5 ei satsing p\u00e5 foreldresamarbeid som fag i l\u00e6rarutdanninga, ei solid og god lovfesting av r\u00e5dsorgana i skolen og fleire kvaliserte l\u00e6rarar som viktige faktorar for en god skole som er attraktiv for l\u00e6rarar \u00e5 arbeide i.<\/p>\n\n\n\n<p>Ei skriftleg utg\u00e5ve av FUG sitt innspel kan du laste ned nedst p\u00e5 sida.<\/p>\n","protected":false},"author":9,"template":"","notecategory":[32],"class_list":["post-3187","note","type-note","status-publish","hentry","notecategory-hoeringsinnspill"],"acf":[],"yoast_head":"<!-- This site is optimized with the Yoast SEO Premium plugin v27.4 (Yoast SEO v27.4) - https:\/\/yoast.com\/product\/yoast-seo-premium-wordpress\/ -->\n<title>Krafttak mot l\u00e6rarmangel - Foreldreutvalget for grunnoppl\u00e6ringen<\/title>\n<meta name=\"description\" content=\"FUG har uttala seg om eit krafttak mot l\u00e6rarmangel i skolen\" \/>\n<meta name=\"robots\" content=\"index, follow, max-snippet:-1, max-image-preview:large, max-video-preview:-1\" \/>\n<link rel=\"canonical\" href=\"https:\/\/foreldreutvalgene.no\/fug\/notater\/krafttak-mot-laerarmangel\/\" \/>\n<meta property=\"og:locale\" content=\"nb_NO\" \/>\n<meta property=\"og:type\" content=\"article\" \/>\n<meta property=\"og:title\" content=\"Krafttak mot l\u00e6rarmangel\" \/>\n<meta property=\"og:description\" content=\"FUG har uttala seg om eit krafttak mot l\u00e6rarmangel i skolen\" \/>\n<meta property=\"og:url\" content=\"https:\/\/foreldreutvalgene.no\/fug\/notater\/krafttak-mot-laerarmangel\/\" \/>\n<meta property=\"og:site_name\" content=\"Foreldreutvalget for grunnoppl\u00e6ringen\" \/>\n<meta property=\"article:modified_time\" content=\"2025-05-13T07:22:47+00:00\" \/>\n<meta property=\"og:image\" content=\"https:\/\/foreldreutvalgene.no\/fug\/wp-content\/uploads\/sites\/3\/2021\/06\/utvalget-medlemmene-fug-portrett-marie-skinstad-jansen.jpg\" \/>\n<meta name=\"twitter:card\" content=\"summary_large_image\" \/>\n<meta name=\"twitter:label1\" content=\"Ansl. lesetid\" \/>\n\t<meta name=\"twitter:data1\" content=\"1 minutt\" \/>\n<script type=\"application\/ld+json\" class=\"yoast-schema-graph\">{\"@context\":\"https:\\\/\\\/schema.org\",\"@graph\":[{\"@type\":\"WebPage\",\"@id\":\"https:\\\/\\\/foreldreutvalgene.no\\\/fug\\\/notater\\\/krafttak-mot-laerarmangel\\\/\",\"url\":\"https:\\\/\\\/foreldreutvalgene.no\\\/fug\\\/notater\\\/krafttak-mot-laerarmangel\\\/\",\"name\":\"Krafttak mot l\u00e6rarmangel - Foreldreutvalget for grunnoppl\u00e6ringen\",\"isPartOf\":{\"@id\":\"https:\\\/\\\/foreldreutvalgene.no\\\/fug\\\/#website\"},\"primaryImageOfPage\":{\"@id\":\"https:\\\/\\\/foreldreutvalgene.no\\\/fug\\\/notater\\\/krafttak-mot-laerarmangel\\\/#primaryimage\"},\"image\":{\"@id\":\"https:\\\/\\\/foreldreutvalgene.no\\\/fug\\\/notater\\\/krafttak-mot-laerarmangel\\\/#primaryimage\"},\"thumbnailUrl\":\"https:\\\/\\\/foreldreutvalgene.no\\\/fug\\\/wp-content\\\/uploads\\\/sites\\\/3\\\/2021\\\/06\\\/utvalget-medlemmene-fug-portrett-marie-skinstad-jansen.jpg\",\"datePublished\":\"2021-02-01T13:32:00+00:00\",\"dateModified\":\"2025-05-13T07:22:47+00:00\",\"description\":\"FUG har uttala seg om eit krafttak mot l\u00e6rarmangel i skolen\",\"breadcrumb\":{\"@id\":\"https:\\\/\\\/foreldreutvalgene.no\\\/fug\\\/notater\\\/krafttak-mot-laerarmangel\\\/#breadcrumb\"},\"inLanguage\":\"nb-NO\",\"potentialAction\":[{\"@type\":\"ReadAction\",\"target\":[\"https:\\\/\\\/foreldreutvalgene.no\\\/fug\\\/notater\\\/krafttak-mot-laerarmangel\\\/\"]}]},{\"@type\":\"ImageObject\",\"inLanguage\":\"nb-NO\",\"@id\":\"https:\\\/\\\/foreldreutvalgene.no\\\/fug\\\/notater\\\/krafttak-mot-laerarmangel\\\/#primaryimage\",\"url\":\"https:\\\/\\\/foreldreutvalgene.no\\\/fug\\\/wp-content\\\/uploads\\\/sites\\\/3\\\/2021\\\/06\\\/utvalget-medlemmene-fug-portrett-marie-skinstad-jansen.jpg\",\"contentUrl\":\"https:\\\/\\\/foreldreutvalgene.no\\\/fug\\\/wp-content\\\/uploads\\\/sites\\\/3\\\/2021\\\/06\\\/utvalget-medlemmene-fug-portrett-marie-skinstad-jansen.jpg\",\"width\":667,\"height\":588,\"caption\":\"Marie Skinstad-Jansen\"},{\"@type\":\"BreadcrumbList\",\"@id\":\"https:\\\/\\\/foreldreutvalgene.no\\\/fug\\\/notater\\\/krafttak-mot-laerarmangel\\\/#breadcrumb\",\"itemListElement\":[{\"@type\":\"ListItem\",\"position\":1,\"name\":\"Home\",\"item\":\"https:\\\/\\\/foreldreutvalgene.no\\\/fug\\\/\"},{\"@type\":\"ListItem\",\"position\":2,\"name\":\"Notater\",\"item\":\"https:\\\/\\\/foreldreutvalgene.no\\\/fug\\\/notater\\\/\"},{\"@type\":\"ListItem\",\"position\":3,\"name\":\"Krafttak mot l\u00e6rarmangel\"}]},{\"@type\":\"WebSite\",\"@id\":\"https:\\\/\\\/foreldreutvalgene.no\\\/fug\\\/#website\",\"url\":\"https:\\\/\\\/foreldreutvalgene.no\\\/fug\\\/\",\"name\":\"Foreldreutvalget for grunnoppl\u00e6ringen\",\"description\":\"\",\"publisher\":{\"@id\":\"https:\\\/\\\/foreldreutvalgene.no\\\/fug\\\/#organization\"},\"potentialAction\":[{\"@type\":\"SearchAction\",\"target\":{\"@type\":\"EntryPoint\",\"urlTemplate\":\"https:\\\/\\\/foreldreutvalgene.no\\\/fug\\\/?s={search_term_string}\"},\"query-input\":{\"@type\":\"PropertyValueSpecification\",\"valueRequired\":true,\"valueName\":\"search_term_string\"}}],\"inLanguage\":\"nb-NO\"},{\"@type\":\"Organization\",\"@id\":\"https:\\\/\\\/foreldreutvalgene.no\\\/fug\\\/#organization\",\"name\":\"Foreldreutvalget for grunnoppl\u00e6ringen\",\"url\":\"https:\\\/\\\/foreldreutvalgene.no\\\/fug\\\/\",\"logo\":{\"@type\":\"ImageObject\",\"inLanguage\":\"nb-NO\",\"@id\":\"https:\\\/\\\/foreldreutvalgene.no\\\/fug\\\/#\\\/schema\\\/logo\\\/image\\\/\",\"url\":\"https:\\\/\\\/foreldreutvalgene.no\\\/fug\\\/wp-content\\\/uploads\\\/sites\\\/3\\\/2021\\\/06\\\/footer-logo-fug-outlined.svg\",\"contentUrl\":\"https:\\\/\\\/foreldreutvalgene.no\\\/fug\\\/wp-content\\\/uploads\\\/sites\\\/3\\\/2021\\\/06\\\/footer-logo-fug-outlined.svg\",\"width\":310,\"height\":73,\"caption\":\"Foreldreutvalget for grunnoppl\u00e6ringen\"},\"image\":{\"@id\":\"https:\\\/\\\/foreldreutvalgene.no\\\/fug\\\/#\\\/schema\\\/logo\\\/image\\\/\"}}]}<\/script>\n<!-- \/ Yoast SEO Premium plugin. -->","yoast_head_json":{"title":"Krafttak mot l\u00e6rarmangel - Foreldreutvalget for grunnoppl\u00e6ringen","description":"FUG har uttala seg om eit krafttak mot l\u00e6rarmangel i skolen","robots":{"index":"index","follow":"follow","max-snippet":"max-snippet:-1","max-image-preview":"max-image-preview:large","max-video-preview":"max-video-preview:-1"},"canonical":"https:\/\/foreldreutvalgene.no\/fug\/notater\/krafttak-mot-laerarmangel\/","og_locale":"nb_NO","og_type":"article","og_title":"Krafttak mot l\u00e6rarmangel","og_description":"FUG har uttala seg om eit krafttak mot l\u00e6rarmangel i skolen","og_url":"https:\/\/foreldreutvalgene.no\/fug\/notater\/krafttak-mot-laerarmangel\/","og_site_name":"Foreldreutvalget for grunnoppl\u00e6ringen","article_modified_time":"2025-05-13T07:22:47+00:00","og_image":[{"url":"https:\/\/foreldreutvalgene.no\/fug\/wp-content\/uploads\/sites\/3\/2021\/06\/utvalget-medlemmene-fug-portrett-marie-skinstad-jansen.jpg","type":"","width":"","height":""}],"twitter_card":"summary_large_image","twitter_misc":{"Ansl. lesetid":"1 minutt"},"schema":{"@context":"https:\/\/schema.org","@graph":[{"@type":"WebPage","@id":"https:\/\/foreldreutvalgene.no\/fug\/notater\/krafttak-mot-laerarmangel\/","url":"https:\/\/foreldreutvalgene.no\/fug\/notater\/krafttak-mot-laerarmangel\/","name":"Krafttak mot l\u00e6rarmangel - Foreldreutvalget for grunnoppl\u00e6ringen","isPartOf":{"@id":"https:\/\/foreldreutvalgene.no\/fug\/#website"},"primaryImageOfPage":{"@id":"https:\/\/foreldreutvalgene.no\/fug\/notater\/krafttak-mot-laerarmangel\/#primaryimage"},"image":{"@id":"https:\/\/foreldreutvalgene.no\/fug\/notater\/krafttak-mot-laerarmangel\/#primaryimage"},"thumbnailUrl":"https:\/\/foreldreutvalgene.no\/fug\/wp-content\/uploads\/sites\/3\/2021\/06\/utvalget-medlemmene-fug-portrett-marie-skinstad-jansen.jpg","datePublished":"2021-02-01T13:32:00+00:00","dateModified":"2025-05-13T07:22:47+00:00","description":"FUG har uttala seg om eit krafttak mot l\u00e6rarmangel i skolen","breadcrumb":{"@id":"https:\/\/foreldreutvalgene.no\/fug\/notater\/krafttak-mot-laerarmangel\/#breadcrumb"},"inLanguage":"nb-NO","potentialAction":[{"@type":"ReadAction","target":["https:\/\/foreldreutvalgene.no\/fug\/notater\/krafttak-mot-laerarmangel\/"]}]},{"@type":"ImageObject","inLanguage":"nb-NO","@id":"https:\/\/foreldreutvalgene.no\/fug\/notater\/krafttak-mot-laerarmangel\/#primaryimage","url":"https:\/\/foreldreutvalgene.no\/fug\/wp-content\/uploads\/sites\/3\/2021\/06\/utvalget-medlemmene-fug-portrett-marie-skinstad-jansen.jpg","contentUrl":"https:\/\/foreldreutvalgene.no\/fug\/wp-content\/uploads\/sites\/3\/2021\/06\/utvalget-medlemmene-fug-portrett-marie-skinstad-jansen.jpg","width":667,"height":588,"caption":"Marie Skinstad-Jansen"},{"@type":"BreadcrumbList","@id":"https:\/\/foreldreutvalgene.no\/fug\/notater\/krafttak-mot-laerarmangel\/#breadcrumb","itemListElement":[{"@type":"ListItem","position":1,"name":"Home","item":"https:\/\/foreldreutvalgene.no\/fug\/"},{"@type":"ListItem","position":2,"name":"Notater","item":"https:\/\/foreldreutvalgene.no\/fug\/notater\/"},{"@type":"ListItem","position":3,"name":"Krafttak mot l\u00e6rarmangel"}]},{"@type":"WebSite","@id":"https:\/\/foreldreutvalgene.no\/fug\/#website","url":"https:\/\/foreldreutvalgene.no\/fug\/","name":"Foreldreutvalget for grunnoppl\u00e6ringen","description":"","publisher":{"@id":"https:\/\/foreldreutvalgene.no\/fug\/#organization"},"potentialAction":[{"@type":"SearchAction","target":{"@type":"EntryPoint","urlTemplate":"https:\/\/foreldreutvalgene.no\/fug\/?s={search_term_string}"},"query-input":{"@type":"PropertyValueSpecification","valueRequired":true,"valueName":"search_term_string"}}],"inLanguage":"nb-NO"},{"@type":"Organization","@id":"https:\/\/foreldreutvalgene.no\/fug\/#organization","name":"Foreldreutvalget for grunnoppl\u00e6ringen","url":"https:\/\/foreldreutvalgene.no\/fug\/","logo":{"@type":"ImageObject","inLanguage":"nb-NO","@id":"https:\/\/foreldreutvalgene.no\/fug\/#\/schema\/logo\/image\/","url":"https:\/\/foreldreutvalgene.no\/fug\/wp-content\/uploads\/sites\/3\/2021\/06\/footer-logo-fug-outlined.svg","contentUrl":"https:\/\/foreldreutvalgene.no\/fug\/wp-content\/uploads\/sites\/3\/2021\/06\/footer-logo-fug-outlined.svg","width":310,"height":73,"caption":"Foreldreutvalget for grunnoppl\u00e6ringen"},"image":{"@id":"https:\/\/foreldreutvalgene.no\/fug\/#\/schema\/logo\/image\/"}}]}},"_links":{"self":[{"href":"https:\/\/foreldreutvalgene.no\/fug\/wp-json\/wp\/v2\/note\/3187","targetHints":{"allow":["GET"]}}],"collection":[{"href":"https:\/\/foreldreutvalgene.no\/fug\/wp-json\/wp\/v2\/note"}],"about":[{"href":"https:\/\/foreldreutvalgene.no\/fug\/wp-json\/wp\/v2\/types\/note"}],"author":[{"embeddable":true,"href":"https:\/\/foreldreutvalgene.no\/fug\/wp-json\/wp\/v2\/users\/9"}],"version-history":[{"count":5,"href":"https:\/\/foreldreutvalgene.no\/fug\/wp-json\/wp\/v2\/note\/3187\/revisions"}],"predecessor-version":[{"id":11978,"href":"https:\/\/foreldreutvalgene.no\/fug\/wp-json\/wp\/v2\/note\/3187\/revisions\/11978"}],"wp:attachment":[{"href":"https:\/\/foreldreutvalgene.no\/fug\/wp-json\/wp\/v2\/media?parent=3187"}],"wp:term":[{"taxonomy":"notecategory","embeddable":true,"href":"https:\/\/foreldreutvalgene.no\/fug\/wp-json\/wp\/v2\/notecategory?post=3187"}],"curies":[{"name":"wp","href":"https:\/\/api.w.org\/{rel}","templated":true}]}}