{"id":3132,"date":"2021-03-29T08:46:00","date_gmt":"2021-03-29T06:46:00","guid":{"rendered":"https:\/\/foreldreutvalgene.no\/fug\/?post_type=note&#038;p=3132"},"modified":"2025-05-13T14:08:49","modified_gmt":"2025-05-13T12:08:49","slug":"rettleiar-om-teieplikt","status":"publish","type":"note","link":"https:\/\/foreldreutvalgene.no\/fug\/notater\/rettleiar-om-teieplikt\/","title":{"rendered":"Rettleiar om teieplikt"},"content":{"rendered":"\n<figure class=\"wp-block-image size-large is-style-rounded\"><img loading=\"lazy\" decoding=\"async\" width=\"1024\" height=\"683\" src=\"https:\/\/foreldreutvalgene.no\/fug\/wp-content\/uploads\/sites\/3\/2021\/06\/Utviklingssamtale-1024x683.jpg\" alt=\"Foreldre i r\u00e5dsorgan\" class=\"wp-image-1565\" srcset=\"https:\/\/foreldreutvalgene.no\/fug\/wp-content\/uploads\/sites\/3\/2021\/06\/Utviklingssamtale-1024x683.jpg 1024w, https:\/\/foreldreutvalgene.no\/fug\/wp-content\/uploads\/sites\/3\/2021\/06\/Utviklingssamtale-300x200.jpg 300w, https:\/\/foreldreutvalgene.no\/fug\/wp-content\/uploads\/sites\/3\/2021\/06\/Utviklingssamtale-768x512.jpg 768w, https:\/\/foreldreutvalgene.no\/fug\/wp-content\/uploads\/sites\/3\/2021\/06\/Utviklingssamtale-1536x1024.jpg 1536w, https:\/\/foreldreutvalgene.no\/fug\/wp-content\/uploads\/sites\/3\/2021\/06\/Utviklingssamtale-620x413.jpg 620w, https:\/\/foreldreutvalgene.no\/fug\/wp-content\/uploads\/sites\/3\/2021\/06\/Utviklingssamtale-120x80.jpg 120w, https:\/\/foreldreutvalgene.no\/fug\/wp-content\/uploads\/sites\/3\/2021\/06\/Utviklingssamtale-320x213.jpg 320w, https:\/\/foreldreutvalgene.no\/fug\/wp-content\/uploads\/sites\/3\/2021\/06\/Utviklingssamtale-1440x960.jpg 1440w, https:\/\/foreldreutvalgene.no\/fug\/wp-content\/uploads\/sites\/3\/2021\/06\/Utviklingssamtale.jpg 1920w\" sizes=\"auto, (max-width: 1024px) 100vw, 1024px\" \/><figcaption class=\"wp-element-caption\">Biletet syner foreldre i r\u00e5dsorgan i samtale<\/figcaption><\/figure>\n\n\n\n<p><strong>FUG har gjeve sine kommentarar til utkast til enn rettleiar om teieplikt fr\u00e5 justisdepartementet. Vi meiner at den ikkje er god nok, og har kome med konkrete forslag.<\/strong><\/p>\n\n\n\n<p>Justis- og beredskapsdepartementet sende i februar 2021 p\u00e5 h\u00f8yring eit utkast til ein tverrfagleg rettleiar om teieplikt, opplysningsplikt og opplysningsrett i forvaltninga. Utkastet byggjer p\u00e5 ei utgreiing utf\u00f8rt av professor ph.d. Morten Holmboe etter oppdrag fr\u00e5 Justis- og beredskapsdepartementet.<\/p>\n\n\n\n<p><a href=\"https:\/\/www.regjeringen.no\/no\/dokumenter\/horing-utkast-til-veileder-om-taushetsplikt-opplysningsplikt-og-opplysningsrett-i-forvaltningen\/id2834815\/\">Du kan lese heile utkastet p\u00e5 denne sida.<\/a><\/p>\n\n\n\n<h2 class=\"wp-block-heading\" id=\"h-positivt-med-rettleiar\">Positivt med rettleiar<\/h2>\n\n\n\n<p>FUG stiller seg positive til ein generell tverrfagleg rettleiar om teieplikt. Teieplikta kan vere utfordrande i praksis ogs\u00e5 p\u00e5 skolefeltet. FUG har fleire merknader til kva som b\u00f8r vere med i rettleiaren, mellom anna kva som gjeld om teieplikt for dei som hr teke p\u00e5 seg verv i r\u00e5dsorgana i skolen.<\/p>\n\n\n\n<p>Heile h\u00f8yringssvaret fr\u00e5 FUG kan du laste ned nedst p\u00e5 sida.<\/p>\n","protected":false},"author":9,"template":"","notecategory":[32],"class_list":["post-3132","note","type-note","status-publish","hentry","notecategory-hoeringsinnspill"],"acf":[],"yoast_head":"<!-- This site is optimized with the Yoast SEO Premium plugin v27.4 (Yoast SEO v27.4) - https:\/\/yoast.com\/product\/yoast-seo-premium-wordpress\/ -->\n<title>Rettleiar om teieplikt - Foreldreutvalget for grunnoppl\u00e6ringen<\/title>\n<meta name=\"description\" content=\"FUG stiller seg positive til ein generell tverrfagleg rettleiar om teieplikt.\" \/>\n<meta name=\"robots\" content=\"index, follow, max-snippet:-1, max-image-preview:large, max-video-preview:-1\" \/>\n<link rel=\"canonical\" href=\"https:\/\/foreldreutvalgene.no\/fug\/notater\/rettleiar-om-teieplikt\/\" \/>\n<meta property=\"og:locale\" content=\"nb_NO\" \/>\n<meta property=\"og:type\" content=\"article\" \/>\n<meta property=\"og:title\" content=\"Rettleiar om teieplikt\" \/>\n<meta property=\"og:description\" content=\"FUG stiller seg positive til ein generell tverrfagleg rettleiar om teieplikt.\" \/>\n<meta property=\"og:url\" content=\"https:\/\/foreldreutvalgene.no\/fug\/notater\/rettleiar-om-teieplikt\/\" \/>\n<meta property=\"og:site_name\" content=\"Foreldreutvalget for grunnoppl\u00e6ringen\" \/>\n<meta property=\"article:modified_time\" content=\"2025-05-13T12:08:49+00:00\" \/>\n<meta property=\"og:image\" content=\"https:\/\/foreldreutvalgene.no\/fug\/wp-content\/uploads\/sites\/3\/2021\/06\/Utviklingssamtale-1024x683.jpg\" \/>\n<meta name=\"twitter:card\" content=\"summary_large_image\" \/>\n<meta name=\"twitter:label1\" content=\"Ansl. lesetid\" \/>\n\t<meta name=\"twitter:data1\" content=\"2 minutter\" \/>\n<script type=\"application\/ld+json\" class=\"yoast-schema-graph\">{\"@context\":\"https:\\\/\\\/schema.org\",\"@graph\":[{\"@type\":\"WebPage\",\"@id\":\"https:\\\/\\\/foreldreutvalgene.no\\\/fug\\\/notater\\\/rettleiar-om-teieplikt\\\/\",\"url\":\"https:\\\/\\\/foreldreutvalgene.no\\\/fug\\\/notater\\\/rettleiar-om-teieplikt\\\/\",\"name\":\"Rettleiar om teieplikt - Foreldreutvalget for grunnoppl\u00e6ringen\",\"isPartOf\":{\"@id\":\"https:\\\/\\\/foreldreutvalgene.no\\\/fug\\\/#website\"},\"primaryImageOfPage\":{\"@id\":\"https:\\\/\\\/foreldreutvalgene.no\\\/fug\\\/notater\\\/rettleiar-om-teieplikt\\\/#primaryimage\"},\"image\":{\"@id\":\"https:\\\/\\\/foreldreutvalgene.no\\\/fug\\\/notater\\\/rettleiar-om-teieplikt\\\/#primaryimage\"},\"thumbnailUrl\":\"https:\\\/\\\/foreldreutvalgene.no\\\/fug\\\/wp-content\\\/uploads\\\/sites\\\/3\\\/2021\\\/06\\\/Utviklingssamtale-1024x683.jpg\",\"datePublished\":\"2021-03-29T06:46:00+00:00\",\"dateModified\":\"2025-05-13T12:08:49+00:00\",\"description\":\"FUG stiller seg positive til ein generell tverrfagleg rettleiar om teieplikt.\",\"breadcrumb\":{\"@id\":\"https:\\\/\\\/foreldreutvalgene.no\\\/fug\\\/notater\\\/rettleiar-om-teieplikt\\\/#breadcrumb\"},\"inLanguage\":\"nb-NO\",\"potentialAction\":[{\"@type\":\"ReadAction\",\"target\":[\"https:\\\/\\\/foreldreutvalgene.no\\\/fug\\\/notater\\\/rettleiar-om-teieplikt\\\/\"]}]},{\"@type\":\"ImageObject\",\"inLanguage\":\"nb-NO\",\"@id\":\"https:\\\/\\\/foreldreutvalgene.no\\\/fug\\\/notater\\\/rettleiar-om-teieplikt\\\/#primaryimage\",\"url\":\"https:\\\/\\\/foreldreutvalgene.no\\\/fug\\\/wp-content\\\/uploads\\\/sites\\\/3\\\/2021\\\/06\\\/Utviklingssamtale.jpg\",\"contentUrl\":\"https:\\\/\\\/foreldreutvalgene.no\\\/fug\\\/wp-content\\\/uploads\\\/sites\\\/3\\\/2021\\\/06\\\/Utviklingssamtale.jpg\",\"width\":1920,\"height\":1280,\"caption\":\"Biletet syner foreldre i r\u00e5dsorgan i samtale\"},{\"@type\":\"BreadcrumbList\",\"@id\":\"https:\\\/\\\/foreldreutvalgene.no\\\/fug\\\/notater\\\/rettleiar-om-teieplikt\\\/#breadcrumb\",\"itemListElement\":[{\"@type\":\"ListItem\",\"position\":1,\"name\":\"Home\",\"item\":\"https:\\\/\\\/foreldreutvalgene.no\\\/fug\\\/\"},{\"@type\":\"ListItem\",\"position\":2,\"name\":\"Notater\",\"item\":\"https:\\\/\\\/foreldreutvalgene.no\\\/fug\\\/notater\\\/\"},{\"@type\":\"ListItem\",\"position\":3,\"name\":\"Rettleiar om teieplikt\"}]},{\"@type\":\"WebSite\",\"@id\":\"https:\\\/\\\/foreldreutvalgene.no\\\/fug\\\/#website\",\"url\":\"https:\\\/\\\/foreldreutvalgene.no\\\/fug\\\/\",\"name\":\"Foreldreutvalget for grunnoppl\u00e6ringen\",\"description\":\"\",\"publisher\":{\"@id\":\"https:\\\/\\\/foreldreutvalgene.no\\\/fug\\\/#organization\"},\"potentialAction\":[{\"@type\":\"SearchAction\",\"target\":{\"@type\":\"EntryPoint\",\"urlTemplate\":\"https:\\\/\\\/foreldreutvalgene.no\\\/fug\\\/?s={search_term_string}\"},\"query-input\":{\"@type\":\"PropertyValueSpecification\",\"valueRequired\":true,\"valueName\":\"search_term_string\"}}],\"inLanguage\":\"nb-NO\"},{\"@type\":\"Organization\",\"@id\":\"https:\\\/\\\/foreldreutvalgene.no\\\/fug\\\/#organization\",\"name\":\"Foreldreutvalget for grunnoppl\u00e6ringen\",\"url\":\"https:\\\/\\\/foreldreutvalgene.no\\\/fug\\\/\",\"logo\":{\"@type\":\"ImageObject\",\"inLanguage\":\"nb-NO\",\"@id\":\"https:\\\/\\\/foreldreutvalgene.no\\\/fug\\\/#\\\/schema\\\/logo\\\/image\\\/\",\"url\":\"https:\\\/\\\/foreldreutvalgene.no\\\/fug\\\/wp-content\\\/uploads\\\/sites\\\/3\\\/2021\\\/06\\\/footer-logo-fug-outlined.svg\",\"contentUrl\":\"https:\\\/\\\/foreldreutvalgene.no\\\/fug\\\/wp-content\\\/uploads\\\/sites\\\/3\\\/2021\\\/06\\\/footer-logo-fug-outlined.svg\",\"width\":310,\"height\":73,\"caption\":\"Foreldreutvalget for grunnoppl\u00e6ringen\"},\"image\":{\"@id\":\"https:\\\/\\\/foreldreutvalgene.no\\\/fug\\\/#\\\/schema\\\/logo\\\/image\\\/\"}}]}<\/script>\n<!-- \/ Yoast SEO Premium plugin. -->","yoast_head_json":{"title":"Rettleiar om teieplikt - Foreldreutvalget for grunnoppl\u00e6ringen","description":"FUG stiller seg positive til ein generell tverrfagleg rettleiar om teieplikt.","robots":{"index":"index","follow":"follow","max-snippet":"max-snippet:-1","max-image-preview":"max-image-preview:large","max-video-preview":"max-video-preview:-1"},"canonical":"https:\/\/foreldreutvalgene.no\/fug\/notater\/rettleiar-om-teieplikt\/","og_locale":"nb_NO","og_type":"article","og_title":"Rettleiar om teieplikt","og_description":"FUG stiller seg positive til ein generell tverrfagleg rettleiar om teieplikt.","og_url":"https:\/\/foreldreutvalgene.no\/fug\/notater\/rettleiar-om-teieplikt\/","og_site_name":"Foreldreutvalget for grunnoppl\u00e6ringen","article_modified_time":"2025-05-13T12:08:49+00:00","og_image":[{"url":"https:\/\/foreldreutvalgene.no\/fug\/wp-content\/uploads\/sites\/3\/2021\/06\/Utviklingssamtale-1024x683.jpg","type":"","width":"","height":""}],"twitter_card":"summary_large_image","twitter_misc":{"Ansl. lesetid":"2 minutter"},"schema":{"@context":"https:\/\/schema.org","@graph":[{"@type":"WebPage","@id":"https:\/\/foreldreutvalgene.no\/fug\/notater\/rettleiar-om-teieplikt\/","url":"https:\/\/foreldreutvalgene.no\/fug\/notater\/rettleiar-om-teieplikt\/","name":"Rettleiar om teieplikt - Foreldreutvalget for grunnoppl\u00e6ringen","isPartOf":{"@id":"https:\/\/foreldreutvalgene.no\/fug\/#website"},"primaryImageOfPage":{"@id":"https:\/\/foreldreutvalgene.no\/fug\/notater\/rettleiar-om-teieplikt\/#primaryimage"},"image":{"@id":"https:\/\/foreldreutvalgene.no\/fug\/notater\/rettleiar-om-teieplikt\/#primaryimage"},"thumbnailUrl":"https:\/\/foreldreutvalgene.no\/fug\/wp-content\/uploads\/sites\/3\/2021\/06\/Utviklingssamtale-1024x683.jpg","datePublished":"2021-03-29T06:46:00+00:00","dateModified":"2025-05-13T12:08:49+00:00","description":"FUG stiller seg positive til ein generell tverrfagleg rettleiar om teieplikt.","breadcrumb":{"@id":"https:\/\/foreldreutvalgene.no\/fug\/notater\/rettleiar-om-teieplikt\/#breadcrumb"},"inLanguage":"nb-NO","potentialAction":[{"@type":"ReadAction","target":["https:\/\/foreldreutvalgene.no\/fug\/notater\/rettleiar-om-teieplikt\/"]}]},{"@type":"ImageObject","inLanguage":"nb-NO","@id":"https:\/\/foreldreutvalgene.no\/fug\/notater\/rettleiar-om-teieplikt\/#primaryimage","url":"https:\/\/foreldreutvalgene.no\/fug\/wp-content\/uploads\/sites\/3\/2021\/06\/Utviklingssamtale.jpg","contentUrl":"https:\/\/foreldreutvalgene.no\/fug\/wp-content\/uploads\/sites\/3\/2021\/06\/Utviklingssamtale.jpg","width":1920,"height":1280,"caption":"Biletet syner foreldre i r\u00e5dsorgan i samtale"},{"@type":"BreadcrumbList","@id":"https:\/\/foreldreutvalgene.no\/fug\/notater\/rettleiar-om-teieplikt\/#breadcrumb","itemListElement":[{"@type":"ListItem","position":1,"name":"Home","item":"https:\/\/foreldreutvalgene.no\/fug\/"},{"@type":"ListItem","position":2,"name":"Notater","item":"https:\/\/foreldreutvalgene.no\/fug\/notater\/"},{"@type":"ListItem","position":3,"name":"Rettleiar om teieplikt"}]},{"@type":"WebSite","@id":"https:\/\/foreldreutvalgene.no\/fug\/#website","url":"https:\/\/foreldreutvalgene.no\/fug\/","name":"Foreldreutvalget for grunnoppl\u00e6ringen","description":"","publisher":{"@id":"https:\/\/foreldreutvalgene.no\/fug\/#organization"},"potentialAction":[{"@type":"SearchAction","target":{"@type":"EntryPoint","urlTemplate":"https:\/\/foreldreutvalgene.no\/fug\/?s={search_term_string}"},"query-input":{"@type":"PropertyValueSpecification","valueRequired":true,"valueName":"search_term_string"}}],"inLanguage":"nb-NO"},{"@type":"Organization","@id":"https:\/\/foreldreutvalgene.no\/fug\/#organization","name":"Foreldreutvalget for grunnoppl\u00e6ringen","url":"https:\/\/foreldreutvalgene.no\/fug\/","logo":{"@type":"ImageObject","inLanguage":"nb-NO","@id":"https:\/\/foreldreutvalgene.no\/fug\/#\/schema\/logo\/image\/","url":"https:\/\/foreldreutvalgene.no\/fug\/wp-content\/uploads\/sites\/3\/2021\/06\/footer-logo-fug-outlined.svg","contentUrl":"https:\/\/foreldreutvalgene.no\/fug\/wp-content\/uploads\/sites\/3\/2021\/06\/footer-logo-fug-outlined.svg","width":310,"height":73,"caption":"Foreldreutvalget for grunnoppl\u00e6ringen"},"image":{"@id":"https:\/\/foreldreutvalgene.no\/fug\/#\/schema\/logo\/image\/"}}]}},"_links":{"self":[{"href":"https:\/\/foreldreutvalgene.no\/fug\/wp-json\/wp\/v2\/note\/3132","targetHints":{"allow":["GET"]}}],"collection":[{"href":"https:\/\/foreldreutvalgene.no\/fug\/wp-json\/wp\/v2\/note"}],"about":[{"href":"https:\/\/foreldreutvalgene.no\/fug\/wp-json\/wp\/v2\/types\/note"}],"author":[{"embeddable":true,"href":"https:\/\/foreldreutvalgene.no\/fug\/wp-json\/wp\/v2\/users\/9"}],"version-history":[{"count":5,"href":"https:\/\/foreldreutvalgene.no\/fug\/wp-json\/wp\/v2\/note\/3132\/revisions"}],"predecessor-version":[{"id":12000,"href":"https:\/\/foreldreutvalgene.no\/fug\/wp-json\/wp\/v2\/note\/3132\/revisions\/12000"}],"wp:attachment":[{"href":"https:\/\/foreldreutvalgene.no\/fug\/wp-json\/wp\/v2\/media?parent=3132"}],"wp:term":[{"taxonomy":"notecategory","embeddable":true,"href":"https:\/\/foreldreutvalgene.no\/fug\/wp-json\/wp\/v2\/notecategory?post=3132"}],"curies":[{"name":"wp","href":"https:\/\/api.w.org\/{rel}","templated":true}]}}