{"id":3030,"date":"2021-10-19T14:25:00","date_gmt":"2021-10-19T12:25:00","guid":{"rendered":"https:\/\/foreldreutvalgene.no\/fug\/?post_type=note&#038;p=3030"},"modified":"2025-05-13T08:33:04","modified_gmt":"2025-05-13T06:33:04","slug":"ein-skole-for-var-tid","status":"publish","type":"note","link":"https:\/\/foreldreutvalgene.no\/fug\/notater\/ein-skole-for-var-tid\/","title":{"rendered":"Ein skole for v\u00e5r tid"},"content":{"rendered":"\n<figure class=\"wp-block-image size-large is-style-rounded\"><img loading=\"lazy\" decoding=\"async\" width=\"1024\" height=\"683\" src=\"https:\/\/foreldreutvalgene.no\/fug\/wp-content\/uploads\/sites\/3\/2022\/03\/inkludering-1024x683.jpg\" alt=\"Biletet syner to barn som formar eit hjarte med hendene sine\" class=\"wp-image-2632\" srcset=\"https:\/\/foreldreutvalgene.no\/fug\/wp-content\/uploads\/sites\/3\/2022\/03\/inkludering-1024x683.jpg 1024w, https:\/\/foreldreutvalgene.no\/fug\/wp-content\/uploads\/sites\/3\/2022\/03\/inkludering-300x200.jpg 300w, https:\/\/foreldreutvalgene.no\/fug\/wp-content\/uploads\/sites\/3\/2022\/03\/inkludering-768x512.jpg 768w, https:\/\/foreldreutvalgene.no\/fug\/wp-content\/uploads\/sites\/3\/2022\/03\/inkludering-1536x1024.jpg 1536w, https:\/\/foreldreutvalgene.no\/fug\/wp-content\/uploads\/sites\/3\/2022\/03\/inkludering-620x413.jpg 620w, https:\/\/foreldreutvalgene.no\/fug\/wp-content\/uploads\/sites\/3\/2022\/03\/inkludering-120x80.jpg 120w, https:\/\/foreldreutvalgene.no\/fug\/wp-content\/uploads\/sites\/3\/2022\/03\/inkludering-320x213.jpg 320w, https:\/\/foreldreutvalgene.no\/fug\/wp-content\/uploads\/sites\/3\/2022\/03\/inkludering-1440x960.jpg 1440w, https:\/\/foreldreutvalgene.no\/fug\/wp-content\/uploads\/sites\/3\/2022\/03\/inkludering.jpg 1920w\" sizes=\"auto, (max-width: 1024px) 100vw, 1024px\" \/><figcaption class=\"wp-element-caption\">Biletet syner to barn som formar eit hjarte med hendene sine<\/figcaption><\/figure>\n\n\n\n<p><strong>Fug har svara p\u00e5 h\u00f8yring av ekspertgrupperapporten &laquo;En skole for v\u00e5r tid&raquo;. Vi undrast over at skule-heim perspektivet ikkje kjem tydeligare fram i rapporten.<\/strong><\/p>\n\n\n\n<p>Kunnskapsdepartementet sende sluttrapporten fr\u00e5 ekspertgruppa for skolebidrag &laquo;En skole for v\u00e5r tid&raquo; p\u00e5 h\u00f8yring 21. juni. Rapporten beskriv kjenneteikn ved skolar som lukkast med \u00e5 l\u00f8fte elevane, og kva som skal til for at skolar med l\u00e5gt skolebidrag kan f\u00e5 auka kvalitet.<\/p>\n\n\n\n<p><a href=\"https:\/\/www.regjeringen.no\/no\/dokumenter\/test\/id2857303\/\">Her kan du lese heile rapporten.<\/a><\/p>\n\n\n\n<h2 class=\"wp-block-heading\" id=\"h-relasjonen-heim-skole\">Relasjonen heim-skole<\/h2>\n\n\n\n<p>FUG saknar eit tydelegare fokus p\u00e5 tydinga av gode relasjonar mellom heim og skole, og peika p\u00e5 ei rekke forsknings- og unders\u00f8kingsrapportar i denne samanhengen. FUG har tidlegare i prosessen ogs\u00e5 vist til dette utan at ein finn s\u00e6rlege spor av dette i sluttrapporten. Dette undrer vi oss over.<\/p>\n\n\n\n<p>Heile h\u00f8yringssvaret fr\u00e5 FUG finn du nedst p\u00e5 sida.<\/p>\n","protected":false},"author":9,"template":"","notecategory":[32],"class_list":["post-3030","note","type-note","status-publish","hentry","notecategory-hoeringsinnspill"],"acf":[],"yoast_head":"<!-- This site is optimized with the Yoast SEO Premium plugin v27.4 (Yoast SEO v27.4) - https:\/\/yoast.com\/product\/yoast-seo-premium-wordpress\/ -->\n<title>Ein skole for v\u00e5r tid - Foreldreutvalget for grunnoppl\u00e6ringen<\/title>\n<meta name=\"description\" content=\"https:\/\/foreldreutvalgene.no\/fug\/?post_type=note&amp;p=3030&amp;preview=true\" \/>\n<meta name=\"robots\" content=\"index, follow, max-snippet:-1, max-image-preview:large, max-video-preview:-1\" \/>\n<link rel=\"canonical\" href=\"https:\/\/foreldreutvalgene.no\/fug\/notater\/ein-skole-for-var-tid\/\" \/>\n<meta property=\"og:locale\" content=\"nb_NO\" \/>\n<meta property=\"og:type\" content=\"article\" \/>\n<meta property=\"og:title\" content=\"Ein skole for v\u00e5r tid\" \/>\n<meta property=\"og:description\" content=\"https:\/\/foreldreutvalgene.no\/fug\/?post_type=note&amp;p=3030&amp;preview=true\" \/>\n<meta property=\"og:url\" content=\"https:\/\/foreldreutvalgene.no\/fug\/notater\/ein-skole-for-var-tid\/\" \/>\n<meta property=\"og:site_name\" content=\"Foreldreutvalget for grunnoppl\u00e6ringen\" \/>\n<meta property=\"article:modified_time\" content=\"2025-05-13T06:33:04+00:00\" \/>\n<meta property=\"og:image\" content=\"https:\/\/foreldreutvalgene.no\/fug\/wp-content\/uploads\/sites\/3\/2022\/03\/inkludering-1024x683.jpg\" \/>\n<meta name=\"twitter:card\" content=\"summary_large_image\" \/>\n<meta name=\"twitter:label1\" content=\"Ansl. lesetid\" \/>\n\t<meta name=\"twitter:data1\" content=\"1 minutt\" \/>\n<script type=\"application\/ld+json\" class=\"yoast-schema-graph\">{\"@context\":\"https:\\\/\\\/schema.org\",\"@graph\":[{\"@type\":\"WebPage\",\"@id\":\"https:\\\/\\\/foreldreutvalgene.no\\\/fug\\\/notater\\\/ein-skole-for-var-tid\\\/\",\"url\":\"https:\\\/\\\/foreldreutvalgene.no\\\/fug\\\/notater\\\/ein-skole-for-var-tid\\\/\",\"name\":\"Ein skole for v\u00e5r tid - Foreldreutvalget for grunnoppl\u00e6ringen\",\"isPartOf\":{\"@id\":\"https:\\\/\\\/foreldreutvalgene.no\\\/fug\\\/#website\"},\"primaryImageOfPage\":{\"@id\":\"https:\\\/\\\/foreldreutvalgene.no\\\/fug\\\/notater\\\/ein-skole-for-var-tid\\\/#primaryimage\"},\"image\":{\"@id\":\"https:\\\/\\\/foreldreutvalgene.no\\\/fug\\\/notater\\\/ein-skole-for-var-tid\\\/#primaryimage\"},\"thumbnailUrl\":\"https:\\\/\\\/foreldreutvalgene.no\\\/fug\\\/wp-content\\\/uploads\\\/sites\\\/3\\\/2022\\\/03\\\/inkludering-1024x683.jpg\",\"datePublished\":\"2021-10-19T12:25:00+00:00\",\"dateModified\":\"2025-05-13T06:33:04+00:00\",\"description\":\"https:\\\/\\\/foreldreutvalgene.no\\\/fug\\\/?post_type=note&p=3030&preview=true\",\"breadcrumb\":{\"@id\":\"https:\\\/\\\/foreldreutvalgene.no\\\/fug\\\/notater\\\/ein-skole-for-var-tid\\\/#breadcrumb\"},\"inLanguage\":\"nb-NO\",\"potentialAction\":[{\"@type\":\"ReadAction\",\"target\":[\"https:\\\/\\\/foreldreutvalgene.no\\\/fug\\\/notater\\\/ein-skole-for-var-tid\\\/\"]}]},{\"@type\":\"ImageObject\",\"inLanguage\":\"nb-NO\",\"@id\":\"https:\\\/\\\/foreldreutvalgene.no\\\/fug\\\/notater\\\/ein-skole-for-var-tid\\\/#primaryimage\",\"url\":\"https:\\\/\\\/foreldreutvalgene.no\\\/fug\\\/wp-content\\\/uploads\\\/sites\\\/3\\\/2022\\\/03\\\/inkludering.jpg\",\"contentUrl\":\"https:\\\/\\\/foreldreutvalgene.no\\\/fug\\\/wp-content\\\/uploads\\\/sites\\\/3\\\/2022\\\/03\\\/inkludering.jpg\",\"width\":1920,\"height\":1280,\"caption\":\"Biletet syner to barn som formar eit hjarte med hendene sine\"},{\"@type\":\"BreadcrumbList\",\"@id\":\"https:\\\/\\\/foreldreutvalgene.no\\\/fug\\\/notater\\\/ein-skole-for-var-tid\\\/#breadcrumb\",\"itemListElement\":[{\"@type\":\"ListItem\",\"position\":1,\"name\":\"Home\",\"item\":\"https:\\\/\\\/foreldreutvalgene.no\\\/fug\\\/\"},{\"@type\":\"ListItem\",\"position\":2,\"name\":\"Notater\",\"item\":\"https:\\\/\\\/foreldreutvalgene.no\\\/fug\\\/notater\\\/\"},{\"@type\":\"ListItem\",\"position\":3,\"name\":\"Ein skole for v\u00e5r tid\"}]},{\"@type\":\"WebSite\",\"@id\":\"https:\\\/\\\/foreldreutvalgene.no\\\/fug\\\/#website\",\"url\":\"https:\\\/\\\/foreldreutvalgene.no\\\/fug\\\/\",\"name\":\"Foreldreutvalget for grunnoppl\u00e6ringen\",\"description\":\"\",\"publisher\":{\"@id\":\"https:\\\/\\\/foreldreutvalgene.no\\\/fug\\\/#organization\"},\"potentialAction\":[{\"@type\":\"SearchAction\",\"target\":{\"@type\":\"EntryPoint\",\"urlTemplate\":\"https:\\\/\\\/foreldreutvalgene.no\\\/fug\\\/?s={search_term_string}\"},\"query-input\":{\"@type\":\"PropertyValueSpecification\",\"valueRequired\":true,\"valueName\":\"search_term_string\"}}],\"inLanguage\":\"nb-NO\"},{\"@type\":\"Organization\",\"@id\":\"https:\\\/\\\/foreldreutvalgene.no\\\/fug\\\/#organization\",\"name\":\"Foreldreutvalget for grunnoppl\u00e6ringen\",\"url\":\"https:\\\/\\\/foreldreutvalgene.no\\\/fug\\\/\",\"logo\":{\"@type\":\"ImageObject\",\"inLanguage\":\"nb-NO\",\"@id\":\"https:\\\/\\\/foreldreutvalgene.no\\\/fug\\\/#\\\/schema\\\/logo\\\/image\\\/\",\"url\":\"https:\\\/\\\/foreldreutvalgene.no\\\/fug\\\/wp-content\\\/uploads\\\/sites\\\/3\\\/2021\\\/06\\\/footer-logo-fug-outlined.svg\",\"contentUrl\":\"https:\\\/\\\/foreldreutvalgene.no\\\/fug\\\/wp-content\\\/uploads\\\/sites\\\/3\\\/2021\\\/06\\\/footer-logo-fug-outlined.svg\",\"width\":310,\"height\":73,\"caption\":\"Foreldreutvalget for grunnoppl\u00e6ringen\"},\"image\":{\"@id\":\"https:\\\/\\\/foreldreutvalgene.no\\\/fug\\\/#\\\/schema\\\/logo\\\/image\\\/\"}}]}<\/script>\n<!-- \/ Yoast SEO Premium plugin. -->","yoast_head_json":{"title":"Ein skole for v\u00e5r tid - Foreldreutvalget for grunnoppl\u00e6ringen","description":"https:\/\/foreldreutvalgene.no\/fug\/?post_type=note&p=3030&preview=true","robots":{"index":"index","follow":"follow","max-snippet":"max-snippet:-1","max-image-preview":"max-image-preview:large","max-video-preview":"max-video-preview:-1"},"canonical":"https:\/\/foreldreutvalgene.no\/fug\/notater\/ein-skole-for-var-tid\/","og_locale":"nb_NO","og_type":"article","og_title":"Ein skole for v\u00e5r tid","og_description":"https:\/\/foreldreutvalgene.no\/fug\/?post_type=note&p=3030&preview=true","og_url":"https:\/\/foreldreutvalgene.no\/fug\/notater\/ein-skole-for-var-tid\/","og_site_name":"Foreldreutvalget for grunnoppl\u00e6ringen","article_modified_time":"2025-05-13T06:33:04+00:00","og_image":[{"url":"https:\/\/foreldreutvalgene.no\/fug\/wp-content\/uploads\/sites\/3\/2022\/03\/inkludering-1024x683.jpg","type":"","width":"","height":""}],"twitter_card":"summary_large_image","twitter_misc":{"Ansl. lesetid":"1 minutt"},"schema":{"@context":"https:\/\/schema.org","@graph":[{"@type":"WebPage","@id":"https:\/\/foreldreutvalgene.no\/fug\/notater\/ein-skole-for-var-tid\/","url":"https:\/\/foreldreutvalgene.no\/fug\/notater\/ein-skole-for-var-tid\/","name":"Ein skole for v\u00e5r tid - Foreldreutvalget for grunnoppl\u00e6ringen","isPartOf":{"@id":"https:\/\/foreldreutvalgene.no\/fug\/#website"},"primaryImageOfPage":{"@id":"https:\/\/foreldreutvalgene.no\/fug\/notater\/ein-skole-for-var-tid\/#primaryimage"},"image":{"@id":"https:\/\/foreldreutvalgene.no\/fug\/notater\/ein-skole-for-var-tid\/#primaryimage"},"thumbnailUrl":"https:\/\/foreldreutvalgene.no\/fug\/wp-content\/uploads\/sites\/3\/2022\/03\/inkludering-1024x683.jpg","datePublished":"2021-10-19T12:25:00+00:00","dateModified":"2025-05-13T06:33:04+00:00","description":"https:\/\/foreldreutvalgene.no\/fug\/?post_type=note&p=3030&preview=true","breadcrumb":{"@id":"https:\/\/foreldreutvalgene.no\/fug\/notater\/ein-skole-for-var-tid\/#breadcrumb"},"inLanguage":"nb-NO","potentialAction":[{"@type":"ReadAction","target":["https:\/\/foreldreutvalgene.no\/fug\/notater\/ein-skole-for-var-tid\/"]}]},{"@type":"ImageObject","inLanguage":"nb-NO","@id":"https:\/\/foreldreutvalgene.no\/fug\/notater\/ein-skole-for-var-tid\/#primaryimage","url":"https:\/\/foreldreutvalgene.no\/fug\/wp-content\/uploads\/sites\/3\/2022\/03\/inkludering.jpg","contentUrl":"https:\/\/foreldreutvalgene.no\/fug\/wp-content\/uploads\/sites\/3\/2022\/03\/inkludering.jpg","width":1920,"height":1280,"caption":"Biletet syner to barn som formar eit hjarte med hendene sine"},{"@type":"BreadcrumbList","@id":"https:\/\/foreldreutvalgene.no\/fug\/notater\/ein-skole-for-var-tid\/#breadcrumb","itemListElement":[{"@type":"ListItem","position":1,"name":"Home","item":"https:\/\/foreldreutvalgene.no\/fug\/"},{"@type":"ListItem","position":2,"name":"Notater","item":"https:\/\/foreldreutvalgene.no\/fug\/notater\/"},{"@type":"ListItem","position":3,"name":"Ein skole for v\u00e5r tid"}]},{"@type":"WebSite","@id":"https:\/\/foreldreutvalgene.no\/fug\/#website","url":"https:\/\/foreldreutvalgene.no\/fug\/","name":"Foreldreutvalget for grunnoppl\u00e6ringen","description":"","publisher":{"@id":"https:\/\/foreldreutvalgene.no\/fug\/#organization"},"potentialAction":[{"@type":"SearchAction","target":{"@type":"EntryPoint","urlTemplate":"https:\/\/foreldreutvalgene.no\/fug\/?s={search_term_string}"},"query-input":{"@type":"PropertyValueSpecification","valueRequired":true,"valueName":"search_term_string"}}],"inLanguage":"nb-NO"},{"@type":"Organization","@id":"https:\/\/foreldreutvalgene.no\/fug\/#organization","name":"Foreldreutvalget for grunnoppl\u00e6ringen","url":"https:\/\/foreldreutvalgene.no\/fug\/","logo":{"@type":"ImageObject","inLanguage":"nb-NO","@id":"https:\/\/foreldreutvalgene.no\/fug\/#\/schema\/logo\/image\/","url":"https:\/\/foreldreutvalgene.no\/fug\/wp-content\/uploads\/sites\/3\/2021\/06\/footer-logo-fug-outlined.svg","contentUrl":"https:\/\/foreldreutvalgene.no\/fug\/wp-content\/uploads\/sites\/3\/2021\/06\/footer-logo-fug-outlined.svg","width":310,"height":73,"caption":"Foreldreutvalget for grunnoppl\u00e6ringen"},"image":{"@id":"https:\/\/foreldreutvalgene.no\/fug\/#\/schema\/logo\/image\/"}}]}},"_links":{"self":[{"href":"https:\/\/foreldreutvalgene.no\/fug\/wp-json\/wp\/v2\/note\/3030","targetHints":{"allow":["GET"]}}],"collection":[{"href":"https:\/\/foreldreutvalgene.no\/fug\/wp-json\/wp\/v2\/note"}],"about":[{"href":"https:\/\/foreldreutvalgene.no\/fug\/wp-json\/wp\/v2\/types\/note"}],"author":[{"embeddable":true,"href":"https:\/\/foreldreutvalgene.no\/fug\/wp-json\/wp\/v2\/users\/9"}],"version-history":[{"count":6,"href":"https:\/\/foreldreutvalgene.no\/fug\/wp-json\/wp\/v2\/note\/3030\/revisions"}],"predecessor-version":[{"id":11956,"href":"https:\/\/foreldreutvalgene.no\/fug\/wp-json\/wp\/v2\/note\/3030\/revisions\/11956"}],"wp:attachment":[{"href":"https:\/\/foreldreutvalgene.no\/fug\/wp-json\/wp\/v2\/media?parent=3030"}],"wp:term":[{"taxonomy":"notecategory","embeddable":true,"href":"https:\/\/foreldreutvalgene.no\/fug\/wp-json\/wp\/v2\/notecategory?post=3030"}],"curies":[{"name":"wp","href":"https:\/\/api.w.org\/{rel}","templated":true}]}}