{"id":12569,"date":"2025-10-05T13:50:06","date_gmt":"2025-10-05T11:50:06","guid":{"rendered":"https:\/\/foreldreutvalgene.no\/fug\/?post_type=note&#038;p=12569"},"modified":"2025-10-03T14:57:12","modified_gmt":"2025-10-03T12:57:12","slug":"rad-for-bruk-av-skjerm-for-barn-unge-og-foresette","status":"publish","type":"note","link":"https:\/\/foreldreutvalgene.no\/fug\/notater\/rad-for-bruk-av-skjerm-for-barn-unge-og-foresette\/","title":{"rendered":"R\u00e5d for bruk av skjerm for barn, unge og f\u00f8resette"},"content":{"rendered":"\n<figure class=\"wp-block-image size-large is-style-rounded\"><img loading=\"lazy\" decoding=\"async\" width=\"1024\" height=\"683\" src=\"https:\/\/foreldreutvalgene.no\/fug\/wp-content\/uploads\/sites\/3\/2025\/10\/Familie-med-nettbrett-1024x683.jpg\" alt=\"\" class=\"wp-image-12570\" srcset=\"https:\/\/foreldreutvalgene.no\/fug\/wp-content\/uploads\/sites\/3\/2025\/10\/Familie-med-nettbrett-1024x683.jpg 1024w, https:\/\/foreldreutvalgene.no\/fug\/wp-content\/uploads\/sites\/3\/2025\/10\/Familie-med-nettbrett-300x200.jpg 300w, https:\/\/foreldreutvalgene.no\/fug\/wp-content\/uploads\/sites\/3\/2025\/10\/Familie-med-nettbrett-768x512.jpg 768w, https:\/\/foreldreutvalgene.no\/fug\/wp-content\/uploads\/sites\/3\/2025\/10\/Familie-med-nettbrett-1536x1024.jpg 1536w, https:\/\/foreldreutvalgene.no\/fug\/wp-content\/uploads\/sites\/3\/2025\/10\/Familie-med-nettbrett-2048x1366.jpg 2048w, https:\/\/foreldreutvalgene.no\/fug\/wp-content\/uploads\/sites\/3\/2025\/10\/Familie-med-nettbrett-620x413.jpg 620w, https:\/\/foreldreutvalgene.no\/fug\/wp-content\/uploads\/sites\/3\/2025\/10\/Familie-med-nettbrett-120x80.jpg 120w, https:\/\/foreldreutvalgene.no\/fug\/wp-content\/uploads\/sites\/3\/2025\/10\/Familie-med-nettbrett-320x213.jpg 320w, https:\/\/foreldreutvalgene.no\/fug\/wp-content\/uploads\/sites\/3\/2025\/10\/Familie-med-nettbrett-1440x960.jpg 1440w\" sizes=\"auto, (max-width: 1024px) 100vw, 1024px\" \/><figcaption class=\"wp-element-caption\">Foto: Colourbox. Biletet syner to vaksne og to barn som er p\u00e5 eit nettbrett.<\/figcaption><\/figure>\n\n\n\n<p><strong>Helsedirektoratet har utarbeidd r\u00e5d for bruk av skjerm blant barn, unge og f\u00f8resette. Desse er allereie tilgjengelege p\u00e5 Helsedirektoratet sine nettsider, og dei har vore ute p\u00e5 h\u00f8yring. FUG har gjeve innspel til r\u00e5da.<\/strong><\/p>\n\n\n\n<p>Frista for \u00e5 svare p\u00e5 h\u00f8yringa gjekk ut 5. oktober.<\/p>\n\n\n\n<p><a href=\"https:\/\/www.helsedirektoratet.no\/faglige-rad\/skjermbruk-blant-barn-unge-og-foresatte\/barn-og-unge\">I denne lenka finn du Skjermr\u00e5d for barn og unge<\/a><\/p>\n\n\n\n<h2 class=\"wp-block-heading\" id=\"h-skjerm-er-ikkje-skjerm-og-alt-handlar-ikkje-om-skjermtid\">&laquo;Skjerm er ikkje skjerm&raquo;, og alt handlar ikkje om skjermtid<\/h2>\n\n\n\n<p>FUG har dei seinare \u00e5ra teke del i ordskiftet knytt til digitalisering og skjermbruk b\u00e5de i og utanfor skolen. Foreldra er viktige f\u00f8rebilete og har stor p\u00e5verknad p\u00e5 om skjermbruken til borna deira er god. I innspela \u00e5re til skjermr\u00e5da har vi peika p\u00e5 dette. Vi har \u00f2g peika p\u00e5 at oppbygginga av r\u00e5da kring aldersgrupper og skjermtid til ei viss grad kjem i vegen for det gode innhaldet. FUG er i fleire samanhengar \u00f2g opptekne av at ein ikkje m\u00e5 skjere all bruk av skjerm over \u00e9in kam.<\/p>\n\n\n\n<p>Du kan laste ned heile h\u00f8yringssvaret fr\u00e5 FUG nedst p\u00e5 sida.<\/p>\n\n\n\n<p><\/p>\n","protected":false},"author":9,"template":"","notecategory":[32],"class_list":["post-12569","note","type-note","status-publish","hentry","notecategory-hoeringsinnspill"],"acf":[],"yoast_head":"<!-- This site is optimized with the Yoast SEO Premium plugin v27.4 (Yoast SEO v27.4) - https:\/\/yoast.com\/product\/yoast-seo-premium-wordpress\/ -->\n<title>R\u00e5d for bruk av skjerm for barn, unge og f\u00f8resette - Foreldreutvalget for grunnoppl\u00e6ringen<\/title>\n<meta name=\"description\" content=\"Foreldra er viktige f\u00f8rebilete og har stor p\u00e5verknad p\u00e5 om skjermbruken til borna deira er god.\" \/>\n<meta name=\"robots\" content=\"index, follow, max-snippet:-1, max-image-preview:large, max-video-preview:-1\" \/>\n<link rel=\"canonical\" href=\"https:\/\/foreldreutvalgene.no\/fug\/notater\/rad-for-bruk-av-skjerm-for-barn-unge-og-foresette\/\" \/>\n<meta property=\"og:locale\" content=\"nb_NO\" \/>\n<meta property=\"og:type\" content=\"article\" \/>\n<meta property=\"og:title\" content=\"R\u00e5d for bruk av skjerm for barn, unge og f\u00f8resette\" \/>\n<meta property=\"og:description\" content=\"Foreldra er viktige f\u00f8rebilete og har stor p\u00e5verknad p\u00e5 om skjermbruken til borna deira er god.\" \/>\n<meta property=\"og:url\" content=\"https:\/\/foreldreutvalgene.no\/fug\/notater\/rad-for-bruk-av-skjerm-for-barn-unge-og-foresette\/\" \/>\n<meta property=\"og:site_name\" content=\"Foreldreutvalget for grunnoppl\u00e6ringen\" \/>\n<meta property=\"og:image\" content=\"https:\/\/foreldreutvalgene.no\/fug\/wp-content\/uploads\/sites\/3\/2025\/10\/Familie-med-nettbrett-scaled.jpg\" \/>\n\t<meta property=\"og:image:width\" content=\"2560\" \/>\n\t<meta property=\"og:image:height\" content=\"1707\" \/>\n\t<meta property=\"og:image:type\" content=\"image\/jpeg\" \/>\n<meta name=\"twitter:card\" content=\"summary_large_image\" \/>\n<meta name=\"twitter:label1\" content=\"Ansl. lesetid\" \/>\n\t<meta name=\"twitter:data1\" content=\"2 minutter\" \/>\n<script type=\"application\/ld+json\" class=\"yoast-schema-graph\">{\"@context\":\"https:\\\/\\\/schema.org\",\"@graph\":[{\"@type\":\"WebPage\",\"@id\":\"https:\\\/\\\/foreldreutvalgene.no\\\/fug\\\/notater\\\/rad-for-bruk-av-skjerm-for-barn-unge-og-foresette\\\/\",\"url\":\"https:\\\/\\\/foreldreutvalgene.no\\\/fug\\\/notater\\\/rad-for-bruk-av-skjerm-for-barn-unge-og-foresette\\\/\",\"name\":\"R\u00e5d for bruk av skjerm for barn, unge og f\u00f8resette - Foreldreutvalget for grunnoppl\u00e6ringen\",\"isPartOf\":{\"@id\":\"https:\\\/\\\/foreldreutvalgene.no\\\/fug\\\/#website\"},\"primaryImageOfPage\":{\"@id\":\"https:\\\/\\\/foreldreutvalgene.no\\\/fug\\\/notater\\\/rad-for-bruk-av-skjerm-for-barn-unge-og-foresette\\\/#primaryimage\"},\"image\":{\"@id\":\"https:\\\/\\\/foreldreutvalgene.no\\\/fug\\\/notater\\\/rad-for-bruk-av-skjerm-for-barn-unge-og-foresette\\\/#primaryimage\"},\"thumbnailUrl\":\"https:\\\/\\\/foreldreutvalgene.no\\\/fug\\\/wp-content\\\/uploads\\\/sites\\\/3\\\/2025\\\/10\\\/Familie-med-nettbrett-1024x683.jpg\",\"datePublished\":\"2025-10-05T11:50:06+00:00\",\"description\":\"Foreldra er viktige f\u00f8rebilete og har stor p\u00e5verknad p\u00e5 om skjermbruken til borna deira er god.\",\"breadcrumb\":{\"@id\":\"https:\\\/\\\/foreldreutvalgene.no\\\/fug\\\/notater\\\/rad-for-bruk-av-skjerm-for-barn-unge-og-foresette\\\/#breadcrumb\"},\"inLanguage\":\"nb-NO\",\"potentialAction\":[{\"@type\":\"ReadAction\",\"target\":[\"https:\\\/\\\/foreldreutvalgene.no\\\/fug\\\/notater\\\/rad-for-bruk-av-skjerm-for-barn-unge-og-foresette\\\/\"]}]},{\"@type\":\"ImageObject\",\"inLanguage\":\"nb-NO\",\"@id\":\"https:\\\/\\\/foreldreutvalgene.no\\\/fug\\\/notater\\\/rad-for-bruk-av-skjerm-for-barn-unge-og-foresette\\\/#primaryimage\",\"url\":\"https:\\\/\\\/foreldreutvalgene.no\\\/fug\\\/wp-content\\\/uploads\\\/sites\\\/3\\\/2025\\\/10\\\/Familie-med-nettbrett-scaled.jpg\",\"contentUrl\":\"https:\\\/\\\/foreldreutvalgene.no\\\/fug\\\/wp-content\\\/uploads\\\/sites\\\/3\\\/2025\\\/10\\\/Familie-med-nettbrett-scaled.jpg\",\"width\":2560,\"height\":1707},{\"@type\":\"BreadcrumbList\",\"@id\":\"https:\\\/\\\/foreldreutvalgene.no\\\/fug\\\/notater\\\/rad-for-bruk-av-skjerm-for-barn-unge-og-foresette\\\/#breadcrumb\",\"itemListElement\":[{\"@type\":\"ListItem\",\"position\":1,\"name\":\"Home\",\"item\":\"https:\\\/\\\/foreldreutvalgene.no\\\/fug\\\/\"},{\"@type\":\"ListItem\",\"position\":2,\"name\":\"Notater\",\"item\":\"https:\\\/\\\/foreldreutvalgene.no\\\/fug\\\/notater\\\/\"},{\"@type\":\"ListItem\",\"position\":3,\"name\":\"R\u00e5d for bruk av skjerm for barn, unge og f\u00f8resette\"}]},{\"@type\":\"WebSite\",\"@id\":\"https:\\\/\\\/foreldreutvalgene.no\\\/fug\\\/#website\",\"url\":\"https:\\\/\\\/foreldreutvalgene.no\\\/fug\\\/\",\"name\":\"Foreldreutvalget for grunnoppl\u00e6ringen\",\"description\":\"\",\"publisher\":{\"@id\":\"https:\\\/\\\/foreldreutvalgene.no\\\/fug\\\/#organization\"},\"potentialAction\":[{\"@type\":\"SearchAction\",\"target\":{\"@type\":\"EntryPoint\",\"urlTemplate\":\"https:\\\/\\\/foreldreutvalgene.no\\\/fug\\\/?s={search_term_string}\"},\"query-input\":{\"@type\":\"PropertyValueSpecification\",\"valueRequired\":true,\"valueName\":\"search_term_string\"}}],\"inLanguage\":\"nb-NO\"},{\"@type\":\"Organization\",\"@id\":\"https:\\\/\\\/foreldreutvalgene.no\\\/fug\\\/#organization\",\"name\":\"Foreldreutvalget for grunnoppl\u00e6ringen\",\"url\":\"https:\\\/\\\/foreldreutvalgene.no\\\/fug\\\/\",\"logo\":{\"@type\":\"ImageObject\",\"inLanguage\":\"nb-NO\",\"@id\":\"https:\\\/\\\/foreldreutvalgene.no\\\/fug\\\/#\\\/schema\\\/logo\\\/image\\\/\",\"url\":\"https:\\\/\\\/foreldreutvalgene.no\\\/fug\\\/wp-content\\\/uploads\\\/sites\\\/3\\\/2021\\\/06\\\/footer-logo-fug-outlined.svg\",\"contentUrl\":\"https:\\\/\\\/foreldreutvalgene.no\\\/fug\\\/wp-content\\\/uploads\\\/sites\\\/3\\\/2021\\\/06\\\/footer-logo-fug-outlined.svg\",\"width\":310,\"height\":73,\"caption\":\"Foreldreutvalget for grunnoppl\u00e6ringen\"},\"image\":{\"@id\":\"https:\\\/\\\/foreldreutvalgene.no\\\/fug\\\/#\\\/schema\\\/logo\\\/image\\\/\"}}]}<\/script>\n<!-- \/ Yoast SEO Premium plugin. -->","yoast_head_json":{"title":"R\u00e5d for bruk av skjerm for barn, unge og f\u00f8resette - Foreldreutvalget for grunnoppl\u00e6ringen","description":"Foreldra er viktige f\u00f8rebilete og har stor p\u00e5verknad p\u00e5 om skjermbruken til borna deira er god.","robots":{"index":"index","follow":"follow","max-snippet":"max-snippet:-1","max-image-preview":"max-image-preview:large","max-video-preview":"max-video-preview:-1"},"canonical":"https:\/\/foreldreutvalgene.no\/fug\/notater\/rad-for-bruk-av-skjerm-for-barn-unge-og-foresette\/","og_locale":"nb_NO","og_type":"article","og_title":"R\u00e5d for bruk av skjerm for barn, unge og f\u00f8resette","og_description":"Foreldra er viktige f\u00f8rebilete og har stor p\u00e5verknad p\u00e5 om skjermbruken til borna deira er god.","og_url":"https:\/\/foreldreutvalgene.no\/fug\/notater\/rad-for-bruk-av-skjerm-for-barn-unge-og-foresette\/","og_site_name":"Foreldreutvalget for grunnoppl\u00e6ringen","og_image":[{"width":2560,"height":1707,"url":"https:\/\/foreldreutvalgene.no\/fug\/wp-content\/uploads\/sites\/3\/2025\/10\/Familie-med-nettbrett-scaled.jpg","type":"image\/jpeg"}],"twitter_card":"summary_large_image","twitter_misc":{"Ansl. lesetid":"2 minutter"},"schema":{"@context":"https:\/\/schema.org","@graph":[{"@type":"WebPage","@id":"https:\/\/foreldreutvalgene.no\/fug\/notater\/rad-for-bruk-av-skjerm-for-barn-unge-og-foresette\/","url":"https:\/\/foreldreutvalgene.no\/fug\/notater\/rad-for-bruk-av-skjerm-for-barn-unge-og-foresette\/","name":"R\u00e5d for bruk av skjerm for barn, unge og f\u00f8resette - Foreldreutvalget for grunnoppl\u00e6ringen","isPartOf":{"@id":"https:\/\/foreldreutvalgene.no\/fug\/#website"},"primaryImageOfPage":{"@id":"https:\/\/foreldreutvalgene.no\/fug\/notater\/rad-for-bruk-av-skjerm-for-barn-unge-og-foresette\/#primaryimage"},"image":{"@id":"https:\/\/foreldreutvalgene.no\/fug\/notater\/rad-for-bruk-av-skjerm-for-barn-unge-og-foresette\/#primaryimage"},"thumbnailUrl":"https:\/\/foreldreutvalgene.no\/fug\/wp-content\/uploads\/sites\/3\/2025\/10\/Familie-med-nettbrett-1024x683.jpg","datePublished":"2025-10-05T11:50:06+00:00","description":"Foreldra er viktige f\u00f8rebilete og har stor p\u00e5verknad p\u00e5 om skjermbruken til borna deira er god.","breadcrumb":{"@id":"https:\/\/foreldreutvalgene.no\/fug\/notater\/rad-for-bruk-av-skjerm-for-barn-unge-og-foresette\/#breadcrumb"},"inLanguage":"nb-NO","potentialAction":[{"@type":"ReadAction","target":["https:\/\/foreldreutvalgene.no\/fug\/notater\/rad-for-bruk-av-skjerm-for-barn-unge-og-foresette\/"]}]},{"@type":"ImageObject","inLanguage":"nb-NO","@id":"https:\/\/foreldreutvalgene.no\/fug\/notater\/rad-for-bruk-av-skjerm-for-barn-unge-og-foresette\/#primaryimage","url":"https:\/\/foreldreutvalgene.no\/fug\/wp-content\/uploads\/sites\/3\/2025\/10\/Familie-med-nettbrett-scaled.jpg","contentUrl":"https:\/\/foreldreutvalgene.no\/fug\/wp-content\/uploads\/sites\/3\/2025\/10\/Familie-med-nettbrett-scaled.jpg","width":2560,"height":1707},{"@type":"BreadcrumbList","@id":"https:\/\/foreldreutvalgene.no\/fug\/notater\/rad-for-bruk-av-skjerm-for-barn-unge-og-foresette\/#breadcrumb","itemListElement":[{"@type":"ListItem","position":1,"name":"Home","item":"https:\/\/foreldreutvalgene.no\/fug\/"},{"@type":"ListItem","position":2,"name":"Notater","item":"https:\/\/foreldreutvalgene.no\/fug\/notater\/"},{"@type":"ListItem","position":3,"name":"R\u00e5d for bruk av skjerm for barn, unge og f\u00f8resette"}]},{"@type":"WebSite","@id":"https:\/\/foreldreutvalgene.no\/fug\/#website","url":"https:\/\/foreldreutvalgene.no\/fug\/","name":"Foreldreutvalget for grunnoppl\u00e6ringen","description":"","publisher":{"@id":"https:\/\/foreldreutvalgene.no\/fug\/#organization"},"potentialAction":[{"@type":"SearchAction","target":{"@type":"EntryPoint","urlTemplate":"https:\/\/foreldreutvalgene.no\/fug\/?s={search_term_string}"},"query-input":{"@type":"PropertyValueSpecification","valueRequired":true,"valueName":"search_term_string"}}],"inLanguage":"nb-NO"},{"@type":"Organization","@id":"https:\/\/foreldreutvalgene.no\/fug\/#organization","name":"Foreldreutvalget for grunnoppl\u00e6ringen","url":"https:\/\/foreldreutvalgene.no\/fug\/","logo":{"@type":"ImageObject","inLanguage":"nb-NO","@id":"https:\/\/foreldreutvalgene.no\/fug\/#\/schema\/logo\/image\/","url":"https:\/\/foreldreutvalgene.no\/fug\/wp-content\/uploads\/sites\/3\/2021\/06\/footer-logo-fug-outlined.svg","contentUrl":"https:\/\/foreldreutvalgene.no\/fug\/wp-content\/uploads\/sites\/3\/2021\/06\/footer-logo-fug-outlined.svg","width":310,"height":73,"caption":"Foreldreutvalget for grunnoppl\u00e6ringen"},"image":{"@id":"https:\/\/foreldreutvalgene.no\/fug\/#\/schema\/logo\/image\/"}}]}},"_links":{"self":[{"href":"https:\/\/foreldreutvalgene.no\/fug\/wp-json\/wp\/v2\/note\/12569","targetHints":{"allow":["GET"]}}],"collection":[{"href":"https:\/\/foreldreutvalgene.no\/fug\/wp-json\/wp\/v2\/note"}],"about":[{"href":"https:\/\/foreldreutvalgene.no\/fug\/wp-json\/wp\/v2\/types\/note"}],"author":[{"embeddable":true,"href":"https:\/\/foreldreutvalgene.no\/fug\/wp-json\/wp\/v2\/users\/9"}],"version-history":[{"count":3,"href":"https:\/\/foreldreutvalgene.no\/fug\/wp-json\/wp\/v2\/note\/12569\/revisions"}],"predecessor-version":[{"id":12576,"href":"https:\/\/foreldreutvalgene.no\/fug\/wp-json\/wp\/v2\/note\/12569\/revisions\/12576"}],"wp:attachment":[{"href":"https:\/\/foreldreutvalgene.no\/fug\/wp-json\/wp\/v2\/media?parent=12569"}],"wp:term":[{"taxonomy":"notecategory","embeddable":true,"href":"https:\/\/foreldreutvalgene.no\/fug\/wp-json\/wp\/v2\/notecategory?post=12569"}],"curies":[{"name":"wp","href":"https:\/\/api.w.org\/{rel}","templated":true}]}}