{"id":11822,"date":"2025-03-31T14:50:42","date_gmt":"2025-03-31T12:50:42","guid":{"rendered":"https:\/\/foreldreutvalgene.no\/fug\/?post_type=note&#038;p=11822"},"modified":"2025-03-31T14:50:43","modified_gmt":"2025-03-31T12:50:43","slug":"lovfesta-rett-til-gratis-sfo","status":"publish","type":"note","link":"https:\/\/foreldreutvalgene.no\/fug\/notater\/lovfesta-rett-til-gratis-sfo\/","title":{"rendered":"Lovfesta rett til gratis SFO"},"content":{"rendered":"\n<figure class=\"wp-block-image size-large is-style-rounded\"><img loading=\"lazy\" decoding=\"async\" width=\"1024\" height=\"683\" src=\"https:\/\/foreldreutvalgene.no\/fug\/wp-content\/uploads\/sites\/3\/2021\/06\/skolefritidsordningen-sfo-fug-1024x683.jpg\" alt=\"skolefritidsordningen sfo\" class=\"wp-image-567\" srcset=\"https:\/\/foreldreutvalgene.no\/fug\/wp-content\/uploads\/sites\/3\/2021\/06\/skolefritidsordningen-sfo-fug-1024x683.jpg 1024w, https:\/\/foreldreutvalgene.no\/fug\/wp-content\/uploads\/sites\/3\/2021\/06\/skolefritidsordningen-sfo-fug-300x200.jpg 300w, https:\/\/foreldreutvalgene.no\/fug\/wp-content\/uploads\/sites\/3\/2021\/06\/skolefritidsordningen-sfo-fug-768x512.jpg 768w, https:\/\/foreldreutvalgene.no\/fug\/wp-content\/uploads\/sites\/3\/2021\/06\/skolefritidsordningen-sfo-fug-1536x1024.jpg 1536w, https:\/\/foreldreutvalgene.no\/fug\/wp-content\/uploads\/sites\/3\/2021\/06\/skolefritidsordningen-sfo-fug.jpg 1920w\" sizes=\"auto, (max-width: 1024px) 100vw, 1024px\" \/><figcaption class=\"wp-element-caption\">Biletet viser ei jente i leik p\u00e5 SFO<\/figcaption><\/figure>\n\n\n\n<p><strong>Dei seinare \u00e5ra har regjeringa trappa opp retten til 12 timar gratis SFO for skolebarn. S\u00e5 langt har ikkje dette gjort at ein er sikra plass i SFO om ein ynskjer det. N\u00e5 har Regjeringa sett fram forslag om at alle barn ip\u00e5 1.- til 4. trinn skal ha rett til gratis SFO 12 timar i veka. Forslaget er ute p\u00e5 h\u00f8yring, og FUG har svara p\u00e5 h\u00f8yringa.<\/strong><\/p>\n\n\n\n<p>Frista for \u00e5 svare p\u00e5 h\u00f8yringa gjekk ut i dag 31. mars.<\/p>\n\n\n\n<p>Du finn grunngjevinga og det konkrete lovforslaget <a href=\"https:\/\/www.regjeringen.no\/contentassets\/ceac7b7bdd344725b2d49121db806f92\/horingsnotat-med-forslag-om-a-lovfeste-en-rett-til-12-timer-gratis-skolefritidsordning-for-elever-pa-1.-til-3.-trinn.pdf\">HER<\/a>.<\/p>\n\n\n\n<h2 class=\"wp-block-heading\" id=\"h-fryktar-at-det-kan-skade-kvaliteten-i-sfo\">Fryktar at det kan skade kvaliteten i SFO<\/h2>\n\n\n\n<p>FUG har i sitt h\u00f8yringssvar uttrykt st\u00f8tte til at ein lovfestar ei rett til 12 timar gratis SFO for 1.-4. trinn. FUG syner samstundes til at ei evaluering av rammeplanen for SFO syner at fleire barn, som fylgje av at SFO vert gratis, legg press p\u00e5 kommunane og er eigna til \u00e5 skade kvaliteten i SFO. Dei har difor peika p\u00e5 at det m\u00e5 gjerast noko meir med \u00f8konomi og krav til bemanning og areal f\u00f8r ein kan realisere ei slik ordning.<\/p>\n\n\n\n<p>Du kan laste ned heile h\u00f8yringssvaret fr\u00e5 FUG nedst p\u00e5 sida.<\/p>\n","protected":false},"author":9,"template":"","notecategory":[32],"class_list":["post-11822","note","type-note","status-publish","hentry","notecategory-hoeringsinnspill"],"acf":[],"yoast_head":"<!-- This site is optimized with the Yoast SEO Premium plugin v27.4 (Yoast SEO v27.4) - https:\/\/yoast.com\/product\/yoast-seo-premium-wordpress\/ -->\n<title>Lovfesta rett til gratis SFO - Foreldreutvalget for grunnoppl\u00e6ringen<\/title>\n<meta name=\"description\" content=\"FUG har i sitt h\u00f8yringssvar uttrykt st\u00f8tte til forslaget, men at det m\u00e5 gjerast noko meir med \u00f8konomi og krav til bemanning og areal f\u00f8r ein kan realisere ei slik ordning.\" \/>\n<meta name=\"robots\" content=\"index, follow, max-snippet:-1, max-image-preview:large, max-video-preview:-1\" \/>\n<link rel=\"canonical\" href=\"https:\/\/foreldreutvalgene.no\/fug\/notater\/lovfesta-rett-til-gratis-sfo\/\" \/>\n<meta property=\"og:locale\" content=\"nb_NO\" \/>\n<meta property=\"og:type\" content=\"article\" \/>\n<meta property=\"og:title\" content=\"Lovfesta rett til gratis SFO\" \/>\n<meta property=\"og:description\" content=\"FUG har i sitt h\u00f8yringssvar uttrykt st\u00f8tte til forslaget, men at det m\u00e5 gjerast noko meir med \u00f8konomi og krav til bemanning og areal f\u00f8r ein kan realisere ei slik ordning.\" \/>\n<meta property=\"og:url\" content=\"https:\/\/foreldreutvalgene.no\/fug\/notater\/lovfesta-rett-til-gratis-sfo\/\" \/>\n<meta property=\"og:site_name\" content=\"Foreldreutvalget for grunnoppl\u00e6ringen\" \/>\n<meta property=\"article:modified_time\" content=\"2025-03-31T12:50:43+00:00\" \/>\n<meta property=\"og:image\" content=\"https:\/\/foreldreutvalgene.no\/fug\/wp-content\/uploads\/sites\/3\/2021\/06\/skolefritidsordningen-sfo-fug-1024x683.jpg\" \/>\n<meta name=\"twitter:card\" content=\"summary_large_image\" \/>\n<meta name=\"twitter:label1\" content=\"Ansl. lesetid\" \/>\n\t<meta name=\"twitter:data1\" content=\"2 minutter\" \/>\n<script type=\"application\/ld+json\" class=\"yoast-schema-graph\">{\"@context\":\"https:\\\/\\\/schema.org\",\"@graph\":[{\"@type\":\"WebPage\",\"@id\":\"https:\\\/\\\/foreldreutvalgene.no\\\/fug\\\/notater\\\/lovfesta-rett-til-gratis-sfo\\\/\",\"url\":\"https:\\\/\\\/foreldreutvalgene.no\\\/fug\\\/notater\\\/lovfesta-rett-til-gratis-sfo\\\/\",\"name\":\"Lovfesta rett til gratis SFO - Foreldreutvalget for grunnoppl\u00e6ringen\",\"isPartOf\":{\"@id\":\"https:\\\/\\\/foreldreutvalgene.no\\\/fug\\\/#website\"},\"primaryImageOfPage\":{\"@id\":\"https:\\\/\\\/foreldreutvalgene.no\\\/fug\\\/notater\\\/lovfesta-rett-til-gratis-sfo\\\/#primaryimage\"},\"image\":{\"@id\":\"https:\\\/\\\/foreldreutvalgene.no\\\/fug\\\/notater\\\/lovfesta-rett-til-gratis-sfo\\\/#primaryimage\"},\"thumbnailUrl\":\"https:\\\/\\\/foreldreutvalgene.no\\\/fug\\\/wp-content\\\/uploads\\\/sites\\\/3\\\/2021\\\/06\\\/skolefritidsordningen-sfo-fug-1024x683.jpg\",\"datePublished\":\"2025-03-31T12:50:42+00:00\",\"dateModified\":\"2025-03-31T12:50:43+00:00\",\"description\":\"FUG har i sitt h\u00f8yringssvar uttrykt st\u00f8tte til forslaget, men at det m\u00e5 gjerast noko meir med \u00f8konomi og krav til bemanning og areal f\u00f8r ein kan realisere ei slik ordning.\",\"breadcrumb\":{\"@id\":\"https:\\\/\\\/foreldreutvalgene.no\\\/fug\\\/notater\\\/lovfesta-rett-til-gratis-sfo\\\/#breadcrumb\"},\"inLanguage\":\"nb-NO\",\"potentialAction\":[{\"@type\":\"ReadAction\",\"target\":[\"https:\\\/\\\/foreldreutvalgene.no\\\/fug\\\/notater\\\/lovfesta-rett-til-gratis-sfo\\\/\"]}]},{\"@type\":\"ImageObject\",\"inLanguage\":\"nb-NO\",\"@id\":\"https:\\\/\\\/foreldreutvalgene.no\\\/fug\\\/notater\\\/lovfesta-rett-til-gratis-sfo\\\/#primaryimage\",\"url\":\"https:\\\/\\\/foreldreutvalgene.no\\\/fug\\\/wp-content\\\/uploads\\\/sites\\\/3\\\/2021\\\/06\\\/skolefritidsordningen-sfo-fug.jpg\",\"contentUrl\":\"https:\\\/\\\/foreldreutvalgene.no\\\/fug\\\/wp-content\\\/uploads\\\/sites\\\/3\\\/2021\\\/06\\\/skolefritidsordningen-sfo-fug.jpg\",\"width\":1920,\"height\":1280,\"caption\":\"skolefritidsordningen sfo\"},{\"@type\":\"BreadcrumbList\",\"@id\":\"https:\\\/\\\/foreldreutvalgene.no\\\/fug\\\/notater\\\/lovfesta-rett-til-gratis-sfo\\\/#breadcrumb\",\"itemListElement\":[{\"@type\":\"ListItem\",\"position\":1,\"name\":\"Home\",\"item\":\"https:\\\/\\\/foreldreutvalgene.no\\\/fug\\\/\"},{\"@type\":\"ListItem\",\"position\":2,\"name\":\"Notater\",\"item\":\"https:\\\/\\\/foreldreutvalgene.no\\\/fug\\\/notater\\\/\"},{\"@type\":\"ListItem\",\"position\":3,\"name\":\"Lovfesta rett til gratis SFO\"}]},{\"@type\":\"WebSite\",\"@id\":\"https:\\\/\\\/foreldreutvalgene.no\\\/fug\\\/#website\",\"url\":\"https:\\\/\\\/foreldreutvalgene.no\\\/fug\\\/\",\"name\":\"Foreldreutvalget for grunnoppl\u00e6ringen\",\"description\":\"\",\"publisher\":{\"@id\":\"https:\\\/\\\/foreldreutvalgene.no\\\/fug\\\/#organization\"},\"potentialAction\":[{\"@type\":\"SearchAction\",\"target\":{\"@type\":\"EntryPoint\",\"urlTemplate\":\"https:\\\/\\\/foreldreutvalgene.no\\\/fug\\\/?s={search_term_string}\"},\"query-input\":{\"@type\":\"PropertyValueSpecification\",\"valueRequired\":true,\"valueName\":\"search_term_string\"}}],\"inLanguage\":\"nb-NO\"},{\"@type\":\"Organization\",\"@id\":\"https:\\\/\\\/foreldreutvalgene.no\\\/fug\\\/#organization\",\"name\":\"Foreldreutvalget for grunnoppl\u00e6ringen\",\"url\":\"https:\\\/\\\/foreldreutvalgene.no\\\/fug\\\/\",\"logo\":{\"@type\":\"ImageObject\",\"inLanguage\":\"nb-NO\",\"@id\":\"https:\\\/\\\/foreldreutvalgene.no\\\/fug\\\/#\\\/schema\\\/logo\\\/image\\\/\",\"url\":\"https:\\\/\\\/foreldreutvalgene.no\\\/fug\\\/wp-content\\\/uploads\\\/sites\\\/3\\\/2021\\\/06\\\/footer-logo-fug-outlined.svg\",\"contentUrl\":\"https:\\\/\\\/foreldreutvalgene.no\\\/fug\\\/wp-content\\\/uploads\\\/sites\\\/3\\\/2021\\\/06\\\/footer-logo-fug-outlined.svg\",\"width\":310,\"height\":73,\"caption\":\"Foreldreutvalget for grunnoppl\u00e6ringen\"},\"image\":{\"@id\":\"https:\\\/\\\/foreldreutvalgene.no\\\/fug\\\/#\\\/schema\\\/logo\\\/image\\\/\"}}]}<\/script>\n<!-- \/ Yoast SEO Premium plugin. -->","yoast_head_json":{"title":"Lovfesta rett til gratis SFO - Foreldreutvalget for grunnoppl\u00e6ringen","description":"FUG har i sitt h\u00f8yringssvar uttrykt st\u00f8tte til forslaget, men at det m\u00e5 gjerast noko meir med \u00f8konomi og krav til bemanning og areal f\u00f8r ein kan realisere ei slik ordning.","robots":{"index":"index","follow":"follow","max-snippet":"max-snippet:-1","max-image-preview":"max-image-preview:large","max-video-preview":"max-video-preview:-1"},"canonical":"https:\/\/foreldreutvalgene.no\/fug\/notater\/lovfesta-rett-til-gratis-sfo\/","og_locale":"nb_NO","og_type":"article","og_title":"Lovfesta rett til gratis SFO","og_description":"FUG har i sitt h\u00f8yringssvar uttrykt st\u00f8tte til forslaget, men at det m\u00e5 gjerast noko meir med \u00f8konomi og krav til bemanning og areal f\u00f8r ein kan realisere ei slik ordning.","og_url":"https:\/\/foreldreutvalgene.no\/fug\/notater\/lovfesta-rett-til-gratis-sfo\/","og_site_name":"Foreldreutvalget for grunnoppl\u00e6ringen","article_modified_time":"2025-03-31T12:50:43+00:00","og_image":[{"url":"https:\/\/foreldreutvalgene.no\/fug\/wp-content\/uploads\/sites\/3\/2021\/06\/skolefritidsordningen-sfo-fug-1024x683.jpg","type":"","width":"","height":""}],"twitter_card":"summary_large_image","twitter_misc":{"Ansl. lesetid":"2 minutter"},"schema":{"@context":"https:\/\/schema.org","@graph":[{"@type":"WebPage","@id":"https:\/\/foreldreutvalgene.no\/fug\/notater\/lovfesta-rett-til-gratis-sfo\/","url":"https:\/\/foreldreutvalgene.no\/fug\/notater\/lovfesta-rett-til-gratis-sfo\/","name":"Lovfesta rett til gratis SFO - Foreldreutvalget for grunnoppl\u00e6ringen","isPartOf":{"@id":"https:\/\/foreldreutvalgene.no\/fug\/#website"},"primaryImageOfPage":{"@id":"https:\/\/foreldreutvalgene.no\/fug\/notater\/lovfesta-rett-til-gratis-sfo\/#primaryimage"},"image":{"@id":"https:\/\/foreldreutvalgene.no\/fug\/notater\/lovfesta-rett-til-gratis-sfo\/#primaryimage"},"thumbnailUrl":"https:\/\/foreldreutvalgene.no\/fug\/wp-content\/uploads\/sites\/3\/2021\/06\/skolefritidsordningen-sfo-fug-1024x683.jpg","datePublished":"2025-03-31T12:50:42+00:00","dateModified":"2025-03-31T12:50:43+00:00","description":"FUG har i sitt h\u00f8yringssvar uttrykt st\u00f8tte til forslaget, men at det m\u00e5 gjerast noko meir med \u00f8konomi og krav til bemanning og areal f\u00f8r ein kan realisere ei slik ordning.","breadcrumb":{"@id":"https:\/\/foreldreutvalgene.no\/fug\/notater\/lovfesta-rett-til-gratis-sfo\/#breadcrumb"},"inLanguage":"nb-NO","potentialAction":[{"@type":"ReadAction","target":["https:\/\/foreldreutvalgene.no\/fug\/notater\/lovfesta-rett-til-gratis-sfo\/"]}]},{"@type":"ImageObject","inLanguage":"nb-NO","@id":"https:\/\/foreldreutvalgene.no\/fug\/notater\/lovfesta-rett-til-gratis-sfo\/#primaryimage","url":"https:\/\/foreldreutvalgene.no\/fug\/wp-content\/uploads\/sites\/3\/2021\/06\/skolefritidsordningen-sfo-fug.jpg","contentUrl":"https:\/\/foreldreutvalgene.no\/fug\/wp-content\/uploads\/sites\/3\/2021\/06\/skolefritidsordningen-sfo-fug.jpg","width":1920,"height":1280,"caption":"skolefritidsordningen sfo"},{"@type":"BreadcrumbList","@id":"https:\/\/foreldreutvalgene.no\/fug\/notater\/lovfesta-rett-til-gratis-sfo\/#breadcrumb","itemListElement":[{"@type":"ListItem","position":1,"name":"Home","item":"https:\/\/foreldreutvalgene.no\/fug\/"},{"@type":"ListItem","position":2,"name":"Notater","item":"https:\/\/foreldreutvalgene.no\/fug\/notater\/"},{"@type":"ListItem","position":3,"name":"Lovfesta rett til gratis SFO"}]},{"@type":"WebSite","@id":"https:\/\/foreldreutvalgene.no\/fug\/#website","url":"https:\/\/foreldreutvalgene.no\/fug\/","name":"Foreldreutvalget for grunnoppl\u00e6ringen","description":"","publisher":{"@id":"https:\/\/foreldreutvalgene.no\/fug\/#organization"},"potentialAction":[{"@type":"SearchAction","target":{"@type":"EntryPoint","urlTemplate":"https:\/\/foreldreutvalgene.no\/fug\/?s={search_term_string}"},"query-input":{"@type":"PropertyValueSpecification","valueRequired":true,"valueName":"search_term_string"}}],"inLanguage":"nb-NO"},{"@type":"Organization","@id":"https:\/\/foreldreutvalgene.no\/fug\/#organization","name":"Foreldreutvalget for grunnoppl\u00e6ringen","url":"https:\/\/foreldreutvalgene.no\/fug\/","logo":{"@type":"ImageObject","inLanguage":"nb-NO","@id":"https:\/\/foreldreutvalgene.no\/fug\/#\/schema\/logo\/image\/","url":"https:\/\/foreldreutvalgene.no\/fug\/wp-content\/uploads\/sites\/3\/2021\/06\/footer-logo-fug-outlined.svg","contentUrl":"https:\/\/foreldreutvalgene.no\/fug\/wp-content\/uploads\/sites\/3\/2021\/06\/footer-logo-fug-outlined.svg","width":310,"height":73,"caption":"Foreldreutvalget for grunnoppl\u00e6ringen"},"image":{"@id":"https:\/\/foreldreutvalgene.no\/fug\/#\/schema\/logo\/image\/"}}]}},"_links":{"self":[{"href":"https:\/\/foreldreutvalgene.no\/fug\/wp-json\/wp\/v2\/note\/11822","targetHints":{"allow":["GET"]}}],"collection":[{"href":"https:\/\/foreldreutvalgene.no\/fug\/wp-json\/wp\/v2\/note"}],"about":[{"href":"https:\/\/foreldreutvalgene.no\/fug\/wp-json\/wp\/v2\/types\/note"}],"author":[{"embeddable":true,"href":"https:\/\/foreldreutvalgene.no\/fug\/wp-json\/wp\/v2\/users\/9"}],"version-history":[{"count":2,"href":"https:\/\/foreldreutvalgene.no\/fug\/wp-json\/wp\/v2\/note\/11822\/revisions"}],"predecessor-version":[{"id":11826,"href":"https:\/\/foreldreutvalgene.no\/fug\/wp-json\/wp\/v2\/note\/11822\/revisions\/11826"}],"wp:attachment":[{"href":"https:\/\/foreldreutvalgene.no\/fug\/wp-json\/wp\/v2\/media?parent=11822"}],"wp:term":[{"taxonomy":"notecategory","embeddable":true,"href":"https:\/\/foreldreutvalgene.no\/fug\/wp-json\/wp\/v2\/notecategory?post=11822"}],"curies":[{"name":"wp","href":"https:\/\/api.w.org\/{rel}","templated":true}]}}