{"id":11294,"date":"2024-10-10T11:21:42","date_gmt":"2024-10-10T09:21:42","guid":{"rendered":"https:\/\/foreldreutvalgene.no\/fug\/?post_type=note&#038;p=11294"},"modified":"2025-05-14T14:17:20","modified_gmt":"2025-05-14T12:17:20","slug":"reglar-om-a-gripe-inn-fysisk-ved-uro-og-psykiske-krenkingar","status":"publish","type":"note","link":"https:\/\/foreldreutvalgene.no\/fug\/notater\/reglar-om-a-gripe-inn-fysisk-ved-uro-og-psykiske-krenkingar\/","title":{"rendered":"Reglar om \u00e5 gripe inn fysisk ved uro og psykiske krenkingar"},"content":{"rendered":"\n<figure class=\"wp-block-image size-large is-style-rounded\"><img loading=\"lazy\" decoding=\"async\" width=\"1024\" height=\"768\" src=\"https:\/\/foreldreutvalgene.no\/fug\/wp-content\/uploads\/sites\/3\/2025\/05\/Hervaerk-pa-skole-1024x768.jpg\" alt=\"Herv\u00e6rk p\u00e5 skole\" class=\"wp-image-12025\" srcset=\"https:\/\/foreldreutvalgene.no\/fug\/wp-content\/uploads\/sites\/3\/2025\/05\/Hervaerk-pa-skole-1024x768.jpg 1024w, https:\/\/foreldreutvalgene.no\/fug\/wp-content\/uploads\/sites\/3\/2025\/05\/Hervaerk-pa-skole-300x225.jpg 300w, https:\/\/foreldreutvalgene.no\/fug\/wp-content\/uploads\/sites\/3\/2025\/05\/Hervaerk-pa-skole-768x576.jpg 768w, https:\/\/foreldreutvalgene.no\/fug\/wp-content\/uploads\/sites\/3\/2025\/05\/Hervaerk-pa-skole-1536x1152.jpg 1536w, https:\/\/foreldreutvalgene.no\/fug\/wp-content\/uploads\/sites\/3\/2025\/05\/Hervaerk-pa-skole-2048x1536.jpg 2048w, https:\/\/foreldreutvalgene.no\/fug\/wp-content\/uploads\/sites\/3\/2025\/05\/Hervaerk-pa-skole-620x465.jpg 620w, https:\/\/foreldreutvalgene.no\/fug\/wp-content\/uploads\/sites\/3\/2025\/05\/Hervaerk-pa-skole-120x90.jpg 120w, https:\/\/foreldreutvalgene.no\/fug\/wp-content\/uploads\/sites\/3\/2025\/05\/Hervaerk-pa-skole-320x240.jpg 320w, https:\/\/foreldreutvalgene.no\/fug\/wp-content\/uploads\/sites\/3\/2025\/05\/Hervaerk-pa-skole-1440x1080.jpg 1440w\" sizes=\"auto, (max-width: 1024px) 100vw, 1024px\" \/><figcaption class=\"wp-element-caption\">Biletet viser et knust vindauge etter herv\u00e6rk p\u00e5 ein skule<\/figcaption><\/figure>\n\n\n\n<p class=\"has-large-font-size\"><strong>FUG st\u00f8ttar ikkje heimlane for \u00e5 gripe inn fysisk mot elevar slik det er foresl\u00e5tt. <\/strong><\/p>\n\n\n\n<p>Det var juni i 2024 Kunnskapsdepartementet sende eit framlegg om reglar for fysisk inngripen mot elevar i skulen. Kort fortalt handler det om \u00e5 gripe inn fysisk for \u00e5 hindre at ein elev utset nokon for psykiske krenkingar eller vesentleg uroar oppl\u00e6ringa for andre elevar. Dette er ei utviding av reglane som kom med den nye oppl\u00e6ringslova. Desse reglane var p\u00e5 eiga h\u00f8yring tidlegare. <\/p>\n\n\n\n<h2 class=\"wp-block-heading\" id=\"h-seier-nei-til-fysisk-inngriping\">Seier nei til fysisk inngriping<\/h2>\n\n\n\n<p>Det siste h\u00f8yringsforslaget kom i juni 2024. Foreldreutvalet for grunnoppl\u00e6ringa st\u00f8ttar ikkje denne utvidinga av heimlane for \u00e5 gripe inn fysisk mot elevar slik det er foresl\u00e5tt.<\/p>\n\n\n\n<p><a href=\"https:\/\/www.regjeringen.no\/no\/dokumenter\/horing-forslag-til-regler-om-bruk-av-fysisk-inngripen\/id3044983\/\"><strong>Heile h\u00f8yringsnotatet til Kunnskapsdepartementet kan lesast her<\/strong><\/a><\/p>\n\n\n\n<p>N\u00e5r FUG ikkje st\u00f8ttar dette framlegget, s\u00e5 byggjer det p\u00e5 b\u00e5de praktiske og prinsipielle grunnar. For det fyrste meiner utvalet at ein vil f\u00e5 ein l\u00e5gare terskel for bruk av fysisk makt enn den som gjeld i heimen. For det andre har ein f\u00f8rst heilt nyleg innf\u00f8rt reglar i oppl\u00e6ringslova om \u00e5 gripe inn fysisk, og det er for tidleg \u00e5 utvide desse allereie f\u00f8r det har g\u00e5tt eit halvt \u00e5r.<\/p>\n\n\n\n<p>Heile H\u00f8yringssvaret til FUG kan lastast ned nedst p\u00e5 sida.<\/p>\n\n\n\n<h2 class=\"wp-block-heading\" id=\"h-sja-historikken-i-saka\">Sj\u00e5 historikken i saka<\/h2>\n\n\n\n<ul class=\"wp-block-list\">\n<li><a href=\"https:\/\/foreldreutvalgene.no\/fug\/notater\/nye-reglar-om-fysisk-inngriping-mot-elevar\/\"><strong>Her kan du lese kva FUG svara p\u00e5<\/strong><\/a><strong> <a href=\"https:\/\/foreldreutvalgene.no\/fug\/notater\/nye-reglar-om-fysisk-inngriping-mot-elevar\/\">forslag om regler om avverging av skade og bruk av fysisk inngripen i ny oppl\u00e6ringslov og privatskoleloven fr\u00e5 2023<\/a><\/strong><\/li>\n<\/ul>\n\n\n\n<ul class=\"wp-block-list\">\n<li><a href=\"https:\/\/www.regjeringen.no\/no\/dokumenter\/horing-om-forslag-til-regler-om-avverging-av-skade-og-bruk-av-fysisk-inngripen-i-ny-opplaringslov-og-privatskoleloven\/id2978371\/\"><strong>Her finn du Kunnskapsdepartementets forslag fr\u00e5 2023<\/strong><\/a><\/li>\n<\/ul>\n","protected":false},"author":9,"template":"","notecategory":[32],"class_list":["post-11294","note","type-note","status-publish","hentry","notecategory-hoeringsinnspill"],"acf":[],"yoast_head":"<!-- This site is optimized with the Yoast SEO Premium plugin v27.4 (Yoast SEO v27.4) - https:\/\/yoast.com\/product\/yoast-seo-premium-wordpress\/ -->\n<title>Reglar om \u00e5 gripe inn fysisk ved uro og psykiske krenkingar - Foreldreutvalget for grunnoppl\u00e6ringen<\/title>\n<meta name=\"description\" content=\"Bli kjent med FUGs synspunkter p\u00e5 Kunnskapsdepartementets forslag om fysisk inngripen i skolen. Les om deres praktiske og prinsipielle reservasjoner.\" \/>\n<meta name=\"robots\" content=\"index, follow, max-snippet:-1, max-image-preview:large, max-video-preview:-1\" \/>\n<link rel=\"canonical\" href=\"https:\/\/foreldreutvalgene.no\/fug\/notater\/reglar-om-a-gripe-inn-fysisk-ved-uro-og-psykiske-krenkingar\/\" \/>\n<meta property=\"og:locale\" content=\"nb_NO\" \/>\n<meta property=\"og:type\" content=\"article\" \/>\n<meta property=\"og:title\" content=\"Reglar om \u00e5 gripe inn fysisk ved uro og psykiske krenkingar\" \/>\n<meta property=\"og:description\" content=\"Bli kjent med FUGs synspunkter p\u00e5 Kunnskapsdepartementets forslag om fysisk inngripen i skolen. Les om deres praktiske og prinsipielle reservasjoner.\" \/>\n<meta property=\"og:url\" content=\"https:\/\/foreldreutvalgene.no\/fug\/notater\/reglar-om-a-gripe-inn-fysisk-ved-uro-og-psykiske-krenkingar\/\" \/>\n<meta property=\"og:site_name\" content=\"Foreldreutvalget for grunnoppl\u00e6ringen\" \/>\n<meta property=\"article:modified_time\" content=\"2025-05-14T12:17:20+00:00\" \/>\n<meta property=\"og:image\" content=\"https:\/\/foreldreutvalgene.no\/fug\/wp-content\/uploads\/sites\/3\/2025\/05\/Hervaerk-pa-skole-1024x768.jpg\" \/>\n<meta name=\"twitter:card\" content=\"summary_large_image\" \/>\n<meta name=\"twitter:label1\" content=\"Ansl. lesetid\" \/>\n\t<meta name=\"twitter:data1\" content=\"2 minutter\" \/>\n<script type=\"application\/ld+json\" class=\"yoast-schema-graph\">{\"@context\":\"https:\\\/\\\/schema.org\",\"@graph\":[{\"@type\":\"WebPage\",\"@id\":\"https:\\\/\\\/foreldreutvalgene.no\\\/fug\\\/notater\\\/reglar-om-a-gripe-inn-fysisk-ved-uro-og-psykiske-krenkingar\\\/\",\"url\":\"https:\\\/\\\/foreldreutvalgene.no\\\/fug\\\/notater\\\/reglar-om-a-gripe-inn-fysisk-ved-uro-og-psykiske-krenkingar\\\/\",\"name\":\"Reglar om \u00e5 gripe inn fysisk ved uro og psykiske krenkingar - Foreldreutvalget for grunnoppl\u00e6ringen\",\"isPartOf\":{\"@id\":\"https:\\\/\\\/foreldreutvalgene.no\\\/fug\\\/#website\"},\"primaryImageOfPage\":{\"@id\":\"https:\\\/\\\/foreldreutvalgene.no\\\/fug\\\/notater\\\/reglar-om-a-gripe-inn-fysisk-ved-uro-og-psykiske-krenkingar\\\/#primaryimage\"},\"image\":{\"@id\":\"https:\\\/\\\/foreldreutvalgene.no\\\/fug\\\/notater\\\/reglar-om-a-gripe-inn-fysisk-ved-uro-og-psykiske-krenkingar\\\/#primaryimage\"},\"thumbnailUrl\":\"https:\\\/\\\/foreldreutvalgene.no\\\/fug\\\/wp-content\\\/uploads\\\/sites\\\/3\\\/2025\\\/05\\\/Hervaerk-pa-skole-1024x768.jpg\",\"datePublished\":\"2024-10-10T09:21:42+00:00\",\"dateModified\":\"2025-05-14T12:17:20+00:00\",\"description\":\"Bli kjent med FUGs synspunkter p\u00e5 Kunnskapsdepartementets forslag om fysisk inngripen i skolen. Les om deres praktiske og prinsipielle reservasjoner.\",\"breadcrumb\":{\"@id\":\"https:\\\/\\\/foreldreutvalgene.no\\\/fug\\\/notater\\\/reglar-om-a-gripe-inn-fysisk-ved-uro-og-psykiske-krenkingar\\\/#breadcrumb\"},\"inLanguage\":\"nb-NO\",\"potentialAction\":[{\"@type\":\"ReadAction\",\"target\":[\"https:\\\/\\\/foreldreutvalgene.no\\\/fug\\\/notater\\\/reglar-om-a-gripe-inn-fysisk-ved-uro-og-psykiske-krenkingar\\\/\"]}]},{\"@type\":\"ImageObject\",\"inLanguage\":\"nb-NO\",\"@id\":\"https:\\\/\\\/foreldreutvalgene.no\\\/fug\\\/notater\\\/reglar-om-a-gripe-inn-fysisk-ved-uro-og-psykiske-krenkingar\\\/#primaryimage\",\"url\":\"https:\\\/\\\/foreldreutvalgene.no\\\/fug\\\/wp-content\\\/uploads\\\/sites\\\/3\\\/2025\\\/05\\\/Hervaerk-pa-skole-scaled.jpg\",\"contentUrl\":\"https:\\\/\\\/foreldreutvalgene.no\\\/fug\\\/wp-content\\\/uploads\\\/sites\\\/3\\\/2025\\\/05\\\/Hervaerk-pa-skole-scaled.jpg\",\"width\":2560,\"height\":1920,\"caption\":\"Biletet viser et knust vindauge etter herv\u00e6rk p\u00e5 ein skule\"},{\"@type\":\"BreadcrumbList\",\"@id\":\"https:\\\/\\\/foreldreutvalgene.no\\\/fug\\\/notater\\\/reglar-om-a-gripe-inn-fysisk-ved-uro-og-psykiske-krenkingar\\\/#breadcrumb\",\"itemListElement\":[{\"@type\":\"ListItem\",\"position\":1,\"name\":\"Home\",\"item\":\"https:\\\/\\\/foreldreutvalgene.no\\\/fug\\\/\"},{\"@type\":\"ListItem\",\"position\":2,\"name\":\"Notater\",\"item\":\"https:\\\/\\\/foreldreutvalgene.no\\\/fug\\\/notater\\\/\"},{\"@type\":\"ListItem\",\"position\":3,\"name\":\"Reglar om \u00e5 gripe inn fysisk ved uro og psykiske krenkingar\"}]},{\"@type\":\"WebSite\",\"@id\":\"https:\\\/\\\/foreldreutvalgene.no\\\/fug\\\/#website\",\"url\":\"https:\\\/\\\/foreldreutvalgene.no\\\/fug\\\/\",\"name\":\"Foreldreutvalget for grunnoppl\u00e6ringen\",\"description\":\"\",\"publisher\":{\"@id\":\"https:\\\/\\\/foreldreutvalgene.no\\\/fug\\\/#organization\"},\"potentialAction\":[{\"@type\":\"SearchAction\",\"target\":{\"@type\":\"EntryPoint\",\"urlTemplate\":\"https:\\\/\\\/foreldreutvalgene.no\\\/fug\\\/?s={search_term_string}\"},\"query-input\":{\"@type\":\"PropertyValueSpecification\",\"valueRequired\":true,\"valueName\":\"search_term_string\"}}],\"inLanguage\":\"nb-NO\"},{\"@type\":\"Organization\",\"@id\":\"https:\\\/\\\/foreldreutvalgene.no\\\/fug\\\/#organization\",\"name\":\"Foreldreutvalget for grunnoppl\u00e6ringen\",\"url\":\"https:\\\/\\\/foreldreutvalgene.no\\\/fug\\\/\",\"logo\":{\"@type\":\"ImageObject\",\"inLanguage\":\"nb-NO\",\"@id\":\"https:\\\/\\\/foreldreutvalgene.no\\\/fug\\\/#\\\/schema\\\/logo\\\/image\\\/\",\"url\":\"https:\\\/\\\/foreldreutvalgene.no\\\/fug\\\/wp-content\\\/uploads\\\/sites\\\/3\\\/2021\\\/06\\\/footer-logo-fug-outlined.svg\",\"contentUrl\":\"https:\\\/\\\/foreldreutvalgene.no\\\/fug\\\/wp-content\\\/uploads\\\/sites\\\/3\\\/2021\\\/06\\\/footer-logo-fug-outlined.svg\",\"width\":310,\"height\":73,\"caption\":\"Foreldreutvalget for grunnoppl\u00e6ringen\"},\"image\":{\"@id\":\"https:\\\/\\\/foreldreutvalgene.no\\\/fug\\\/#\\\/schema\\\/logo\\\/image\\\/\"}}]}<\/script>\n<!-- \/ Yoast SEO Premium plugin. -->","yoast_head_json":{"title":"Reglar om \u00e5 gripe inn fysisk ved uro og psykiske krenkingar - Foreldreutvalget for grunnoppl\u00e6ringen","description":"Bli kjent med FUGs synspunkter p\u00e5 Kunnskapsdepartementets forslag om fysisk inngripen i skolen. Les om deres praktiske og prinsipielle reservasjoner.","robots":{"index":"index","follow":"follow","max-snippet":"max-snippet:-1","max-image-preview":"max-image-preview:large","max-video-preview":"max-video-preview:-1"},"canonical":"https:\/\/foreldreutvalgene.no\/fug\/notater\/reglar-om-a-gripe-inn-fysisk-ved-uro-og-psykiske-krenkingar\/","og_locale":"nb_NO","og_type":"article","og_title":"Reglar om \u00e5 gripe inn fysisk ved uro og psykiske krenkingar","og_description":"Bli kjent med FUGs synspunkter p\u00e5 Kunnskapsdepartementets forslag om fysisk inngripen i skolen. Les om deres praktiske og prinsipielle reservasjoner.","og_url":"https:\/\/foreldreutvalgene.no\/fug\/notater\/reglar-om-a-gripe-inn-fysisk-ved-uro-og-psykiske-krenkingar\/","og_site_name":"Foreldreutvalget for grunnoppl\u00e6ringen","article_modified_time":"2025-05-14T12:17:20+00:00","og_image":[{"url":"https:\/\/foreldreutvalgene.no\/fug\/wp-content\/uploads\/sites\/3\/2025\/05\/Hervaerk-pa-skole-1024x768.jpg","type":"","width":"","height":""}],"twitter_card":"summary_large_image","twitter_misc":{"Ansl. lesetid":"2 minutter"},"schema":{"@context":"https:\/\/schema.org","@graph":[{"@type":"WebPage","@id":"https:\/\/foreldreutvalgene.no\/fug\/notater\/reglar-om-a-gripe-inn-fysisk-ved-uro-og-psykiske-krenkingar\/","url":"https:\/\/foreldreutvalgene.no\/fug\/notater\/reglar-om-a-gripe-inn-fysisk-ved-uro-og-psykiske-krenkingar\/","name":"Reglar om \u00e5 gripe inn fysisk ved uro og psykiske krenkingar - Foreldreutvalget for grunnoppl\u00e6ringen","isPartOf":{"@id":"https:\/\/foreldreutvalgene.no\/fug\/#website"},"primaryImageOfPage":{"@id":"https:\/\/foreldreutvalgene.no\/fug\/notater\/reglar-om-a-gripe-inn-fysisk-ved-uro-og-psykiske-krenkingar\/#primaryimage"},"image":{"@id":"https:\/\/foreldreutvalgene.no\/fug\/notater\/reglar-om-a-gripe-inn-fysisk-ved-uro-og-psykiske-krenkingar\/#primaryimage"},"thumbnailUrl":"https:\/\/foreldreutvalgene.no\/fug\/wp-content\/uploads\/sites\/3\/2025\/05\/Hervaerk-pa-skole-1024x768.jpg","datePublished":"2024-10-10T09:21:42+00:00","dateModified":"2025-05-14T12:17:20+00:00","description":"Bli kjent med FUGs synspunkter p\u00e5 Kunnskapsdepartementets forslag om fysisk inngripen i skolen. Les om deres praktiske og prinsipielle reservasjoner.","breadcrumb":{"@id":"https:\/\/foreldreutvalgene.no\/fug\/notater\/reglar-om-a-gripe-inn-fysisk-ved-uro-og-psykiske-krenkingar\/#breadcrumb"},"inLanguage":"nb-NO","potentialAction":[{"@type":"ReadAction","target":["https:\/\/foreldreutvalgene.no\/fug\/notater\/reglar-om-a-gripe-inn-fysisk-ved-uro-og-psykiske-krenkingar\/"]}]},{"@type":"ImageObject","inLanguage":"nb-NO","@id":"https:\/\/foreldreutvalgene.no\/fug\/notater\/reglar-om-a-gripe-inn-fysisk-ved-uro-og-psykiske-krenkingar\/#primaryimage","url":"https:\/\/foreldreutvalgene.no\/fug\/wp-content\/uploads\/sites\/3\/2025\/05\/Hervaerk-pa-skole-scaled.jpg","contentUrl":"https:\/\/foreldreutvalgene.no\/fug\/wp-content\/uploads\/sites\/3\/2025\/05\/Hervaerk-pa-skole-scaled.jpg","width":2560,"height":1920,"caption":"Biletet viser et knust vindauge etter herv\u00e6rk p\u00e5 ein skule"},{"@type":"BreadcrumbList","@id":"https:\/\/foreldreutvalgene.no\/fug\/notater\/reglar-om-a-gripe-inn-fysisk-ved-uro-og-psykiske-krenkingar\/#breadcrumb","itemListElement":[{"@type":"ListItem","position":1,"name":"Home","item":"https:\/\/foreldreutvalgene.no\/fug\/"},{"@type":"ListItem","position":2,"name":"Notater","item":"https:\/\/foreldreutvalgene.no\/fug\/notater\/"},{"@type":"ListItem","position":3,"name":"Reglar om \u00e5 gripe inn fysisk ved uro og psykiske krenkingar"}]},{"@type":"WebSite","@id":"https:\/\/foreldreutvalgene.no\/fug\/#website","url":"https:\/\/foreldreutvalgene.no\/fug\/","name":"Foreldreutvalget for grunnoppl\u00e6ringen","description":"","publisher":{"@id":"https:\/\/foreldreutvalgene.no\/fug\/#organization"},"potentialAction":[{"@type":"SearchAction","target":{"@type":"EntryPoint","urlTemplate":"https:\/\/foreldreutvalgene.no\/fug\/?s={search_term_string}"},"query-input":{"@type":"PropertyValueSpecification","valueRequired":true,"valueName":"search_term_string"}}],"inLanguage":"nb-NO"},{"@type":"Organization","@id":"https:\/\/foreldreutvalgene.no\/fug\/#organization","name":"Foreldreutvalget for grunnoppl\u00e6ringen","url":"https:\/\/foreldreutvalgene.no\/fug\/","logo":{"@type":"ImageObject","inLanguage":"nb-NO","@id":"https:\/\/foreldreutvalgene.no\/fug\/#\/schema\/logo\/image\/","url":"https:\/\/foreldreutvalgene.no\/fug\/wp-content\/uploads\/sites\/3\/2021\/06\/footer-logo-fug-outlined.svg","contentUrl":"https:\/\/foreldreutvalgene.no\/fug\/wp-content\/uploads\/sites\/3\/2021\/06\/footer-logo-fug-outlined.svg","width":310,"height":73,"caption":"Foreldreutvalget for grunnoppl\u00e6ringen"},"image":{"@id":"https:\/\/foreldreutvalgene.no\/fug\/#\/schema\/logo\/image\/"}}]}},"_links":{"self":[{"href":"https:\/\/foreldreutvalgene.no\/fug\/wp-json\/wp\/v2\/note\/11294","targetHints":{"allow":["GET"]}}],"collection":[{"href":"https:\/\/foreldreutvalgene.no\/fug\/wp-json\/wp\/v2\/note"}],"about":[{"href":"https:\/\/foreldreutvalgene.no\/fug\/wp-json\/wp\/v2\/types\/note"}],"author":[{"embeddable":true,"href":"https:\/\/foreldreutvalgene.no\/fug\/wp-json\/wp\/v2\/users\/9"}],"version-history":[{"count":5,"href":"https:\/\/foreldreutvalgene.no\/fug\/wp-json\/wp\/v2\/note\/11294\/revisions"}],"predecessor-version":[{"id":12028,"href":"https:\/\/foreldreutvalgene.no\/fug\/wp-json\/wp\/v2\/note\/11294\/revisions\/12028"}],"wp:attachment":[{"href":"https:\/\/foreldreutvalgene.no\/fug\/wp-json\/wp\/v2\/media?parent=11294"}],"wp:term":[{"taxonomy":"notecategory","embeddable":true,"href":"https:\/\/foreldreutvalgene.no\/fug\/wp-json\/wp\/v2\/notecategory?post=11294"}],"curies":[{"name":"wp","href":"https:\/\/api.w.org\/{rel}","templated":true}]}}