{"id":10938,"date":"2024-06-05T11:38:00","date_gmt":"2024-06-05T09:38:00","guid":{"rendered":"https:\/\/foreldreutvalgene.no\/fug\/?post_type=note&#038;p=10938"},"modified":"2025-05-13T08:43:53","modified_gmt":"2025-05-13T06:43:53","slug":"inkorporasjon-av-crpd","status":"publish","type":"note","link":"https:\/\/foreldreutvalgene.no\/fug\/notater\/inkorporasjon-av-crpd\/","title":{"rendered":"Inkorporasjon av CRPD"},"content":{"rendered":"\n<figure class=\"wp-block-image size-full is-style-rounded\"><img loading=\"lazy\" decoding=\"async\" width=\"520\" height=\"395\" src=\"https:\/\/foreldreutvalgene.no\/fug\/wp-content\/uploads\/sites\/3\/2024\/07\/Skjermbilde.png\" alt=\"\" class=\"wp-image-10939\" srcset=\"https:\/\/foreldreutvalgene.no\/fug\/wp-content\/uploads\/sites\/3\/2024\/07\/Skjermbilde.png 520w, https:\/\/foreldreutvalgene.no\/fug\/wp-content\/uploads\/sites\/3\/2024\/07\/Skjermbilde-300x228.png 300w, https:\/\/foreldreutvalgene.no\/fug\/wp-content\/uploads\/sites\/3\/2024\/07\/Skjermbilde-120x91.png 120w, https:\/\/foreldreutvalgene.no\/fug\/wp-content\/uploads\/sites\/3\/2024\/07\/Skjermbilde-320x243.png 320w\" sizes=\"auto, (max-width: 520px) 100vw, 520px\" \/><\/figure>\n\n\n\n<p><strong>Regjeringa sette i 2022 ned eit juridisk ekspertutval for \u00e5 greie ut korleis FN sin konvensjon om rettane til personar med funksjonsedsettingar (CRPD) skal innlemmast i norsk lov. Regjeringa sende utgreinga p\u00e5 h\u00f8yring i mars. FUG har gjeve h\u00f8yringssvar.<\/strong><\/p>\n\n\n\n<p>Ekspertutvalet var delt i synet p\u00e5 korleis ein b\u00f8r innlemme CRPD-konvensjonen i norsk lov. Medan fleirtalet meiner at ei innlemming i menneskerettslova slik at konvensjonen f\u00e5r forrang ved regelmotstrid er den beste l\u00f8ysinga, er mindretalet bekymra for at ei slik innlemming vil gje uoverskuelege konsekvensar og overlate for mykje rettsutvikling til FN-organa. FUG har gjeve si st\u00f8tte til fleirtalet.<\/p>\n\n\n\n<p><a href=\"https:\/\/www.regjeringen.no\/no\/dokumenter\/hoering-utredning-om-inkorporering-av-fns-konvensjon-om-rettighetene-til-mennesker-med-nedsatt-funksjonsevne\/id3022678\/\">P\u00e5 denne sida finn du heile utgreinga, og du kan ogs\u00e5 lese andre h\u00f8yringssvar.<\/a><\/p>\n\n\n\n<h2 class=\"wp-block-heading\" id=\"h-angar-foreldra-og-krev-ressursar\">Ang\u00e5r foreldra og krev ressursar<\/h2>\n\n\n\n<p>FUG har i sitt h\u00f8yringssvar gjeve uttrykk for at det dessverre ofte er slik at det er avgjerande for oppfylling av rettane til barn med funksjonsnedsettingar om foreldra har ressursar og kjennskap til systemet og kan kjempe for dei. FUG presiserer at det er grunn til \u00e5 forvente at ei inkorporering vil f\u00f8re til ei reell utviding av rettane som vil krevje meir ressursar i kommunane.<\/p>\n\n\n\n<p>Heile h\u00f8yringssvaret fr\u00e5 FUG kan lastast ned nedst p\u00e5 sida.<\/p>\n","protected":false},"author":9,"template":"","notecategory":[32],"class_list":["post-10938","note","type-note","status-publish","hentry","notecategory-hoeringsinnspill"],"acf":[],"yoast_head":"<!-- This site is optimized with the Yoast SEO Premium plugin v27.4 (Yoast SEO v27.4) - https:\/\/yoast.com\/product\/yoast-seo-premium-wordpress\/ -->\n<title>Inkorporasjon av CRPD - Foreldreutvalget for grunnoppl\u00e6ringen<\/title>\n<meta name=\"description\" content=\"Fleirtalet meiner at ei innlemming av CRPD i menneskerettslova slik at konvensjonen f\u00e5r forrang ved regelmotstrid er den beste l\u00f8ysinga, er mindretalet bekymra for at ei slik innlemming vil gje uoverskuelege konsekvensar og overlate for mykje rettsutvikling til FN-organa. FUG har gjeve si st\u00f8tte til fleirtalet.\" \/>\n<meta name=\"robots\" content=\"index, follow, max-snippet:-1, max-image-preview:large, max-video-preview:-1\" \/>\n<link rel=\"canonical\" href=\"https:\/\/foreldreutvalgene.no\/fug\/notater\/inkorporasjon-av-crpd\/\" \/>\n<meta property=\"og:locale\" content=\"nb_NO\" \/>\n<meta property=\"og:type\" content=\"article\" \/>\n<meta property=\"og:title\" content=\"Inkorporasjon av CRPD\" \/>\n<meta property=\"og:description\" content=\"Fleirtalet meiner at ei innlemming av CRPD i menneskerettslova slik at konvensjonen f\u00e5r forrang ved regelmotstrid er den beste l\u00f8ysinga, er mindretalet bekymra for at ei slik innlemming vil gje uoverskuelege konsekvensar og overlate for mykje rettsutvikling til FN-organa. FUG har gjeve si st\u00f8tte til fleirtalet.\" \/>\n<meta property=\"og:url\" content=\"https:\/\/foreldreutvalgene.no\/fug\/notater\/inkorporasjon-av-crpd\/\" \/>\n<meta property=\"og:site_name\" content=\"Foreldreutvalget for grunnoppl\u00e6ringen\" \/>\n<meta property=\"article:modified_time\" content=\"2025-05-13T06:43:53+00:00\" \/>\n<meta property=\"og:image\" content=\"https:\/\/foreldreutvalgene.no\/fug\/wp-content\/uploads\/sites\/3\/2024\/07\/Skjermbilde.png\" \/>\n<meta name=\"twitter:card\" content=\"summary_large_image\" \/>\n<meta name=\"twitter:label1\" content=\"Ansl. lesetid\" \/>\n\t<meta name=\"twitter:data1\" content=\"2 minutter\" \/>\n<script type=\"application\/ld+json\" class=\"yoast-schema-graph\">{\"@context\":\"https:\\\/\\\/schema.org\",\"@graph\":[{\"@type\":\"WebPage\",\"@id\":\"https:\\\/\\\/foreldreutvalgene.no\\\/fug\\\/notater\\\/inkorporasjon-av-crpd\\\/\",\"url\":\"https:\\\/\\\/foreldreutvalgene.no\\\/fug\\\/notater\\\/inkorporasjon-av-crpd\\\/\",\"name\":\"Inkorporasjon av CRPD - Foreldreutvalget for grunnoppl\u00e6ringen\",\"isPartOf\":{\"@id\":\"https:\\\/\\\/foreldreutvalgene.no\\\/fug\\\/#website\"},\"primaryImageOfPage\":{\"@id\":\"https:\\\/\\\/foreldreutvalgene.no\\\/fug\\\/notater\\\/inkorporasjon-av-crpd\\\/#primaryimage\"},\"image\":{\"@id\":\"https:\\\/\\\/foreldreutvalgene.no\\\/fug\\\/notater\\\/inkorporasjon-av-crpd\\\/#primaryimage\"},\"thumbnailUrl\":\"https:\\\/\\\/foreldreutvalgene.no\\\/fug\\\/wp-content\\\/uploads\\\/sites\\\/3\\\/2024\\\/07\\\/Skjermbilde.png\",\"datePublished\":\"2024-06-05T09:38:00+00:00\",\"dateModified\":\"2025-05-13T06:43:53+00:00\",\"description\":\"Fleirtalet meiner at ei innlemming av CRPD i menneskerettslova slik at konvensjonen f\u00e5r forrang ved regelmotstrid er den beste l\u00f8ysinga, er mindretalet bekymra for at ei slik innlemming vil gje uoverskuelege konsekvensar og overlate for mykje rettsutvikling til FN-organa. FUG har gjeve si st\u00f8tte til fleirtalet.\",\"breadcrumb\":{\"@id\":\"https:\\\/\\\/foreldreutvalgene.no\\\/fug\\\/notater\\\/inkorporasjon-av-crpd\\\/#breadcrumb\"},\"inLanguage\":\"nb-NO\",\"potentialAction\":[{\"@type\":\"ReadAction\",\"target\":[\"https:\\\/\\\/foreldreutvalgene.no\\\/fug\\\/notater\\\/inkorporasjon-av-crpd\\\/\"]}]},{\"@type\":\"ImageObject\",\"inLanguage\":\"nb-NO\",\"@id\":\"https:\\\/\\\/foreldreutvalgene.no\\\/fug\\\/notater\\\/inkorporasjon-av-crpd\\\/#primaryimage\",\"url\":\"https:\\\/\\\/foreldreutvalgene.no\\\/fug\\\/wp-content\\\/uploads\\\/sites\\\/3\\\/2024\\\/07\\\/Skjermbilde.png\",\"contentUrl\":\"https:\\\/\\\/foreldreutvalgene.no\\\/fug\\\/wp-content\\\/uploads\\\/sites\\\/3\\\/2024\\\/07\\\/Skjermbilde.png\",\"width\":520,\"height\":395},{\"@type\":\"BreadcrumbList\",\"@id\":\"https:\\\/\\\/foreldreutvalgene.no\\\/fug\\\/notater\\\/inkorporasjon-av-crpd\\\/#breadcrumb\",\"itemListElement\":[{\"@type\":\"ListItem\",\"position\":1,\"name\":\"Home\",\"item\":\"https:\\\/\\\/foreldreutvalgene.no\\\/fug\\\/\"},{\"@type\":\"ListItem\",\"position\":2,\"name\":\"Notater\",\"item\":\"https:\\\/\\\/foreldreutvalgene.no\\\/fug\\\/notater\\\/\"},{\"@type\":\"ListItem\",\"position\":3,\"name\":\"Inkorporasjon av CRPD\"}]},{\"@type\":\"WebSite\",\"@id\":\"https:\\\/\\\/foreldreutvalgene.no\\\/fug\\\/#website\",\"url\":\"https:\\\/\\\/foreldreutvalgene.no\\\/fug\\\/\",\"name\":\"Foreldreutvalget for grunnoppl\u00e6ringen\",\"description\":\"\",\"publisher\":{\"@id\":\"https:\\\/\\\/foreldreutvalgene.no\\\/fug\\\/#organization\"},\"potentialAction\":[{\"@type\":\"SearchAction\",\"target\":{\"@type\":\"EntryPoint\",\"urlTemplate\":\"https:\\\/\\\/foreldreutvalgene.no\\\/fug\\\/?s={search_term_string}\"},\"query-input\":{\"@type\":\"PropertyValueSpecification\",\"valueRequired\":true,\"valueName\":\"search_term_string\"}}],\"inLanguage\":\"nb-NO\"},{\"@type\":\"Organization\",\"@id\":\"https:\\\/\\\/foreldreutvalgene.no\\\/fug\\\/#organization\",\"name\":\"Foreldreutvalget for grunnoppl\u00e6ringen\",\"url\":\"https:\\\/\\\/foreldreutvalgene.no\\\/fug\\\/\",\"logo\":{\"@type\":\"ImageObject\",\"inLanguage\":\"nb-NO\",\"@id\":\"https:\\\/\\\/foreldreutvalgene.no\\\/fug\\\/#\\\/schema\\\/logo\\\/image\\\/\",\"url\":\"https:\\\/\\\/foreldreutvalgene.no\\\/fug\\\/wp-content\\\/uploads\\\/sites\\\/3\\\/2021\\\/06\\\/footer-logo-fug-outlined.svg\",\"contentUrl\":\"https:\\\/\\\/foreldreutvalgene.no\\\/fug\\\/wp-content\\\/uploads\\\/sites\\\/3\\\/2021\\\/06\\\/footer-logo-fug-outlined.svg\",\"width\":310,\"height\":73,\"caption\":\"Foreldreutvalget for grunnoppl\u00e6ringen\"},\"image\":{\"@id\":\"https:\\\/\\\/foreldreutvalgene.no\\\/fug\\\/#\\\/schema\\\/logo\\\/image\\\/\"}}]}<\/script>\n<!-- \/ Yoast SEO Premium plugin. -->","yoast_head_json":{"title":"Inkorporasjon av CRPD - Foreldreutvalget for grunnoppl\u00e6ringen","description":"Fleirtalet meiner at ei innlemming av CRPD i menneskerettslova slik at konvensjonen f\u00e5r forrang ved regelmotstrid er den beste l\u00f8ysinga, er mindretalet bekymra for at ei slik innlemming vil gje uoverskuelege konsekvensar og overlate for mykje rettsutvikling til FN-organa. FUG har gjeve si st\u00f8tte til fleirtalet.","robots":{"index":"index","follow":"follow","max-snippet":"max-snippet:-1","max-image-preview":"max-image-preview:large","max-video-preview":"max-video-preview:-1"},"canonical":"https:\/\/foreldreutvalgene.no\/fug\/notater\/inkorporasjon-av-crpd\/","og_locale":"nb_NO","og_type":"article","og_title":"Inkorporasjon av CRPD","og_description":"Fleirtalet meiner at ei innlemming av CRPD i menneskerettslova slik at konvensjonen f\u00e5r forrang ved regelmotstrid er den beste l\u00f8ysinga, er mindretalet bekymra for at ei slik innlemming vil gje uoverskuelege konsekvensar og overlate for mykje rettsutvikling til FN-organa. FUG har gjeve si st\u00f8tte til fleirtalet.","og_url":"https:\/\/foreldreutvalgene.no\/fug\/notater\/inkorporasjon-av-crpd\/","og_site_name":"Foreldreutvalget for grunnoppl\u00e6ringen","article_modified_time":"2025-05-13T06:43:53+00:00","og_image":[{"url":"https:\/\/foreldreutvalgene.no\/fug\/wp-content\/uploads\/sites\/3\/2024\/07\/Skjermbilde.png","type":"","width":"","height":""}],"twitter_card":"summary_large_image","twitter_misc":{"Ansl. lesetid":"2 minutter"},"schema":{"@context":"https:\/\/schema.org","@graph":[{"@type":"WebPage","@id":"https:\/\/foreldreutvalgene.no\/fug\/notater\/inkorporasjon-av-crpd\/","url":"https:\/\/foreldreutvalgene.no\/fug\/notater\/inkorporasjon-av-crpd\/","name":"Inkorporasjon av CRPD - Foreldreutvalget for grunnoppl\u00e6ringen","isPartOf":{"@id":"https:\/\/foreldreutvalgene.no\/fug\/#website"},"primaryImageOfPage":{"@id":"https:\/\/foreldreutvalgene.no\/fug\/notater\/inkorporasjon-av-crpd\/#primaryimage"},"image":{"@id":"https:\/\/foreldreutvalgene.no\/fug\/notater\/inkorporasjon-av-crpd\/#primaryimage"},"thumbnailUrl":"https:\/\/foreldreutvalgene.no\/fug\/wp-content\/uploads\/sites\/3\/2024\/07\/Skjermbilde.png","datePublished":"2024-06-05T09:38:00+00:00","dateModified":"2025-05-13T06:43:53+00:00","description":"Fleirtalet meiner at ei innlemming av CRPD i menneskerettslova slik at konvensjonen f\u00e5r forrang ved regelmotstrid er den beste l\u00f8ysinga, er mindretalet bekymra for at ei slik innlemming vil gje uoverskuelege konsekvensar og overlate for mykje rettsutvikling til FN-organa. FUG har gjeve si st\u00f8tte til fleirtalet.","breadcrumb":{"@id":"https:\/\/foreldreutvalgene.no\/fug\/notater\/inkorporasjon-av-crpd\/#breadcrumb"},"inLanguage":"nb-NO","potentialAction":[{"@type":"ReadAction","target":["https:\/\/foreldreutvalgene.no\/fug\/notater\/inkorporasjon-av-crpd\/"]}]},{"@type":"ImageObject","inLanguage":"nb-NO","@id":"https:\/\/foreldreutvalgene.no\/fug\/notater\/inkorporasjon-av-crpd\/#primaryimage","url":"https:\/\/foreldreutvalgene.no\/fug\/wp-content\/uploads\/sites\/3\/2024\/07\/Skjermbilde.png","contentUrl":"https:\/\/foreldreutvalgene.no\/fug\/wp-content\/uploads\/sites\/3\/2024\/07\/Skjermbilde.png","width":520,"height":395},{"@type":"BreadcrumbList","@id":"https:\/\/foreldreutvalgene.no\/fug\/notater\/inkorporasjon-av-crpd\/#breadcrumb","itemListElement":[{"@type":"ListItem","position":1,"name":"Home","item":"https:\/\/foreldreutvalgene.no\/fug\/"},{"@type":"ListItem","position":2,"name":"Notater","item":"https:\/\/foreldreutvalgene.no\/fug\/notater\/"},{"@type":"ListItem","position":3,"name":"Inkorporasjon av CRPD"}]},{"@type":"WebSite","@id":"https:\/\/foreldreutvalgene.no\/fug\/#website","url":"https:\/\/foreldreutvalgene.no\/fug\/","name":"Foreldreutvalget for grunnoppl\u00e6ringen","description":"","publisher":{"@id":"https:\/\/foreldreutvalgene.no\/fug\/#organization"},"potentialAction":[{"@type":"SearchAction","target":{"@type":"EntryPoint","urlTemplate":"https:\/\/foreldreutvalgene.no\/fug\/?s={search_term_string}"},"query-input":{"@type":"PropertyValueSpecification","valueRequired":true,"valueName":"search_term_string"}}],"inLanguage":"nb-NO"},{"@type":"Organization","@id":"https:\/\/foreldreutvalgene.no\/fug\/#organization","name":"Foreldreutvalget for grunnoppl\u00e6ringen","url":"https:\/\/foreldreutvalgene.no\/fug\/","logo":{"@type":"ImageObject","inLanguage":"nb-NO","@id":"https:\/\/foreldreutvalgene.no\/fug\/#\/schema\/logo\/image\/","url":"https:\/\/foreldreutvalgene.no\/fug\/wp-content\/uploads\/sites\/3\/2021\/06\/footer-logo-fug-outlined.svg","contentUrl":"https:\/\/foreldreutvalgene.no\/fug\/wp-content\/uploads\/sites\/3\/2021\/06\/footer-logo-fug-outlined.svg","width":310,"height":73,"caption":"Foreldreutvalget for grunnoppl\u00e6ringen"},"image":{"@id":"https:\/\/foreldreutvalgene.no\/fug\/#\/schema\/logo\/image\/"}}]}},"_links":{"self":[{"href":"https:\/\/foreldreutvalgene.no\/fug\/wp-json\/wp\/v2\/note\/10938","targetHints":{"allow":["GET"]}}],"collection":[{"href":"https:\/\/foreldreutvalgene.no\/fug\/wp-json\/wp\/v2\/note"}],"about":[{"href":"https:\/\/foreldreutvalgene.no\/fug\/wp-json\/wp\/v2\/types\/note"}],"author":[{"embeddable":true,"href":"https:\/\/foreldreutvalgene.no\/fug\/wp-json\/wp\/v2\/users\/9"}],"version-history":[{"count":3,"href":"https:\/\/foreldreutvalgene.no\/fug\/wp-json\/wp\/v2\/note\/10938\/revisions"}],"predecessor-version":[{"id":11966,"href":"https:\/\/foreldreutvalgene.no\/fug\/wp-json\/wp\/v2\/note\/10938\/revisions\/11966"}],"wp:attachment":[{"href":"https:\/\/foreldreutvalgene.no\/fug\/wp-json\/wp\/v2\/media?parent=10938"}],"wp:term":[{"taxonomy":"notecategory","embeddable":true,"href":"https:\/\/foreldreutvalgene.no\/fug\/wp-json\/wp\/v2\/notecategory?post=10938"}],"curies":[{"name":"wp","href":"https:\/\/api.w.org\/{rel}","templated":true}]}}