{"id":1443,"date":"2021-08-12T19:21:02","date_gmt":"2021-08-12T17:21:02","guid":{"rendered":"https:\/\/foreldreutvalgene.no\/fub\/?page_id=1443"},"modified":"2021-09-07T09:31:25","modified_gmt":"2021-09-07T07:31:25","slug":"personvernerklaering-for-foreldreutvalget-for-barnehagene","status":"publish","type":"page","link":"https:\/\/foreldreutvalgene.no\/fub\/personvernerklaering-for-foreldreutvalget-for-barnehagene\/","title":{"rendered":"Personvernerkl\u00e6ring"},"content":{"rendered":"\n<h2 class=\"wp-block-heading\" class=\"wp-block-heading\" id=\"foreldreutvalget-for-barnehagene\">Foreldreutvalget for barnehagene<\/h2>\n\n\n\n<h2 class=\"wp-block-heading\" class=\"wp-block-heading\" id=\"1-generelt\">1. Generelt<\/h2>\n\n\n\n<p>Denne personvernerkl\u00e6ringen forteller hvordan Foreldreutvalget for barnehager (FUB) og foreldreutvalget for grunnoppl\u00e6ringen (FUG) samler inn og bruker personopplysninger.<\/p>\n\n\n\n<p>Sekretariatet, ved kontorsjef, er behandlingsansvarlig for virksomhetens behandling av personopplysninger.<\/p>\n\n\n\n<p>FUB og FUG behandler alle personopplysninger som navn, adresse, telefonnummer eller annen personlig informasjon du oppgir i forbindelse med nyhetsbrev, markedsf\u00f8ring, p\u00e5meldinger, bestillinger og annet, i henhold til gjeldende personopplysningslov. Opplysningene brukes kun til det du har gitt ditt samtykke til, for \u00e5 oppfylle en avtale du er part i eller for \u00e5 oppfylle v\u00e5re rettslige forpliktelser.<\/p>\n\n\n\n<p>FUB og FUG vil slette personopplysningene n\u00e5r vi har h\u00e5ndtert din henvendelse, oppfylt en avtale eller v\u00e5r rettslige forpliktelse, eller n\u00e5r du trekker samtykket tilbake ved \u00e5 kontakte oss.<\/p>\n\n\n\n<p>Erkl\u00e6ringen inneholder opplysninger du har krav p\u00e5 n\u00e5r det samles inn opplysninger fra nettstedet v\u00e5rt og generell informasjon om hvordan vi behandler personopplysninger (personopplysningsloven.<\/p>\n\n\n\n<h2 class=\"wp-block-heading\" class=\"wp-block-heading\" id=\"2-innhenting-og-behandling-av-personopplysninger\">2. Innhenting og behandling av personopplysninger<\/h2>\n\n\n\n<p>FUB og FUG innhenter og behandler personopplysninger i forbindelse med f\u00f8lgende tjenester: nyhetsbrev, nettstatistikk, Facebook pixel og s\u00f8k, bestilling av veiledningsmateriell, bestilling av foredrag, kursdeltakelse, sp\u00f8rreunders\u00f8kelser og saksbehandling og arkiv. Samtlige tjenester blir beskrevet nedenfor.<\/p>\n\n\n\n<h3 class=\"wp-block-heading\" class=\"wp-block-heading\" id=\"radgiving\">R\u00e5dgiving<\/h3>\n\n\n\n<p>All statistikk vi f\u00f8rer er anonymisert og kan ikke knyttes til deg som bruker. Sekretariatets medarbeidere benytter i tillegg e-post i alminnelig dialog med interne og eksterne kontakter. Den enkelte er ansvarlig for \u00e5 slette meldinger som ikke lenger er aktuelle, og minst hvert \u00e5r gjennomg\u00e5 og slette un\u00f8dvendig innhold i e-postkassen. Ved fratreden slettes e-postkontoene, men enkelte relevante e-poster vil normalt bli overf\u00f8rt til kolleger. Det gj\u00f8res ingen systematisk registrering av telefonsamtaler hvor innringer kan identifiseres. Telefonsamtaler til v\u00e5r veiledningstjeneste telles i anonym form.<\/p>\n\n\n\n<h3 class=\"wp-block-heading\" class=\"wp-block-heading\" id=\"nyhetsbrev\">Nyhetsbrev<\/h3>\n\n\n\n<p>P\u00e5 fubhg.no og fug.no kan du melde deg p\u00e5 v\u00e5rt nyhetsbrev ved \u00e5 oppgi kontaktinformasjon som navn og e-post. Personopplysninger vi samler inn ved p\u00e5melding til nyhetsbrev blir ikke benyttet til andre form\u00e5l enn til utsending. Du kan til enhver tid melde deg av nyhetsbrevet ved hjelp av linken for avmelding i hver e-post. Dine personopplysninger vil da bli slettet.<\/p>\n\n\n\n<p>Fjuz er v\u00e5r leverand\u00f8r for utvikling og vedlikehold av nettstedene. Opplysninger som samles inn i forbindelse med drift av nettsted, lagres p\u00e5 egne servere som driftes av leverand\u00f8ren. Det er kun sekretariatet og Fjuz som har tilgang til opplysningene som samles inn. En egen databehandleravtale mellom sekretariatet og Fjuz regulerer hvilken informasjon leverand\u00f8ren har tilgang til og hvordan den skal behandles.<\/p>\n\n\n\n<h3 class=\"wp-block-heading\" class=\"wp-block-heading\" id=\"deling-av-innhold-pa-sosiale-medier\">Deling av innhold p\u00e5 sosiale medier<\/h3>\n\n\n\n<p>FUB og FUG samler ikke inn opplysninger om innhold du deler i andre nettsamfunn. Eksempler p\u00e5 sosiale medier er nettsamfunn som Facebook, Twitter, Instagram, Youtube og blogg.<\/p>\n\n\n\n<h3 class=\"wp-block-heading\" class=\"wp-block-heading\" id=\"nettstatistikk\">Nettstatistikk<\/h3>\n\n\n\n<p>FUB og FUG bruker Google Analytics for \u00e5 samle og analysere informasjon om hvordan bes\u00f8kende bruker nettsidene v\u00e5re. Informasjon benyttes kun for \u00e5 forbedre nettsidene. Google Analytics bruker informasjonskapsler og mottar generell nettsidestatistikk som f.eks. nettlesertype, tidspunkt, spr\u00e5k og hvilken nettside brukeren kom fra.<\/p>\n\n\n\n<p>Informasjonen som samles inn er aggregert (det vil si opplysningene sl\u00e5s sammen til en gruppe) og kan ikke spores tilbake til deg.<\/p>\n\n\n\n<p>Om du ikke \u00f8nsker at Google Universal Analytics skal samle dine bes\u00f8ksdata, kan du installere&nbsp;<a href=\"http:\/\/tools.google.com\/dlpage\/gaoptout\">Google Analytics opt-out<\/a>. Dette er en tilleggsfunksjon for din nettleser som forhindrer slik lagring. Informasjonskapsler som har blitt lastet ned tidligere kan ogs\u00e5 slettes via nettleseren. For informasjon om hvordan du gj\u00f8r dette, m\u00e5 du se dokumentasjonen for den aktuelle nettleseren.<\/p>\n\n\n\n<h3 class=\"wp-block-heading\" class=\"wp-block-heading\" id=\"facebook-pixel\">Facebook Pixel<\/h3>\n\n\n\n<p>Facebook Pixel er et script som m\u00e5ler nettverkstrafikk p\u00e5 tvers av FUB og FUG sine nettsider og Facebook. Opplysningen som vi samler inn benyttes til \u00e5 levere spesialtilpasset innhold og kunne tilby relevant markedsf\u00f8ring i Facebooks kanaler. Facebook Pixel samler ikke personidentifiserende opplysninger om deg. Du kan n\u00e5r som helst sl\u00e5 av informasjonskapsler i din nettleser og s\u00f8rge for at Facebook ikke viser deg annonser basert p\u00e5 dine nettvaner. P\u00e5 Facebook.com kan du finne mer informasjon om retningslinjene innen personvern og informasjonskapsler til Facebook.<\/p>\n\n\n\n<p>Informasjonskapsler (Cookies)<br>N\u00e5r du bruker nettstedene fug.no og fubhg.no plasserer vi noen s\u00e5kalte informasjonskapsler (cookies) p\u00e5 din enhet for \u00e5 forbedre brukeropplevelsen din. Informasjonskapsler brukes til \u00e5 gi deg bedre tjenester, for eksempel gjennom \u00e5:<\/p>\n\n\n\n<ul class=\"wp-block-list\"><li>Gjenkjenne enheten din, s\u00e5 du slipper \u00e5 oppgi samme informasjon flere ganger.<\/li><li>M\u00e5le hvor mange som bruker nettsiden, slik at vi kan gj\u00f8re den enklere og raskere.<\/li><li>\u00c5 forst\u00e5 brukernes atferd p\u00e5 nettstedet v\u00e5rt, slik at vi kan gj\u00f8re brukeropplevelsen bedre.<\/li><\/ul>\n\n\n\n<p>Du kan skru av eller begrense plasseringen av informasjonskapsler ved \u00e5 bruke innstillingene p\u00e5 din nettleser. For mer informasjon om hvordan dette gj\u00f8res for de enkelte nettleserne kan du bes\u00f8ke<\/p>\n\n\n\n<p><a href=\"https:\/\/nettvett.no\/slik-administrer-du-informasjonskapsler\/.\">https:\/\/nettvett.no\/slik-administrer-du-informasjonskapsler\/.<\/a><\/p>\n\n\n\n<h3 class=\"wp-block-heading\" class=\"wp-block-heading\" id=\"sok\">S\u00f8k<\/h3>\n\n\n\n<p>Fubhg.no og fug.no lagrer s\u00f8keord som brukes av deg som bes\u00f8kende. Opplysningene benyttes av redaksjonen for \u00e5 utforme og forbedre nettsidene med relevant informasjon for deg. S\u00f8keordene og informasjonen som oppbevares knyttes ikke opp til deg som person.<\/p>\n\n\n\n<p>Fubhg.no og fug.no kan komme til \u00e5 m\u00e5tte oppgi dine personlige opplysninger hvis loven krever det, eller hvis vi i god tro finner dette n\u00f8dvendig for \u00e5 (a) f\u00f8lge forordninger i loven eller rette seg etter rettslige prosesser som blir meddelt FUB og FUG eller (b) beskytte og forsvare rettigheter eller eiendom tilh\u00f8rende FUB og FUG, eller (c) handle under kritiske omstendigheter for \u00e5 beskytte sikkerheten til brukere av v\u00e5re tjenester, web-omr\u00e5der eller publikum.<\/p>\n\n\n\n<p>Bestilling av veiledningsmateriell<\/p>\n\n\n\n<p>P\u00e5 nettsiden kan du bestille veiledningsmateriell ved \u00e5 oppgi virksomhetens e-post og postadresse. Bestillingsinformasjonen deles med distribut\u00f8ren Labelator Eie Marketing som sender ut veiledningsmateriellet p\u00e5 vegne av sekretariatet. Personopplysninger vi f\u00e5r inn ved bestillinger av veiledningsmateriell blir ikke benyttet til andre form\u00e5l enn \u00e5 effektuere bestillingen. Etter bestillingen er sendt vil alle opplysninger bli slettet.<\/p>\n\n\n\n<h3 class=\"wp-block-heading\" class=\"wp-block-heading\" id=\"bestilling-av-foredrag\">Bestilling av foredrag<\/h3>\n\n\n\n<p>Per e-post kan du be sekretariatet om \u00e5 holde et foredrag for din virksomhet, vi ber da om navnet p\u00e5 en kontaktperson og kontaktinformasjon til denne. Personopplysninger vi f\u00e5r inn ved bestillinger av foredrag blir ikke benyttet til andre form\u00e5l enn \u00e5 administrere kurset.<\/p>\n\n\n\n<h3 class=\"wp-block-heading\" class=\"wp-block-heading\" id=\"kursdeltakelse\">Kursdeltakelse<\/h3>\n\n\n\n<p>N\u00e5r du melder deg p\u00e5 kurs, vil eksterne arrang\u00f8rer foreta kursadministrasjonen. Sekretariatet vil kreve databehandleravtale av sine leverand\u00f8rer.<\/p>\n\n\n\n<h3 class=\"wp-block-heading\" class=\"wp-block-heading\" id=\"sporreundersokelser\">Sp\u00f8rreunders\u00f8kelser<\/h3>\n\n\n\n<p>Sekretariatet bruker eksterne akt\u00f8rer til \u00e5 gjennomf\u00f8re unders\u00f8kelser. Sekretariatet krever databehandleravtale av sine leverand\u00f8rer.<\/p>\n\n\n\n<h3 class=\"wp-block-heading\" class=\"wp-block-heading\" id=\"saksbehandling-og-arkiv\">Saksbehandling og arkiv<\/h3>\n\n\n\n<p>FUB og FUG bruker Elements arkiv- og saksbehandlersystem med elektronisk journalf\u00f8ring elektronisk lagring av dokumenter. Elements er et arkiv- og saksbehandlingssystem fra leverand\u00f8ren Sikiri som f\u00f8lger offentlige standarder (NOARK). Arkivleder er delegert det daglige ansvaret for systemet og manuelt arkiv, og at det er utarbeidet n\u00f8dvendige rutiner for bruk av dette.<\/p>\n\n\n\n<p>Det registreres ulike typer personopplysninger i arkiv- og saksbehandlingssystemet. Dette er opplysninger som navn, adresse, telefonnummer, e-postadresse (grunndata) og annen relevant informasjon som fremg\u00e5r av henvendelsen. Registrering, lagring og oppbevaring skjer i henhold til arkivlovgivningen. Saksdokumentene kan i tillegg inneholde sensitive personopplysninger.<\/p>\n\n\n\n<p>Ved krav om innsyn utleveres personopplysninger i henhold til offentlighetsloven og forvaltningsloven.<\/p>\n\n\n\n<p>Sekretariatet er p\u00e5lagt \u00e5 gj\u00f8re sine offentlige postjournaler tilgjengelig for allmennheten. En journal er systematisk og fortl\u00f8pende registrering av alle inng\u00e5ende og utg\u00e5ende saksdokumenter. Journalene gj\u00f8res tilgjengelig p\u00e5 foresp\u00f8rsel.<\/p>\n\n\n\n<h2 class=\"wp-block-heading\" class=\"wp-block-heading\" id=\"3-personvernombudsordningen\">3. Personvernombudsordningen<\/h2>\n\n\n\n<p>FUB og FUG har personvernombud i henhold til personopplysningsloven (lov om behandling av personopplysninger). S\u00f8knader, endringer og annen journalf\u00f8rt korrespondanse med personvernombudet registreres i sekretariatets arkivsystem. En av personvernombudets oppgaver er \u00e5 bist\u00e5 med ivaretakelse av rettigheter for den som har opplysninger registrert hos virksomheten. Sekretariatets personvernombud kan n\u00e5s p\u00e5 mobilnr. 477 99 200.<\/p>\n\n\n\n<h3 class=\"wp-block-heading\" class=\"wp-block-heading\" id=\"rettigheter\">Rettigheter<\/h3>\n\n\n\n<p>Alle som er registrert i v\u00e5re registre har rett til innsyn i egne opplysninger og du har rett p\u00e5 grunnleggende informasjon om behandlingen av dine personopplysninger i FUB og FUG.<\/p>\n\n\n\n<p>FUB og FUG plikter p\u00e5 selvstendig grunnlag \u00e5 slette personopplysninger som ikke lenger er relevante for behandlingen. Dette selv om opplysningene ikke er mangelfulle eller mangelfulle, og innen rimelig tid.<\/p>\n\n\n\n<p>I henhold til personopplysningsloven har alle som er registrert hos oss rett til \u00e5 kreve at uriktige eller mangelfulle opplysninger blir rettet eller supplert, og at opplysninger vi ikke har godkjenning for \u00e5 behandle blir slettet.<\/p>\n\n\n\n<p>Plikten til \u00e5 slette personopplysninger er i noen tilfeller begrenset av annet lovverk (for eksempel bokf\u00f8ringsloven) og det kan gj\u00f8res unntak fra sletteplikten for data som lagres for historikk eller statistisk form\u00e5l.<\/p>\n\n\n\n<h4 class=\"wp-block-heading\" class=\"wp-block-heading\" id=\"du-kan\">Du kan:<\/h4>\n\n\n\n<ul class=\"wp-block-list\"><li>be om at uriktige og ufullstendige personopplysninger som har blitt innhentet gjennom nettstedet blir rettet, slettet eller supplert.<\/li><li>motsette deg visse former for behandling av personopplysninger f.eks. automatisk profilering.<\/li><li>kreve at behandling av egne personopplysninger begrenses. FUB og FUG registrerer ikke flere opplysninger enn det som strengt tatt er n\u00f8dvendig og behandler opplysninger kun til form\u00e5lene som er beskrevet under punkt 2 i denne erkl\u00e6ring.<\/li><li>klage til personvernombudet i organisasjonen og Datatilsynet p\u00e5 behandlingen du mener er i strid med personvernreglene.<\/li><li>f\u00e5 informasjon dersom personopplysningene blir behandlet for et annet form\u00e5l enn de ble samlet inn for.<\/li><li>kreve \u00e5 ta med deg opplysningene dine til en annen virksomhet, s\u00e5kalt dataportabilitet.<\/li><li>f\u00e5 informasjon om hvilke interne og eksterne instanser som har mottatt opplysninger om den bes\u00f8kende.<\/li><\/ul>\n\n\n\n<p>Vi skal besvare din foresp\u00f8rsel innen 30 dager. Ved krav om innsyn vil du f\u00e5 dine personopplysninger utlevert i henhold til personopplysningsloven.<\/p>\n\n\n\n<h2 class=\"wp-block-heading\" class=\"wp-block-heading\" id=\"4-kontaktinformasjon-til-behandlingsansvarlig\">4. Kontaktinformasjon til behandlingsansvarlig<\/h2>\n\n\n\n<p>Postadresse: Postboks 29, 3833 B\u00f8 i Telemark<\/p>\n\n\n\n<p>Bes\u00f8ksadresse: Lundevegen 3, 3800 B\u00f8 i Telemark<\/p>\n\n\n\n<p>E-post:&nbsp;<a href=\"mailto:post@fug.no\">post@fug.no<\/a><br>Telefon: 477 99&nbsp;200<\/p>\n","protected":false},"excerpt":{"rendered":"<p>Foreldreutvalget for barnehagene 1. Generelt Denne personvernerkl\u00e6ringen forteller hvordan Foreldreutvalget for barnehager (FUB) og foreldreutvalget for grunnoppl\u00e6ringen (FUG) samler inn og bruker personopplysninger. Sekretariatet, ved kontorsjef, er behandlingsansvarlig for virksomhetens behandling av personopplysninger. FUB og FUG behandler alle personopplysninger som navn, adresse, telefonnummer eller annen personlig informasjon du oppgir i forbindelse med nyhetsbrev, markedsf\u00f8ring, p\u00e5meldinger, [&hellip;]<\/p>\n","protected":false},"author":3,"featured_media":0,"parent":0,"menu_order":0,"comment_status":"closed","ping_status":"closed","template":"","meta":{"_acf_changed":false,"footnotes":""},"class_list":["post-1443","page","type-page","status-publish","hentry"],"acf":[],"yoast_head":"<!-- This site is optimized with the Yoast SEO Premium plugin v27.4 (Yoast SEO v27.4) - https:\/\/yoast.com\/product\/yoast-seo-premium-wordpress\/ -->\n<title>Personvernerkl\u00e6ring - Foreldreutvalget for barnehager<\/title>\n<meta name=\"robots\" content=\"index, follow, max-snippet:-1, max-image-preview:large, max-video-preview:-1\" \/>\n<link rel=\"canonical\" href=\"https:\/\/foreldreutvalgene.no\/fub\/personvernerklaering-for-foreldreutvalget-for-barnehagene\/\" \/>\n<meta property=\"og:locale\" content=\"nb_NO\" \/>\n<meta property=\"og:type\" content=\"article\" \/>\n<meta property=\"og:title\" content=\"Personvernerkl\u00e6ring\" \/>\n<meta property=\"og:description\" content=\"Foreldreutvalget for barnehagene 1. Generelt Denne personvernerkl\u00e6ringen forteller hvordan Foreldreutvalget for barnehager (FUB) og foreldreutvalget for grunnoppl\u00e6ringen (FUG) samler inn og bruker personopplysninger. Sekretariatet, ved kontorsjef, er behandlingsansvarlig for virksomhetens behandling av personopplysninger. FUB og FUG behandler alle personopplysninger som navn, adresse, telefonnummer eller annen personlig informasjon du oppgir i forbindelse med nyhetsbrev, markedsf\u00f8ring, p\u00e5meldinger, [&hellip;]\" \/>\n<meta property=\"og:url\" content=\"https:\/\/foreldreutvalgene.no\/fub\/personvernerklaering-for-foreldreutvalget-for-barnehagene\/\" \/>\n<meta property=\"og:site_name\" content=\"Foreldreutvalget for barnehager\" \/>\n<meta property=\"article:modified_time\" content=\"2021-09-07T07:31:25+00:00\" \/>\n<meta name=\"twitter:card\" content=\"summary_large_image\" \/>\n<meta name=\"twitter:label1\" content=\"Ansl. lesetid\" \/>\n\t<meta name=\"twitter:data1\" content=\"7 minutter\" \/>\n<script type=\"application\/ld+json\" class=\"yoast-schema-graph\">{\"@context\":\"https:\\\/\\\/schema.org\",\"@graph\":[{\"@type\":\"WebPage\",\"@id\":\"https:\\\/\\\/foreldreutvalgene.no\\\/fub\\\/personvernerklaering-for-foreldreutvalget-for-barnehagene\\\/\",\"url\":\"https:\\\/\\\/foreldreutvalgene.no\\\/fub\\\/personvernerklaering-for-foreldreutvalget-for-barnehagene\\\/\",\"name\":\"Personvernerkl\u00e6ring - Foreldreutvalget for barnehager\",\"isPartOf\":{\"@id\":\"https:\\\/\\\/foreldreutvalgene.no\\\/fub\\\/#website\"},\"datePublished\":\"2021-08-12T17:21:02+00:00\",\"dateModified\":\"2021-09-07T07:31:25+00:00\",\"breadcrumb\":{\"@id\":\"https:\\\/\\\/foreldreutvalgene.no\\\/fub\\\/personvernerklaering-for-foreldreutvalget-for-barnehagene\\\/#breadcrumb\"},\"inLanguage\":\"nb-NO\",\"potentialAction\":[{\"@type\":\"ReadAction\",\"target\":[\"https:\\\/\\\/foreldreutvalgene.no\\\/fub\\\/personvernerklaering-for-foreldreutvalget-for-barnehagene\\\/\"]}]},{\"@type\":\"BreadcrumbList\",\"@id\":\"https:\\\/\\\/foreldreutvalgene.no\\\/fub\\\/personvernerklaering-for-foreldreutvalget-for-barnehagene\\\/#breadcrumb\",\"itemListElement\":[{\"@type\":\"ListItem\",\"position\":1,\"name\":\"Home\",\"item\":\"https:\\\/\\\/foreldreutvalgene.no\\\/fub\\\/\"},{\"@type\":\"ListItem\",\"position\":2,\"name\":\"Personvernerkl\u00e6ring\"}]},{\"@type\":\"WebSite\",\"@id\":\"https:\\\/\\\/foreldreutvalgene.no\\\/fub\\\/#website\",\"url\":\"https:\\\/\\\/foreldreutvalgene.no\\\/fub\\\/\",\"name\":\"Foreldreutvalget for barnehager\",\"description\":\"\",\"publisher\":{\"@id\":\"https:\\\/\\\/foreldreutvalgene.no\\\/fub\\\/#organization\"},\"potentialAction\":[{\"@type\":\"SearchAction\",\"target\":{\"@type\":\"EntryPoint\",\"urlTemplate\":\"https:\\\/\\\/foreldreutvalgene.no\\\/fub\\\/?s={search_term_string}\"},\"query-input\":{\"@type\":\"PropertyValueSpecification\",\"valueRequired\":true,\"valueName\":\"search_term_string\"}}],\"inLanguage\":\"nb-NO\"},{\"@type\":\"Organization\",\"@id\":\"https:\\\/\\\/foreldreutvalgene.no\\\/fub\\\/#organization\",\"name\":\"Foreldreutvalget for barnehager\",\"url\":\"https:\\\/\\\/foreldreutvalgene.no\\\/fub\\\/\",\"logo\":{\"@type\":\"ImageObject\",\"inLanguage\":\"nb-NO\",\"@id\":\"https:\\\/\\\/foreldreutvalgene.no\\\/fub\\\/#\\\/schema\\\/logo\\\/image\\\/\",\"url\":\"https:\\\/\\\/foreldreutvalgene.no\\\/fub\\\/wp-content\\\/uploads\\\/sites\\\/2\\\/2021\\\/08\\\/fublogo-footer.svg\",\"contentUrl\":\"https:\\\/\\\/foreldreutvalgene.no\\\/fub\\\/wp-content\\\/uploads\\\/sites\\\/2\\\/2021\\\/08\\\/fublogo-footer.svg\",\"width\":507,\"height\":149,\"caption\":\"Foreldreutvalget for barnehager\"},\"image\":{\"@id\":\"https:\\\/\\\/foreldreutvalgene.no\\\/fub\\\/#\\\/schema\\\/logo\\\/image\\\/\"}}]}<\/script>\n<!-- \/ Yoast SEO Premium plugin. -->","yoast_head_json":{"title":"Personvernerkl\u00e6ring - Foreldreutvalget for barnehager","robots":{"index":"index","follow":"follow","max-snippet":"max-snippet:-1","max-image-preview":"max-image-preview:large","max-video-preview":"max-video-preview:-1"},"canonical":"https:\/\/foreldreutvalgene.no\/fub\/personvernerklaering-for-foreldreutvalget-for-barnehagene\/","og_locale":"nb_NO","og_type":"article","og_title":"Personvernerkl\u00e6ring","og_description":"Foreldreutvalget for barnehagene 1. Generelt Denne personvernerkl\u00e6ringen forteller hvordan Foreldreutvalget for barnehager (FUB) og foreldreutvalget for grunnoppl\u00e6ringen (FUG) samler inn og bruker personopplysninger. Sekretariatet, ved kontorsjef, er behandlingsansvarlig for virksomhetens behandling av personopplysninger. FUB og FUG behandler alle personopplysninger som navn, adresse, telefonnummer eller annen personlig informasjon du oppgir i forbindelse med nyhetsbrev, markedsf\u00f8ring, p\u00e5meldinger, [&hellip;]","og_url":"https:\/\/foreldreutvalgene.no\/fub\/personvernerklaering-for-foreldreutvalget-for-barnehagene\/","og_site_name":"Foreldreutvalget for barnehager","article_modified_time":"2021-09-07T07:31:25+00:00","twitter_card":"summary_large_image","twitter_misc":{"Ansl. lesetid":"7 minutter"},"schema":{"@context":"https:\/\/schema.org","@graph":[{"@type":"WebPage","@id":"https:\/\/foreldreutvalgene.no\/fub\/personvernerklaering-for-foreldreutvalget-for-barnehagene\/","url":"https:\/\/foreldreutvalgene.no\/fub\/personvernerklaering-for-foreldreutvalget-for-barnehagene\/","name":"Personvernerkl\u00e6ring - Foreldreutvalget for barnehager","isPartOf":{"@id":"https:\/\/foreldreutvalgene.no\/fub\/#website"},"datePublished":"2021-08-12T17:21:02+00:00","dateModified":"2021-09-07T07:31:25+00:00","breadcrumb":{"@id":"https:\/\/foreldreutvalgene.no\/fub\/personvernerklaering-for-foreldreutvalget-for-barnehagene\/#breadcrumb"},"inLanguage":"nb-NO","potentialAction":[{"@type":"ReadAction","target":["https:\/\/foreldreutvalgene.no\/fub\/personvernerklaering-for-foreldreutvalget-for-barnehagene\/"]}]},{"@type":"BreadcrumbList","@id":"https:\/\/foreldreutvalgene.no\/fub\/personvernerklaering-for-foreldreutvalget-for-barnehagene\/#breadcrumb","itemListElement":[{"@type":"ListItem","position":1,"name":"Home","item":"https:\/\/foreldreutvalgene.no\/fub\/"},{"@type":"ListItem","position":2,"name":"Personvernerkl\u00e6ring"}]},{"@type":"WebSite","@id":"https:\/\/foreldreutvalgene.no\/fub\/#website","url":"https:\/\/foreldreutvalgene.no\/fub\/","name":"Foreldreutvalget for barnehager","description":"","publisher":{"@id":"https:\/\/foreldreutvalgene.no\/fub\/#organization"},"potentialAction":[{"@type":"SearchAction","target":{"@type":"EntryPoint","urlTemplate":"https:\/\/foreldreutvalgene.no\/fub\/?s={search_term_string}"},"query-input":{"@type":"PropertyValueSpecification","valueRequired":true,"valueName":"search_term_string"}}],"inLanguage":"nb-NO"},{"@type":"Organization","@id":"https:\/\/foreldreutvalgene.no\/fub\/#organization","name":"Foreldreutvalget for barnehager","url":"https:\/\/foreldreutvalgene.no\/fub\/","logo":{"@type":"ImageObject","inLanguage":"nb-NO","@id":"https:\/\/foreldreutvalgene.no\/fub\/#\/schema\/logo\/image\/","url":"https:\/\/foreldreutvalgene.no\/fub\/wp-content\/uploads\/sites\/2\/2021\/08\/fublogo-footer.svg","contentUrl":"https:\/\/foreldreutvalgene.no\/fub\/wp-content\/uploads\/sites\/2\/2021\/08\/fublogo-footer.svg","width":507,"height":149,"caption":"Foreldreutvalget for barnehager"},"image":{"@id":"https:\/\/foreldreutvalgene.no\/fub\/#\/schema\/logo\/image\/"}}]}},"_links":{"self":[{"href":"https:\/\/foreldreutvalgene.no\/fub\/wp-json\/wp\/v2\/pages\/1443","targetHints":{"allow":["GET"]}}],"collection":[{"href":"https:\/\/foreldreutvalgene.no\/fub\/wp-json\/wp\/v2\/pages"}],"about":[{"href":"https:\/\/foreldreutvalgene.no\/fub\/wp-json\/wp\/v2\/types\/page"}],"author":[{"embeddable":true,"href":"https:\/\/foreldreutvalgene.no\/fub\/wp-json\/wp\/v2\/users\/3"}],"replies":[{"embeddable":true,"href":"https:\/\/foreldreutvalgene.no\/fub\/wp-json\/wp\/v2\/comments?post=1443"}],"version-history":[{"count":5,"href":"https:\/\/foreldreutvalgene.no\/fub\/wp-json\/wp\/v2\/pages\/1443\/revisions"}],"predecessor-version":[{"id":1686,"href":"https:\/\/foreldreutvalgene.no\/fub\/wp-json\/wp\/v2\/pages\/1443\/revisions\/1686"}],"wp:attachment":[{"href":"https:\/\/foreldreutvalgene.no\/fub\/wp-json\/wp\/v2\/media?parent=1443"}],"curies":[{"name":"wp","href":"https:\/\/api.w.org\/{rel}","templated":true}]}}