{"id":7163,"date":"2023-10-09T14:20:30","date_gmt":"2023-10-09T12:20:30","guid":{"rendered":"https:\/\/foreldreutvalgene.no\/fub\/?post_type=note&#038;p=7163"},"modified":"2025-05-21T09:11:11","modified_gmt":"2025-05-21T07:11:11","slug":"rettleiar-om-helse-og-miljo","status":"publish","type":"note","link":"https:\/\/foreldreutvalgene.no\/fub\/notater\/rettleiar-om-helse-og-miljo\/","title":{"rendered":"Rettleiar om helse og milj\u00f8"},"content":{"rendered":"\n<figure class=\"wp-block-image is-resized is-style-rounded\"><img decoding=\"async\" src=\"https:\/\/foreldreutvalgene.no\/fug\/wp-content\/uploads\/sites\/3\/2021\/09\/Gammel-skole-1024x683.jpg\" alt=\"\" class=\"wp-image-1446\" style=\"width:744px;height:auto\" \/><\/figure>\n\n\n\n<p><em>Biletet syner eit nedslitt dusjrom p\u00e5 ein skole<\/em><\/p>\n\n\n\n<p><strong>Den nye forskrifta om helse og milj\u00f8 i barnehagar, skolar og skolefritidsordningar blei gjeldande fr\u00e5 1. juli. Form\u00e5let med forskrifta er \u00e5 medverke til at milj\u00f8et fremjar barns og elevar si helse, trivsel, leik og l\u00e6ring, samt \u00e5 f\u00f8rebyggje sjukdom, skade og alvorlege hendingar.<\/strong><\/p>\n\n\n\n<p>Rettleiaren skal fremje eins tolking og etterleving av dette regelverket. Helsedirektoratet opna for h\u00f8yring av rettleiaren samstundes som han blei tilgjengeleg p\u00e5 internett. FUB har svara p\u00e5 h\u00f8yringa saman med FUG.<\/p>\n\n\n\n<p><a href=\"https:\/\/www.helsedirektoratet.no\/veiledere\/helse-og-miljo-i-barnehager-skoler-skolefritidsordninger\">Forskrifta om helse og milj\u00f8, samt rettleiaren kan du lese p\u00e5 helsedirektoratet si side.<\/a><\/p>\n\n\n\n<h2 class=\"wp-block-heading\" id=\"h-4-sporsmal\">4 sp\u00f8rsm\u00e5l<\/h2>\n\n\n\n<p>Helsedirektoratet retta 4 sp\u00f8rsm\u00e5l til h\u00f8yringsinstansane:<\/p>\n\n\n\n<ul class=\"wp-block-list\">\n<li>om strukturen er hensiktsmessig for m\u00e5lgruppene<\/li>\n\n\n\n<li>sp\u00f8rsm\u00e5l som ikke er dekket av veiledningen<\/li>\n\n\n\n<li>om veiledningen er forst\u00e5elig<\/li>\n\n\n\n<li>hva som b\u00f8r veiledes p\u00e5 bedre<\/li>\n<\/ul>\n\n\n\n<p>FUB og FUG har hovudsakeleg uttala seg om del 3 om godkjenning, internkontroll, tilsyn og klage mv. Dette fordi dei fleste henvendingane vi f\u00e5r fr\u00e5 foreldre handlar om kva dei kan gjere dersom dei opplever at ikkje helse og milj\u00f8 er godt<br>nok sikra p\u00e5 deira skole eller barnehage.<\/p>\n\n\n\n<p><a href=\"https:\/\/foreldreutvalgene.no\/fug\/wp-content\/uploads\/sites\/3\/2024\/02\/Innspill-fra-FUG-og-FUB-til-veileder-om-helse-og-miljo-i-barnehager-skoler-og-fritidsordninger.pdf\" target=\"_blank\" rel=\"noreferrer noopener\"><\/a><\/p>\n","protected":false},"author":9,"template":"","notecategory":[14],"class_list":["post-7163","note","type-note","status-publish","hentry","notecategory-horingsnotat"],"acf":[],"yoast_head":"<!-- This site is optimized with the Yoast SEO Premium plugin v27.4 (Yoast SEO v27.4) - https:\/\/yoast.com\/product\/yoast-seo-premium-wordpress\/ -->\n<title>Rettleiar om helse og milj\u00f8 - Foreldreutvalget for barnehager<\/title>\n<meta name=\"description\" content=\"FUB og FUG har hovudsakeleg uttala seg om del 3 om godkjenning, internkontroll, tilsyn og klage mv.\" \/>\n<meta name=\"robots\" content=\"index, follow, max-snippet:-1, max-image-preview:large, max-video-preview:-1\" \/>\n<link rel=\"canonical\" href=\"https:\/\/foreldreutvalgene.no\/fub\/notater\/rettleiar-om-helse-og-miljo\/\" \/>\n<meta property=\"og:locale\" content=\"nb_NO\" \/>\n<meta property=\"og:type\" content=\"article\" \/>\n<meta property=\"og:title\" content=\"Rettleiar om helse og milj\u00f8\" \/>\n<meta property=\"og:description\" content=\"FUB og FUG har hovudsakeleg uttala seg om del 3 om godkjenning, internkontroll, tilsyn og klage mv.\" \/>\n<meta property=\"og:url\" content=\"https:\/\/foreldreutvalgene.no\/fub\/notater\/rettleiar-om-helse-og-miljo\/\" \/>\n<meta property=\"og:site_name\" content=\"Foreldreutvalget for barnehager\" \/>\n<meta property=\"article:modified_time\" content=\"2025-05-21T07:11:11+00:00\" \/>\n<meta property=\"og:image\" content=\"https:\/\/foreldreutvalgene.no\/fug\/wp-content\/uploads\/sites\/3\/2021\/09\/Gammel-skole-1024x683.jpg\" \/>\n<meta name=\"twitter:card\" content=\"summary_large_image\" \/>\n<meta name=\"twitter:label1\" content=\"Ansl. lesetid\" \/>\n\t<meta name=\"twitter:data1\" content=\"2 minutter\" \/>\n<script type=\"application\/ld+json\" class=\"yoast-schema-graph\">{\"@context\":\"https:\\\/\\\/schema.org\",\"@graph\":[{\"@type\":\"WebPage\",\"@id\":\"https:\\\/\\\/foreldreutvalgene.no\\\/fub\\\/notater\\\/rettleiar-om-helse-og-miljo\\\/\",\"url\":\"https:\\\/\\\/foreldreutvalgene.no\\\/fub\\\/notater\\\/rettleiar-om-helse-og-miljo\\\/\",\"name\":\"Rettleiar om helse og milj\u00f8 - Foreldreutvalget for barnehager\",\"isPartOf\":{\"@id\":\"https:\\\/\\\/foreldreutvalgene.no\\\/fub\\\/#website\"},\"primaryImageOfPage\":{\"@id\":\"https:\\\/\\\/foreldreutvalgene.no\\\/fub\\\/notater\\\/rettleiar-om-helse-og-miljo\\\/#primaryimage\"},\"image\":{\"@id\":\"https:\\\/\\\/foreldreutvalgene.no\\\/fub\\\/notater\\\/rettleiar-om-helse-og-miljo\\\/#primaryimage\"},\"thumbnailUrl\":\"https:\\\/\\\/foreldreutvalgene.no\\\/fug\\\/wp-content\\\/uploads\\\/sites\\\/3\\\/2021\\\/09\\\/Gammel-skole-1024x683.jpg\",\"datePublished\":\"2023-10-09T12:20:30+00:00\",\"dateModified\":\"2025-05-21T07:11:11+00:00\",\"description\":\"FUB og FUG har hovudsakeleg uttala seg om del 3 om godkjenning, internkontroll, tilsyn og klage mv.\",\"breadcrumb\":{\"@id\":\"https:\\\/\\\/foreldreutvalgene.no\\\/fub\\\/notater\\\/rettleiar-om-helse-og-miljo\\\/#breadcrumb\"},\"inLanguage\":\"nb-NO\",\"potentialAction\":[{\"@type\":\"ReadAction\",\"target\":[\"https:\\\/\\\/foreldreutvalgene.no\\\/fub\\\/notater\\\/rettleiar-om-helse-og-miljo\\\/\"]}]},{\"@type\":\"ImageObject\",\"inLanguage\":\"nb-NO\",\"@id\":\"https:\\\/\\\/foreldreutvalgene.no\\\/fub\\\/notater\\\/rettleiar-om-helse-og-miljo\\\/#primaryimage\",\"url\":\"https:\\\/\\\/foreldreutvalgene.no\\\/fug\\\/wp-content\\\/uploads\\\/sites\\\/3\\\/2021\\\/09\\\/Gammel-skole-1024x683.jpg\",\"contentUrl\":\"https:\\\/\\\/foreldreutvalgene.no\\\/fug\\\/wp-content\\\/uploads\\\/sites\\\/3\\\/2021\\\/09\\\/Gammel-skole-1024x683.jpg\"},{\"@type\":\"BreadcrumbList\",\"@id\":\"https:\\\/\\\/foreldreutvalgene.no\\\/fub\\\/notater\\\/rettleiar-om-helse-og-miljo\\\/#breadcrumb\",\"itemListElement\":[{\"@type\":\"ListItem\",\"position\":1,\"name\":\"Home\",\"item\":\"https:\\\/\\\/foreldreutvalgene.no\\\/fub\\\/\"},{\"@type\":\"ListItem\",\"position\":2,\"name\":\"Notater\",\"item\":\"https:\\\/\\\/foreldreutvalgene.no\\\/fub\\\/notater\\\/\"},{\"@type\":\"ListItem\",\"position\":3,\"name\":\"Rettleiar om helse og milj\u00f8\"}]},{\"@type\":\"WebSite\",\"@id\":\"https:\\\/\\\/foreldreutvalgene.no\\\/fub\\\/#website\",\"url\":\"https:\\\/\\\/foreldreutvalgene.no\\\/fub\\\/\",\"name\":\"Foreldreutvalget for barnehager\",\"description\":\"\",\"publisher\":{\"@id\":\"https:\\\/\\\/foreldreutvalgene.no\\\/fub\\\/#organization\"},\"potentialAction\":[{\"@type\":\"SearchAction\",\"target\":{\"@type\":\"EntryPoint\",\"urlTemplate\":\"https:\\\/\\\/foreldreutvalgene.no\\\/fub\\\/?s={search_term_string}\"},\"query-input\":{\"@type\":\"PropertyValueSpecification\",\"valueRequired\":true,\"valueName\":\"search_term_string\"}}],\"inLanguage\":\"nb-NO\"},{\"@type\":\"Organization\",\"@id\":\"https:\\\/\\\/foreldreutvalgene.no\\\/fub\\\/#organization\",\"name\":\"Foreldreutvalget for barnehager\",\"url\":\"https:\\\/\\\/foreldreutvalgene.no\\\/fub\\\/\",\"logo\":{\"@type\":\"ImageObject\",\"inLanguage\":\"nb-NO\",\"@id\":\"https:\\\/\\\/foreldreutvalgene.no\\\/fub\\\/#\\\/schema\\\/logo\\\/image\\\/\",\"url\":\"https:\\\/\\\/foreldreutvalgene.no\\\/fub\\\/wp-content\\\/uploads\\\/sites\\\/2\\\/2021\\\/08\\\/fublogo-footer.svg\",\"contentUrl\":\"https:\\\/\\\/foreldreutvalgene.no\\\/fub\\\/wp-content\\\/uploads\\\/sites\\\/2\\\/2021\\\/08\\\/fublogo-footer.svg\",\"width\":507,\"height\":149,\"caption\":\"Foreldreutvalget for barnehager\"},\"image\":{\"@id\":\"https:\\\/\\\/foreldreutvalgene.no\\\/fub\\\/#\\\/schema\\\/logo\\\/image\\\/\"}}]}<\/script>\n<!-- \/ Yoast SEO Premium plugin. -->","yoast_head_json":{"title":"Rettleiar om helse og milj\u00f8 - Foreldreutvalget for barnehager","description":"FUB og FUG har hovudsakeleg uttala seg om del 3 om godkjenning, internkontroll, tilsyn og klage mv.","robots":{"index":"index","follow":"follow","max-snippet":"max-snippet:-1","max-image-preview":"max-image-preview:large","max-video-preview":"max-video-preview:-1"},"canonical":"https:\/\/foreldreutvalgene.no\/fub\/notater\/rettleiar-om-helse-og-miljo\/","og_locale":"nb_NO","og_type":"article","og_title":"Rettleiar om helse og milj\u00f8","og_description":"FUB og FUG har hovudsakeleg uttala seg om del 3 om godkjenning, internkontroll, tilsyn og klage mv.","og_url":"https:\/\/foreldreutvalgene.no\/fub\/notater\/rettleiar-om-helse-og-miljo\/","og_site_name":"Foreldreutvalget for barnehager","article_modified_time":"2025-05-21T07:11:11+00:00","og_image":[{"url":"https:\/\/foreldreutvalgene.no\/fug\/wp-content\/uploads\/sites\/3\/2021\/09\/Gammel-skole-1024x683.jpg","type":"","width":"","height":""}],"twitter_card":"summary_large_image","twitter_misc":{"Ansl. lesetid":"2 minutter"},"schema":{"@context":"https:\/\/schema.org","@graph":[{"@type":"WebPage","@id":"https:\/\/foreldreutvalgene.no\/fub\/notater\/rettleiar-om-helse-og-miljo\/","url":"https:\/\/foreldreutvalgene.no\/fub\/notater\/rettleiar-om-helse-og-miljo\/","name":"Rettleiar om helse og milj\u00f8 - Foreldreutvalget for barnehager","isPartOf":{"@id":"https:\/\/foreldreutvalgene.no\/fub\/#website"},"primaryImageOfPage":{"@id":"https:\/\/foreldreutvalgene.no\/fub\/notater\/rettleiar-om-helse-og-miljo\/#primaryimage"},"image":{"@id":"https:\/\/foreldreutvalgene.no\/fub\/notater\/rettleiar-om-helse-og-miljo\/#primaryimage"},"thumbnailUrl":"https:\/\/foreldreutvalgene.no\/fug\/wp-content\/uploads\/sites\/3\/2021\/09\/Gammel-skole-1024x683.jpg","datePublished":"2023-10-09T12:20:30+00:00","dateModified":"2025-05-21T07:11:11+00:00","description":"FUB og FUG har hovudsakeleg uttala seg om del 3 om godkjenning, internkontroll, tilsyn og klage mv.","breadcrumb":{"@id":"https:\/\/foreldreutvalgene.no\/fub\/notater\/rettleiar-om-helse-og-miljo\/#breadcrumb"},"inLanguage":"nb-NO","potentialAction":[{"@type":"ReadAction","target":["https:\/\/foreldreutvalgene.no\/fub\/notater\/rettleiar-om-helse-og-miljo\/"]}]},{"@type":"ImageObject","inLanguage":"nb-NO","@id":"https:\/\/foreldreutvalgene.no\/fub\/notater\/rettleiar-om-helse-og-miljo\/#primaryimage","url":"https:\/\/foreldreutvalgene.no\/fug\/wp-content\/uploads\/sites\/3\/2021\/09\/Gammel-skole-1024x683.jpg","contentUrl":"https:\/\/foreldreutvalgene.no\/fug\/wp-content\/uploads\/sites\/3\/2021\/09\/Gammel-skole-1024x683.jpg"},{"@type":"BreadcrumbList","@id":"https:\/\/foreldreutvalgene.no\/fub\/notater\/rettleiar-om-helse-og-miljo\/#breadcrumb","itemListElement":[{"@type":"ListItem","position":1,"name":"Home","item":"https:\/\/foreldreutvalgene.no\/fub\/"},{"@type":"ListItem","position":2,"name":"Notater","item":"https:\/\/foreldreutvalgene.no\/fub\/notater\/"},{"@type":"ListItem","position":3,"name":"Rettleiar om helse og milj\u00f8"}]},{"@type":"WebSite","@id":"https:\/\/foreldreutvalgene.no\/fub\/#website","url":"https:\/\/foreldreutvalgene.no\/fub\/","name":"Foreldreutvalget for barnehager","description":"","publisher":{"@id":"https:\/\/foreldreutvalgene.no\/fub\/#organization"},"potentialAction":[{"@type":"SearchAction","target":{"@type":"EntryPoint","urlTemplate":"https:\/\/foreldreutvalgene.no\/fub\/?s={search_term_string}"},"query-input":{"@type":"PropertyValueSpecification","valueRequired":true,"valueName":"search_term_string"}}],"inLanguage":"nb-NO"},{"@type":"Organization","@id":"https:\/\/foreldreutvalgene.no\/fub\/#organization","name":"Foreldreutvalget for barnehager","url":"https:\/\/foreldreutvalgene.no\/fub\/","logo":{"@type":"ImageObject","inLanguage":"nb-NO","@id":"https:\/\/foreldreutvalgene.no\/fub\/#\/schema\/logo\/image\/","url":"https:\/\/foreldreutvalgene.no\/fub\/wp-content\/uploads\/sites\/2\/2021\/08\/fublogo-footer.svg","contentUrl":"https:\/\/foreldreutvalgene.no\/fub\/wp-content\/uploads\/sites\/2\/2021\/08\/fublogo-footer.svg","width":507,"height":149,"caption":"Foreldreutvalget for barnehager"},"image":{"@id":"https:\/\/foreldreutvalgene.no\/fub\/#\/schema\/logo\/image\/"}}]}},"_links":{"self":[{"href":"https:\/\/foreldreutvalgene.no\/fub\/wp-json\/wp\/v2\/note\/7163","targetHints":{"allow":["GET"]}}],"collection":[{"href":"https:\/\/foreldreutvalgene.no\/fub\/wp-json\/wp\/v2\/note"}],"about":[{"href":"https:\/\/foreldreutvalgene.no\/fub\/wp-json\/wp\/v2\/types\/note"}],"author":[{"embeddable":true,"href":"https:\/\/foreldreutvalgene.no\/fub\/wp-json\/wp\/v2\/users\/9"}],"version-history":[{"count":3,"href":"https:\/\/foreldreutvalgene.no\/fub\/wp-json\/wp\/v2\/note\/7163\/revisions"}],"predecessor-version":[{"id":8105,"href":"https:\/\/foreldreutvalgene.no\/fub\/wp-json\/wp\/v2\/note\/7163\/revisions\/8105"}],"wp:attachment":[{"href":"https:\/\/foreldreutvalgene.no\/fub\/wp-json\/wp\/v2\/media?parent=7163"}],"wp:term":[{"taxonomy":"notecategory","embeddable":true,"href":"https:\/\/foreldreutvalgene.no\/fub\/wp-json\/wp\/v2\/notecategory?post=7163"}],"curies":[{"name":"wp","href":"https:\/\/api.w.org\/{rel}","templated":true}]}}