{"id":6738,"date":"2024-01-02T12:33:42","date_gmt":"2024-01-02T11:33:42","guid":{"rendered":"https:\/\/foreldreutvalgene.no\/fub\/?post_type=employee&#038;p=6738"},"modified":"2024-04-25T12:46:10","modified_gmt":"2024-04-25T10:46:10","slug":"synne-berteussen-sandberg","status":"publish","type":"employee","link":"https:\/\/foreldreutvalgene.no\/fub\/medlemmene\/synne-berteussen-sandberg\/","title":{"rendered":"Synne Berteussen-Sandberg"},"content":{"rendered":"\n<p>Eg heiter Synne Berteussen-Sandberg, er 31 \u00e5r og bur i Austvatn, Nord-Odal, Innlandet saman med mannen min Kurt og to gutar p\u00e5 tre og seks \u00e5r. Eg vart ferdig utdanna barnehagel\u00e6rar i 2018, og jobbar som pedagogisk leiar i Sl\u00e5stad barnehage.<\/p>\n\n\n\n<p>Eg har hatt verv som leiar i FAU og SU-medlem i Mo barnehage. Eg sit i den tredje perioden min i FAU og andre periode i SU. Eg sit som klassekontakt og FAU-medlem i f\u00f8rsteklasse ved Garvik skule.<\/p>\n\n\n\n<p>Eg brenn spesielt for bemanning i barnehagen for \u00e5 skapa tryggleik og trivsel for barn, foreldre og tilsette. Eg er \u00f2g oppteken av samarbeidet mellom barnehage-heim, og korleis jobba best saman for barna.<\/p>\n\n\n\n<p>\u00c5rsaka til at eg vart nominert er nok fordi eg viser engasjement i barnehagen, og \u00f8nskjer \u00e5 samarbeida med barnehagen for \u00e5 skapa ein best mogleg kvardag for barna v\u00e5re. Eg er ikkje redd for \u00e5 sp\u00f8rja og stille kritiske sp\u00f8rsm\u00e5l viss eg er usamd eller lurer p\u00e5 noko.<\/p>\n","protected":false},"author":7,"featured_media":6903,"template":"","class_list":["post-6738","employee","type-employee","status-publish","has-post-thumbnail","hentry"],"acf":[],"yoast_head":"<!-- This site is optimized with the Yoast SEO Premium plugin v27.4 (Yoast SEO v27.4) - https:\/\/yoast.com\/product\/yoast-seo-premium-wordpress\/ -->\n<title>Synne Berteussen-Sandberg - Foreldreutvalget for barnehager<\/title>\n<meta name=\"robots\" content=\"index, follow, max-snippet:-1, max-image-preview:large, max-video-preview:-1\" \/>\n<link rel=\"canonical\" href=\"https:\/\/foreldreutvalgene.no\/fub\/medlemmene\/synne-berteussen-sandberg\/\" \/>\n<meta property=\"og:locale\" content=\"nb_NO\" \/>\n<meta property=\"og:type\" content=\"article\" \/>\n<meta property=\"og:title\" content=\"Synne Berteussen-Sandberg\" \/>\n<meta property=\"og:description\" content=\"Eg heiter Synne Berteussen-Sandberg, er 31 \u00e5r og bur i Austvatn, Nord-Odal, Innlandet saman med mannen min Kurt og to gutar p\u00e5 tre og seks \u00e5r. Eg vart ferdig utdanna barnehagel\u00e6rar i 2018, og jobbar som pedagogisk leiar i Sl\u00e5stad barnehage. Eg har hatt verv som leiar i FAU og SU-medlem i Mo barnehage. Eg [&hellip;]\" \/>\n<meta property=\"og:url\" content=\"https:\/\/foreldreutvalgene.no\/fub\/medlemmene\/synne-berteussen-sandberg\/\" \/>\n<meta property=\"og:site_name\" content=\"Foreldreutvalget for barnehager\" \/>\n<meta property=\"article:modified_time\" content=\"2024-04-25T10:46:10+00:00\" \/>\n<meta property=\"og:image\" content=\"https:\/\/foreldreutvalgene.no\/fub\/wp-content\/uploads\/sites\/2\/2024\/01\/DSC_3690-scaled.jpg\" \/>\n\t<meta property=\"og:image:width\" content=\"2048\" \/>\n\t<meta property=\"og:image:height\" content=\"2560\" \/>\n\t<meta property=\"og:image:type\" content=\"image\/jpeg\" \/>\n<meta name=\"twitter:card\" content=\"summary_large_image\" \/>\n<meta name=\"twitter:label1\" content=\"Ansl. lesetid\" \/>\n\t<meta name=\"twitter:data1\" content=\"2 minutter\" \/>\n<script type=\"application\/ld+json\" class=\"yoast-schema-graph\">{\"@context\":\"https:\\\/\\\/schema.org\",\"@graph\":[{\"@type\":[\"WebPage\",\"ProfilePage\"],\"@id\":\"https:\\\/\\\/foreldreutvalgene.no\\\/fub\\\/medlemmene\\\/synne-berteussen-sandberg\\\/\",\"url\":\"https:\\\/\\\/foreldreutvalgene.no\\\/fub\\\/medlemmene\\\/synne-berteussen-sandberg\\\/\",\"name\":\"Synne Berteussen-Sandberg - Foreldreutvalget for barnehager\",\"isPartOf\":{\"@id\":\"https:\\\/\\\/foreldreutvalgene.no\\\/fub\\\/#website\"},\"primaryImageOfPage\":{\"@id\":\"https:\\\/\\\/foreldreutvalgene.no\\\/fub\\\/medlemmene\\\/synne-berteussen-sandberg\\\/#primaryimage\"},\"image\":{\"@id\":\"https:\\\/\\\/foreldreutvalgene.no\\\/fub\\\/medlemmene\\\/synne-berteussen-sandberg\\\/#primaryimage\"},\"thumbnailUrl\":\"https:\\\/\\\/foreldreutvalgene.no\\\/fub\\\/wp-content\\\/uploads\\\/sites\\\/2\\\/2024\\\/01\\\/DSC_3690-scaled.jpg\",\"datePublished\":\"2024-01-02T11:33:42+00:00\",\"dateModified\":\"2024-04-25T10:46:10+00:00\",\"breadcrumb\":{\"@id\":\"https:\\\/\\\/foreldreutvalgene.no\\\/fub\\\/medlemmene\\\/synne-berteussen-sandberg\\\/#breadcrumb\"},\"inLanguage\":\"nb-NO\",\"potentialAction\":[{\"@type\":\"ReadAction\",\"target\":[\"https:\\\/\\\/foreldreutvalgene.no\\\/fub\\\/medlemmene\\\/synne-berteussen-sandberg\\\/\"]}]},{\"@type\":\"ImageObject\",\"inLanguage\":\"nb-NO\",\"@id\":\"https:\\\/\\\/foreldreutvalgene.no\\\/fub\\\/medlemmene\\\/synne-berteussen-sandberg\\\/#primaryimage\",\"url\":\"https:\\\/\\\/foreldreutvalgene.no\\\/fub\\\/wp-content\\\/uploads\\\/sites\\\/2\\\/2024\\\/01\\\/DSC_3690-scaled.jpg\",\"contentUrl\":\"https:\\\/\\\/foreldreutvalgene.no\\\/fub\\\/wp-content\\\/uploads\\\/sites\\\/2\\\/2024\\\/01\\\/DSC_3690-scaled.jpg\",\"width\":2048,\"height\":2560},{\"@type\":\"BreadcrumbList\",\"@id\":\"https:\\\/\\\/foreldreutvalgene.no\\\/fub\\\/medlemmene\\\/synne-berteussen-sandberg\\\/#breadcrumb\",\"itemListElement\":[{\"@type\":\"ListItem\",\"position\":1,\"name\":\"Home\",\"item\":\"https:\\\/\\\/foreldreutvalgene.no\\\/fub\\\/\"},{\"@type\":\"ListItem\",\"position\":2,\"name\":\"Ansatte\",\"item\":\"https:\\\/\\\/foreldreutvalgene.no\\\/fub\\\/medlemmene\\\/\"},{\"@type\":\"ListItem\",\"position\":3,\"name\":\"Synne Berteussen-Sandberg\"}]},{\"@type\":\"WebSite\",\"@id\":\"https:\\\/\\\/foreldreutvalgene.no\\\/fub\\\/#website\",\"url\":\"https:\\\/\\\/foreldreutvalgene.no\\\/fub\\\/\",\"name\":\"Foreldreutvalget for barnehager\",\"description\":\"\",\"publisher\":{\"@id\":\"https:\\\/\\\/foreldreutvalgene.no\\\/fub\\\/#organization\"},\"potentialAction\":[{\"@type\":\"SearchAction\",\"target\":{\"@type\":\"EntryPoint\",\"urlTemplate\":\"https:\\\/\\\/foreldreutvalgene.no\\\/fub\\\/?s={search_term_string}\"},\"query-input\":{\"@type\":\"PropertyValueSpecification\",\"valueRequired\":true,\"valueName\":\"search_term_string\"}}],\"inLanguage\":\"nb-NO\"},{\"@type\":\"Organization\",\"@id\":\"https:\\\/\\\/foreldreutvalgene.no\\\/fub\\\/#organization\",\"name\":\"Foreldreutvalget for barnehager\",\"url\":\"https:\\\/\\\/foreldreutvalgene.no\\\/fub\\\/\",\"logo\":{\"@type\":\"ImageObject\",\"inLanguage\":\"nb-NO\",\"@id\":\"https:\\\/\\\/foreldreutvalgene.no\\\/fub\\\/#\\\/schema\\\/logo\\\/image\\\/\",\"url\":\"https:\\\/\\\/foreldreutvalgene.no\\\/fub\\\/wp-content\\\/uploads\\\/sites\\\/2\\\/2021\\\/08\\\/fublogo-footer.svg\",\"contentUrl\":\"https:\\\/\\\/foreldreutvalgene.no\\\/fub\\\/wp-content\\\/uploads\\\/sites\\\/2\\\/2021\\\/08\\\/fublogo-footer.svg\",\"width\":507,\"height\":149,\"caption\":\"Foreldreutvalget for barnehager\"},\"image\":{\"@id\":\"https:\\\/\\\/foreldreutvalgene.no\\\/fub\\\/#\\\/schema\\\/logo\\\/image\\\/\"},\"mainEntityOfPage\":{\"@id\":\"https:\\\/\\\/foreldreutvalgene.no\\\/fub\\\/medlemmene\\\/synne-berteussen-sandberg\\\/\"}}]}<\/script>\n<!-- \/ Yoast SEO Premium plugin. -->","yoast_head_json":{"title":"Synne Berteussen-Sandberg - Foreldreutvalget for barnehager","robots":{"index":"index","follow":"follow","max-snippet":"max-snippet:-1","max-image-preview":"max-image-preview:large","max-video-preview":"max-video-preview:-1"},"canonical":"https:\/\/foreldreutvalgene.no\/fub\/medlemmene\/synne-berteussen-sandberg\/","og_locale":"nb_NO","og_type":"article","og_title":"Synne Berteussen-Sandberg","og_description":"Eg heiter Synne Berteussen-Sandberg, er 31 \u00e5r og bur i Austvatn, Nord-Odal, Innlandet saman med mannen min Kurt og to gutar p\u00e5 tre og seks \u00e5r. Eg vart ferdig utdanna barnehagel\u00e6rar i 2018, og jobbar som pedagogisk leiar i Sl\u00e5stad barnehage. Eg har hatt verv som leiar i FAU og SU-medlem i Mo barnehage. Eg [&hellip;]","og_url":"https:\/\/foreldreutvalgene.no\/fub\/medlemmene\/synne-berteussen-sandberg\/","og_site_name":"Foreldreutvalget for barnehager","article_modified_time":"2024-04-25T10:46:10+00:00","og_image":[{"width":2048,"height":2560,"url":"https:\/\/foreldreutvalgene.no\/fub\/wp-content\/uploads\/sites\/2\/2024\/01\/DSC_3690-scaled.jpg","type":"image\/jpeg"}],"twitter_card":"summary_large_image","twitter_misc":{"Ansl. lesetid":"2 minutter"},"schema":{"@context":"https:\/\/schema.org","@graph":[{"@type":["WebPage","ProfilePage"],"@id":"https:\/\/foreldreutvalgene.no\/fub\/medlemmene\/synne-berteussen-sandberg\/","url":"https:\/\/foreldreutvalgene.no\/fub\/medlemmene\/synne-berteussen-sandberg\/","name":"Synne Berteussen-Sandberg - Foreldreutvalget for barnehager","isPartOf":{"@id":"https:\/\/foreldreutvalgene.no\/fub\/#website"},"primaryImageOfPage":{"@id":"https:\/\/foreldreutvalgene.no\/fub\/medlemmene\/synne-berteussen-sandberg\/#primaryimage"},"image":{"@id":"https:\/\/foreldreutvalgene.no\/fub\/medlemmene\/synne-berteussen-sandberg\/#primaryimage"},"thumbnailUrl":"https:\/\/foreldreutvalgene.no\/fub\/wp-content\/uploads\/sites\/2\/2024\/01\/DSC_3690-scaled.jpg","datePublished":"2024-01-02T11:33:42+00:00","dateModified":"2024-04-25T10:46:10+00:00","breadcrumb":{"@id":"https:\/\/foreldreutvalgene.no\/fub\/medlemmene\/synne-berteussen-sandberg\/#breadcrumb"},"inLanguage":"nb-NO","potentialAction":[{"@type":"ReadAction","target":["https:\/\/foreldreutvalgene.no\/fub\/medlemmene\/synne-berteussen-sandberg\/"]}]},{"@type":"ImageObject","inLanguage":"nb-NO","@id":"https:\/\/foreldreutvalgene.no\/fub\/medlemmene\/synne-berteussen-sandberg\/#primaryimage","url":"https:\/\/foreldreutvalgene.no\/fub\/wp-content\/uploads\/sites\/2\/2024\/01\/DSC_3690-scaled.jpg","contentUrl":"https:\/\/foreldreutvalgene.no\/fub\/wp-content\/uploads\/sites\/2\/2024\/01\/DSC_3690-scaled.jpg","width":2048,"height":2560},{"@type":"BreadcrumbList","@id":"https:\/\/foreldreutvalgene.no\/fub\/medlemmene\/synne-berteussen-sandberg\/#breadcrumb","itemListElement":[{"@type":"ListItem","position":1,"name":"Home","item":"https:\/\/foreldreutvalgene.no\/fub\/"},{"@type":"ListItem","position":2,"name":"Ansatte","item":"https:\/\/foreldreutvalgene.no\/fub\/medlemmene\/"},{"@type":"ListItem","position":3,"name":"Synne Berteussen-Sandberg"}]},{"@type":"WebSite","@id":"https:\/\/foreldreutvalgene.no\/fub\/#website","url":"https:\/\/foreldreutvalgene.no\/fub\/","name":"Foreldreutvalget for barnehager","description":"","publisher":{"@id":"https:\/\/foreldreutvalgene.no\/fub\/#organization"},"potentialAction":[{"@type":"SearchAction","target":{"@type":"EntryPoint","urlTemplate":"https:\/\/foreldreutvalgene.no\/fub\/?s={search_term_string}"},"query-input":{"@type":"PropertyValueSpecification","valueRequired":true,"valueName":"search_term_string"}}],"inLanguage":"nb-NO"},{"@type":"Organization","@id":"https:\/\/foreldreutvalgene.no\/fub\/#organization","name":"Foreldreutvalget for barnehager","url":"https:\/\/foreldreutvalgene.no\/fub\/","logo":{"@type":"ImageObject","inLanguage":"nb-NO","@id":"https:\/\/foreldreutvalgene.no\/fub\/#\/schema\/logo\/image\/","url":"https:\/\/foreldreutvalgene.no\/fub\/wp-content\/uploads\/sites\/2\/2021\/08\/fublogo-footer.svg","contentUrl":"https:\/\/foreldreutvalgene.no\/fub\/wp-content\/uploads\/sites\/2\/2021\/08\/fublogo-footer.svg","width":507,"height":149,"caption":"Foreldreutvalget for barnehager"},"image":{"@id":"https:\/\/foreldreutvalgene.no\/fub\/#\/schema\/logo\/image\/"},"mainEntityOfPage":{"@id":"https:\/\/foreldreutvalgene.no\/fub\/medlemmene\/synne-berteussen-sandberg\/"}}]}},"_links":{"self":[{"href":"https:\/\/foreldreutvalgene.no\/fub\/wp-json\/wp\/v2\/employee\/6738","targetHints":{"allow":["GET"]}}],"collection":[{"href":"https:\/\/foreldreutvalgene.no\/fub\/wp-json\/wp\/v2\/employee"}],"about":[{"href":"https:\/\/foreldreutvalgene.no\/fub\/wp-json\/wp\/v2\/types\/employee"}],"author":[{"embeddable":true,"href":"https:\/\/foreldreutvalgene.no\/fub\/wp-json\/wp\/v2\/users\/7"}],"version-history":[{"count":4,"href":"https:\/\/foreldreutvalgene.no\/fub\/wp-json\/wp\/v2\/employee\/6738\/revisions"}],"predecessor-version":[{"id":7234,"href":"https:\/\/foreldreutvalgene.no\/fub\/wp-json\/wp\/v2\/employee\/6738\/revisions\/7234"}],"wp:featuredmedia":[{"embeddable":true,"href":"https:\/\/foreldreutvalgene.no\/fub\/wp-json\/wp\/v2\/media\/6903"}],"wp:attachment":[{"href":"https:\/\/foreldreutvalgene.no\/fub\/wp-json\/wp\/v2\/media?parent=6738"}],"curies":[{"name":"wp","href":"https:\/\/api.w.org\/{rel}","templated":true}]}}